{"id":4509,"date":"2021-03-25T10:18:39","date_gmt":"2021-03-25T09:18:39","guid":{"rendered":"https:\/\/www.territoriomudejar.es\/portfolio\/calatayud\/"},"modified":"2024-05-29T12:40:47","modified_gmt":"2024-05-29T10:40:47","slug":"calatayud","status":"publish","type":"portfolio","link":"https:\/\/www.territoriomudejar.es\/en\/patrimonio\/calatayud\/","title":{"rendered":"Calatayud"},"content":{"rendered":"\t\t<div data-elementor-type=\"wp-post\" data-elementor-id=\"4509\" class=\"elementor elementor-4509 elementor-2723\" data-elementor-post-type=\"portfolio\">\n\t\t\t\t\t\t<section class=\"elementor-section elementor-top-section elementor-element elementor-element-9488db5 elementor-section-height-min-height elementor-section-boxed elementor-section-height-default elementor-section-items-middle\" data-id=\"9488db5\" data-element_type=\"section\" data-e-type=\"section\" data-settings=\"{&quot;jet_parallax_layout_list&quot;:[{&quot;jet_parallax_layout_image&quot;:{&quot;url&quot;:&quot;&quot;,&quot;id&quot;:&quot;&quot;,&quot;size&quot;:&quot;&quot;},&quot;_id&quot;:&quot;85dee2f&quot;,&quot;jet_parallax_layout_image_tablet&quot;:{&quot;url&quot;:&quot;&quot;,&quot;id&quot;:&quot;&quot;,&quot;size&quot;:&quot;&quot;},&quot;jet_parallax_layout_image_mobile&quot;:{&quot;url&quot;:&quot;&quot;,&quot;id&quot;:&quot;&quot;,&quot;size&quot;:&quot;&quot;},&quot;jet_parallax_layout_speed&quot;:{&quot;unit&quot;:&quot;%&quot;,&quot;size&quot;:50,&quot;sizes&quot;:[]},&quot;jet_parallax_layout_type&quot;:&quot;scroll&quot;,&quot;jet_parallax_layout_direction&quot;:&quot;1&quot;,&quot;jet_parallax_layout_fx_direction&quot;:null,&quot;jet_parallax_layout_z_index&quot;:&quot;&quot;,&quot;jet_parallax_layout_bg_x&quot;:50,&quot;jet_parallax_layout_bg_x_tablet&quot;:&quot;&quot;,&quot;jet_parallax_layout_bg_x_mobile&quot;:&quot;&quot;,&quot;jet_parallax_layout_bg_y&quot;:50,&quot;jet_parallax_layout_bg_y_tablet&quot;:&quot;&quot;,&quot;jet_parallax_layout_bg_y_mobile&quot;:&quot;&quot;,&quot;jet_parallax_layout_bg_size&quot;:&quot;auto&quot;,&quot;jet_parallax_layout_bg_size_tablet&quot;:&quot;&quot;,&quot;jet_parallax_layout_bg_size_mobile&quot;:&quot;&quot;,&quot;jet_parallax_layout_animation_prop&quot;:&quot;transform&quot;,&quot;jet_parallax_layout_on&quot;:[&quot;desktop&quot;,&quot;tablet&quot;]}]}\">\n\t\t\t\t\t\t<div class=\"elementor-container elementor-column-gap-default\">\n\t\t\t\t\t<div class=\"elementor-column elementor-col-100 elementor-top-column elementor-element elementor-element-86818da\" data-id=\"86818da\" data-element_type=\"column\" data-e-type=\"column\">\n\t\t\t<div class=\"elementor-widget-wrap elementor-element-populated\">\n\t\t\t\t\t\t<div class=\"elementor-element elementor-element-e45e45e elementor-widget elementor-widget-jet-slider\" data-id=\"e45e45e\" data-element_type=\"widget\" data-e-type=\"widget\" data-settings=\"{&quot;slider_height&quot;:{&quot;unit&quot;:&quot;px&quot;,&quot;size&quot;:400,&quot;sizes&quot;:[]},&quot;slider_height_mobile&quot;:{&quot;unit&quot;:&quot;px&quot;,&quot;size&quot;:500,&quot;sizes&quot;:[]},&quot;slider_height_tablet&quot;:{&quot;unit&quot;:&quot;px&quot;,&quot;size&quot;:&quot;&quot;,&quot;sizes&quot;:[]}}\" data-widget_type=\"jet-slider.default\">\n\t\t\t\t<div class=\"elementor-widget-container\">\n\t\t\t\t\t<div class=\"elementor-jet-slider jet-elements\">\n<div class=\"jet-slider jet-slider__image-exact\" data-settings='{&quot;sliderWidth&quot;:1,&quot;sliderHeight&quot;:1,&quot;sliderNavigation&quot;:true,&quot;sliderNavigationIcon&quot;:&quot;jet-slider__arrow-icon-e45e45e&quot;,&quot;sliderNaviOnHover&quot;:false,&quot;sliderPagination&quot;:false,&quot;sliderAutoplay&quot;:true,&quot;sliderAutoplayDelay&quot;:5500,&quot;sliderAutoplayOnHover&quot;:&quot;pause&quot;,&quot;sliderFullScreen&quot;:false,&quot;sliderFullscreenIcon&quot;:&quot;jet-slider__fullscreen-icon-e45e45e&quot;,&quot;sliderShuffle&quot;:false,&quot;sliderLoop&quot;:true,&quot;sliderFadeMode&quot;:false,&quot;slideDistance&quot;:1,&quot;slideDuration&quot;:500,&quot;imageScaleMode&quot;:&quot;exact&quot;,&quot;thumbnails&quot;:false,&quot;thumbnailWidth&quot;:120,&quot;thumbnailHeight&quot;:80,&quot;rightToLeft&quot;:false,&quot;touchswipe&quot;:true,&quot;fractionPag&quot;:false,&quot;fractionPrefix&quot;:&quot;&quot;,&quot;fractionSeparator&quot;:&quot;\\\/&quot;,&quot;fractionSuffix&quot;:&quot;&quot;,&quot;autoSliderHeight&quot;:false}'>\n\t\n<div  class=\"slider-pro\">\n\t<div class=\"jet-slider__arrow-icon-e45e45e hidden-html\"><i aria-hidden=\"true\" class=\"fas fa-angle-left\"><\/i><\/div><div class=\"jet-slider__fullscreen-icon-e45e45e hidden-html\"><\/div>\t<div class=\"jet-slider__items sp-slides\">\n\n\n<div  class=\"jet-slider__item sp-slide elementor-repeater-item-cc61b3d\"><img decoding=\"async\" class=\"sp-image lazyload\" data-src=\"https:\/\/www.territoriomudejar.es\/wp-content\/uploads\/2019\/04\/CALATAYUD-inicio.jpg\" alt=\"CALATAYUD-inicio\" src=\"data:image\/svg+xml;base64,PHN2ZyB3aWR0aD0iMSIgaGVpZ2h0PSIxIiB4bWxucz0iaHR0cDovL3d3dy53My5vcmcvMjAwMC9zdmciPjwvc3ZnPg==\" style=\"--smush-placeholder-width: 600px; --smush-placeholder-aspect-ratio: 600\/452;\"><div class=\"jet-slider__content sp-layer \" data-position=\"centerCenter\" data-width=\"100%\" data-height=\"100%\" data-horizontal=\"0%\" data-show-transition=\"up\" data-show-duration=\"400\" data-show-delay=\"400\" >\n\t\t<div class=\"jet-slider__content-item\">\n\t\t\t<div class=\"jet-slider__content-inner\"><h5 class=\"jet-slider__title\">Monuments<\/h5><div class=\"jet-slider__desc\">THIS PROJECT PROVIDES AN UPDATED VISION OF THE MUDEJAR MONUMENTAL HERITAGE<\/div> \n\n\t\t\t\t\t\t<div class=\"jet-slider__button-wrapper\"><a class=\"elementor-button elementor-size-md jet-slider__button jet-slider__button--primary\" href=\"https:\/\/www.territoriomudejar.es\/monumentos\/\" target=\"_blank\">Visit the project<\/a>\t\t\t\t\t\t<\/div><\/div>\n\t\t<\/div>\n\t\t\t<\/div>\n<\/div>\n\n<div  class=\"jet-slider__item sp-slide elementor-repeater-item-dd278a2\"><img decoding=\"async\" class=\"sp-image lazyload\" data-src=\"https:\/\/www.territoriomudejar.es\/wp-content\/uploads\/2021\/07\/Moreri\u0301a_Calatayud-1024x682.jpg\" alt=\"Moreri\u0301a_Calatayud\" src=\"data:image\/svg+xml;base64,PHN2ZyB3aWR0aD0iMSIgaGVpZ2h0PSIxIiB4bWxucz0iaHR0cDovL3d3dy53My5vcmcvMjAwMC9zdmciPjwvc3ZnPg==\" style=\"--smush-placeholder-width: 1024px; --smush-placeholder-aspect-ratio: 1024\/682;\"><div class=\"jet-slider__content sp-layer \" data-position=\"centerCenter\" data-width=\"100%\" data-height=\"100%\" data-horizontal=\"0%\" data-show-transition=\"up\" data-show-duration=\"400\" data-show-delay=\"400\" >\n\t\t<div class=\"jet-slider__content-item\">\n\t\t\t<div class=\"jet-slider__content-inner\"><h5 class=\"jet-slider__title\">Pedagogy<\/h5><div class=\"jet-slider__desc\">SCHOOL MATERIALS TO WORK ON CULTURAL AND NATURAL HERITAGE<\/div> \n\n\t\t\t\t\t\t<div class=\"jet-slider__button-wrapper\"><a class=\"elementor-button elementor-size-md jet-slider__button jet-slider__button--primary\" href=\"https:\/\/paisaje-patrimonio-cultural-y-despoblacin-cmzgz.hub.arcgis.com\/\" target=\"_blank\" rel=\"noopener\">Visit the project<\/a>\t\t\t\t\t\t<\/div><\/div>\n\t\t<\/div>\n\t\t\t<\/div>\n<\/div>\n\n<div  class=\"jet-slider__item sp-slide elementor-repeater-item-c587e2b\"><img decoding=\"async\" class=\"sp-image lazyload\" data-src=\"https:\/\/www.territoriomudejar.es\/wp-content\/uploads\/2020\/01\/Calatayud-3018-baja-1024x683.jpg\" alt=\"Calatayud-3018-baja\" src=\"data:image\/svg+xml;base64,PHN2ZyB3aWR0aD0iMSIgaGVpZ2h0PSIxIiB4bWxucz0iaHR0cDovL3d3dy53My5vcmcvMjAwMC9zdmciPjwvc3ZnPg==\" style=\"--smush-placeholder-width: 1024px; --smush-placeholder-aspect-ratio: 1024\/683;\"><div class=\"jet-slider__content sp-layer \" data-position=\"centerCenter\" data-width=\"100%\" data-height=\"100%\" data-horizontal=\"0%\" data-show-transition=\"up\" data-show-duration=\"400\" data-show-delay=\"400\" >\n\t\t<div class=\"jet-slider__content-item\">\n\t\t\t<div class=\"jet-slider__content-inner\"><h5 class=\"jet-slider__title\">Podcast<\/h5><div class=\"jet-slider__desc\">A PODCAST THAT ENHANCES THE IMPORTANCE OF MUDEJAR ART<\/div> \n\n\t\t\t\t\t\t<div class=\"jet-slider__button-wrapper\"><a class=\"elementor-button elementor-size-md jet-slider__button jet-slider__button--primary\" href=\"https:\/\/www.territoriomudejar.es\/podcast\/\" target=\"_blank\">Listen the podcast here<\/a>\t\t\t\t\t\t<\/div><\/div>\n\t\t<\/div>\n\t\t\t<\/div>\n<\/div>\n\n<div  class=\"jet-slider__item sp-slide elementor-repeater-item-1717951\"><img decoding=\"async\" class=\"sp-image lazyload\" data-src=\"https:\/\/www.territoriomudejar.es\/wp-content\/uploads\/2020\/01\/mudetrad-zuera-1024x525.jpg\" alt=\"mudetrad-zuera\" src=\"data:image\/svg+xml;base64,PHN2ZyB3aWR0aD0iMSIgaGVpZ2h0PSIxIiB4bWxucz0iaHR0cDovL3d3dy53My5vcmcvMjAwMC9zdmciPjwvc3ZnPg==\" style=\"--smush-placeholder-width: 1024px; --smush-placeholder-aspect-ratio: 1024\/525;\"><div class=\"jet-slider__content sp-layer \" data-position=\"centerCenter\" data-width=\"100%\" data-height=\"100%\" data-horizontal=\"0%\" data-show-transition=\"up\" data-show-duration=\"400\" data-show-delay=\"400\" >\n\t\t<div class=\"jet-slider__content-item\">\n\t\t\t<div class=\"jet-slider__content-inner\"><h5 class=\"jet-slider__title\">Mudetrad Project<\/h5><div class=\"jet-slider__desc\">A PROJECT THAT HIGHLIGHTS THE TRADITIONAL ARCHITECTURE OF CALATAYUD <\/div> \n\n\t\t\t\t\t\t<div class=\"jet-slider__button-wrapper\"><a class=\"elementor-button elementor-size-md jet-slider__button jet-slider__button--primary\" href=\"https:\/\/drive.google.com\/file\/d\/1pvxw27uElDfv2DdXN21HSfoo2XEzJk1z\/view\" target=\"_blank\" rel=\"noopener\">See map of Calatayud<\/a>\t\t\t\t\t\t<\/div><\/div>\n\t\t<\/div>\n\t\t\t<\/div>\n<\/div>\n\n<div  class=\"jet-slider__item sp-slide elementor-repeater-item-8f73902\"><img decoding=\"async\" class=\"sp-image lazyload\" data-src=\"https:\/\/www.territoriomudejar.es\/wp-content\/uploads\/2022\/05\/portada-guia-didactica-1024x581.jpg\" alt=\"portada guia didactica\" src=\"data:image\/svg+xml;base64,PHN2ZyB3aWR0aD0iMSIgaGVpZ2h0PSIxIiB4bWxucz0iaHR0cDovL3d3dy53My5vcmcvMjAwMC9zdmciPjwvc3ZnPg==\" style=\"--smush-placeholder-width: 1024px; --smush-placeholder-aspect-ratio: 1024\/581;\"><div class=\"jet-slider__content sp-layer \" data-position=\"centerCenter\" data-width=\"100%\" data-height=\"100%\" data-horizontal=\"0%\" data-show-transition=\"up\" data-show-duration=\"400\" data-show-delay=\"400\" >\n\t\t<div class=\"jet-slider__content-item\">\n\t\t\t<div class=\"jet-slider__content-inner\"><h5 class=\"jet-slider__title\">Didactic Mudejar, the guide<\/h5><div class=\"jet-slider__desc\">THE GUIDE ILLUSTRATED BY DAVID GUIRAO TO HELP YOU UNDERSTAND THE MUDEJAR STYLE <\/div> \n\n\t\t\t\t\t\t<div class=\"jet-slider__button-wrapper\"><a class=\"elementor-button elementor-size-md jet-slider__button jet-slider__button--primary\" href=\"https:\/\/www.territoriomudejar.es\/wp-content\/uploads\/2024\/05\/Guia-Territorio-Mudejar-2024.pdf\">View guide<\/a>\t\t\t\t\t\t<\/div><\/div>\n\t\t<\/div>\n\t\t\t<\/div>\n<\/div>\n\n<div  class=\"jet-slider__item sp-slide elementor-repeater-item-e56482a\"><img decoding=\"async\" class=\"sp-image lazyload\" data-src=\"https:\/\/www.territoriomudejar.es\/wp-content\/uploads\/2020\/01\/Slicer-circular-general-1024x300.png\" alt=\"Imagen decorativa para Slider\" src=\"data:image\/svg+xml;base64,PHN2ZyB3aWR0aD0iMSIgaGVpZ2h0PSIxIiB4bWxucz0iaHR0cDovL3d3dy53My5vcmcvMjAwMC9zdmciPjwvc3ZnPg==\" style=\"--smush-placeholder-width: 1024px; --smush-placeholder-aspect-ratio: 1024\/300;\"><div class=\"jet-slider__content sp-layer \" data-position=\"centerCenter\" data-width=\"100%\" data-height=\"100%\" data-horizontal=\"0%\" data-show-transition=\"up\" data-show-duration=\"400\" data-show-delay=\"400\" >\n\t\t<div class=\"jet-slider__content-item\">\n\t\t\t<div class=\"jet-slider__content-inner\"><h5 class=\"jet-slider__title\">Circular from the rural school<br>Family walks<\/h5><div class=\"jet-slider__desc\">COOPERATIVE PROJECT BETWEEN RURAL DEVELOPMENT GROUPS<\/div> \n\n\t\t\t\t\t\t<div class=\"jet-slider__button-wrapper\"><a class=\"elementor-button elementor-size-md jet-slider__button jet-slider__button--primary\" href=\"https:\/\/www.territoriomudejar.es\/proyecto-circular\/\">Learn more about the project <\/a><a class=\"elementor-button elementor-size-md jet-slider__button jet-slider__button--secondary\" href=\"https:\/\/www.territoriomudejar.es\/patrimonio\/calatayud-circular\/\">Visit the town<\/a>\t\t\t\t\t\t<\/div><\/div>\n\t\t<\/div>\n\t\t\t<\/div>\n<\/div>\n\n<div  class=\"jet-slider__item sp-slide elementor-repeater-item-133025c\"><img decoding=\"async\" class=\"sp-image lazyload\" data-src=\"https:\/\/www.territoriomudejar.es\/wp-content\/uploads\/2023\/05\/El-mude\u0301jar-y-la-geometri\u0301a-euclidiana-1024x488.png\" alt=\"El mude\u0301jar y la geometri\u0301a euclidiana\" src=\"data:image\/svg+xml;base64,PHN2ZyB3aWR0aD0iMSIgaGVpZ2h0PSIxIiB4bWxucz0iaHR0cDovL3d3dy53My5vcmcvMjAwMC9zdmciPjwvc3ZnPg==\" style=\"--smush-placeholder-width: 1024px; --smush-placeholder-aspect-ratio: 1024\/488;\"><div class=\"jet-slider__content sp-layer \" data-position=\"centerCenter\" data-width=\"100%\" data-height=\"100%\" data-horizontal=\"0%\" data-show-transition=\"up\" data-show-duration=\"400\" data-show-delay=\"400\" >\n\t\t<div class=\"jet-slider__content-item\">\n\t\t\t<div class=\"jet-slider__content-inner\"><h5 class=\"jet-slider__title\">El mud\u00e9jar y la geometr\u00eda euclidiana<\/h5><div class=\"jet-slider__desc\">PLASTIC STUDY OF THE ARAGONESE MUDEJAR OF THE SPACE OF THE MUDEJAR TERRITORY<\/div> \n\n\t\t\t\t\t\t<div class=\"jet-slider__button-wrapper\"><a class=\"elementor-button elementor-size-md jet-slider__button jet-slider__button--primary\" href=\"https:\/\/www.territoriomudejar.es\/estancias-2021-el-mudejar-y-la-geometria-euclidiana-o-geometria-del-plano\/\">Visit the project<\/a>\t\t\t\t\t\t<\/div><\/div>\n\t\t<\/div>\n\t\t\t<\/div>\n<\/div>\n\n<\/div>\n<\/div>\n<\/div>\n<\/div>\t\t\t\t<\/div>\n\t\t\t\t<\/div>\n\t\t\t\t\t<\/div>\n\t\t<\/div>\n\t\t\t\t\t<\/div>\n\t\t<\/section>\n\t\t\t\t<section class=\"elementor-section elementor-top-section elementor-element elementor-element-249ad110 elementor-section-boxed elementor-section-height-default elementor-section-height-default\" data-id=\"249ad110\" data-element_type=\"section\" data-e-type=\"section\" data-settings=\"{&quot;jet_parallax_layout_list&quot;:[{&quot;jet_parallax_layout_image&quot;:{&quot;url&quot;:&quot;&quot;,&quot;id&quot;:&quot;&quot;,&quot;size&quot;:&quot;&quot;},&quot;_id&quot;:&quot;3e1d12e&quot;,&quot;jet_parallax_layout_image_tablet&quot;:{&quot;url&quot;:&quot;&quot;,&quot;id&quot;:&quot;&quot;,&quot;size&quot;:&quot;&quot;},&quot;jet_parallax_layout_image_mobile&quot;:{&quot;url&quot;:&quot;&quot;,&quot;id&quot;:&quot;&quot;,&quot;size&quot;:&quot;&quot;},&quot;jet_parallax_layout_speed&quot;:{&quot;unit&quot;:&quot;%&quot;,&quot;size&quot;:50,&quot;sizes&quot;:[]},&quot;jet_parallax_layout_type&quot;:&quot;scroll&quot;,&quot;jet_parallax_layout_direction&quot;:&quot;1&quot;,&quot;jet_parallax_layout_fx_direction&quot;:null,&quot;jet_parallax_layout_z_index&quot;:&quot;&quot;,&quot;jet_parallax_layout_bg_x&quot;:50,&quot;jet_parallax_layout_bg_x_tablet&quot;:&quot;&quot;,&quot;jet_parallax_layout_bg_x_mobile&quot;:&quot;&quot;,&quot;jet_parallax_layout_bg_y&quot;:50,&quot;jet_parallax_layout_bg_y_tablet&quot;:&quot;&quot;,&quot;jet_parallax_layout_bg_y_mobile&quot;:&quot;&quot;,&quot;jet_parallax_layout_bg_size&quot;:&quot;auto&quot;,&quot;jet_parallax_layout_bg_size_tablet&quot;:&quot;&quot;,&quot;jet_parallax_layout_bg_size_mobile&quot;:&quot;&quot;,&quot;jet_parallax_layout_animation_prop&quot;:&quot;transform&quot;,&quot;jet_parallax_layout_on&quot;:[&quot;desktop&quot;,&quot;tablet&quot;]}],&quot;background_background&quot;:&quot;classic&quot;}\">\n\t\t\t\t\t\t<div class=\"elementor-container elementor-column-gap-default\">\n\t\t\t\t\t<div class=\"elementor-column elementor-col-50 elementor-top-column elementor-element elementor-element-69487c25\" data-id=\"69487c25\" data-element_type=\"column\" data-e-type=\"column\">\n\t\t\t<div class=\"elementor-widget-wrap elementor-element-populated\">\n\t\t\t\t\t\t<div class=\"elementor-element elementor-element-45e1d56b elementor-widget elementor-widget-image\" data-id=\"45e1d56b\" data-element_type=\"widget\" data-e-type=\"widget\" data-widget_type=\"image.default\">\n\t\t\t\t<div class=\"elementor-widget-container\">\n\t\t\t\t\t\t\t\t\t\t\t\t\t\t\t<img fetchpriority=\"high\" decoding=\"async\" width=\"1125\" height=\"1500\" src=\"https:\/\/www.territoriomudejar.es\/wp-content\/uploads\/2020\/01\/calatayud-baja.jpg\" class=\"attachment-full size-full wp-image-4014\" alt=\"\" srcset=\"https:\/\/www.territoriomudejar.es\/wp-content\/uploads\/2020\/01\/calatayud-baja.jpg 1125w, https:\/\/www.territoriomudejar.es\/wp-content\/uploads\/2020\/01\/calatayud-baja-225x300.jpg 225w, https:\/\/www.territoriomudejar.es\/wp-content\/uploads\/2020\/01\/calatayud-baja-768x1024.jpg 768w\" sizes=\"(max-width: 1125px) 100vw, 1125px\" \/>\t\t\t\t\t\t\t\t\t\t\t\t\t\t\t<\/div>\n\t\t\t\t<\/div>\n\t\t\t\t\t<\/div>\n\t\t<\/div>\n\t\t\t\t<div class=\"elementor-column elementor-col-50 elementor-top-column elementor-element elementor-element-4a6768ef\" data-id=\"4a6768ef\" data-element_type=\"column\" data-e-type=\"column\">\n\t\t\t<div class=\"elementor-widget-wrap elementor-element-populated\">\n\t\t\t\t\t\t<div class=\"elementor-element elementor-element-2da81bf elementor-widget elementor-widget-heading\" data-id=\"2da81bf\" data-element_type=\"widget\" data-e-type=\"widget\" data-widget_type=\"heading.default\">\n\t\t\t\t<div class=\"elementor-widget-container\">\n\t\t\t\t\t<h2 class=\"elementor-heading-title elementor-size-default\">Ayyub Castle<\/h2>\t\t\t\t<\/div>\n\t\t\t\t<\/div>\n\t\t\t\t<div class=\"elementor-element elementor-element-4867b1ab elementor-hidden-mobile elementor-widget elementor-widget-text-editor\" data-id=\"4867b1ab\" data-element_type=\"widget\" data-e-type=\"widget\" data-widget_type=\"text-editor.default\">\n\t\t\t\t<div class=\"elementor-widget-container\">\n\t\t\t\t\t\t\t\t\t<p>It is the most important of the towns founded in the Jal\u00f3n valley thanks to its strategic situation as a crossroads for communication routes and its privileged natural location.<\/p>\n<p>The Roman B\u00edlbilis, located some six kilometres from the city, was the first large city in the area, although settlement on the riverbank is documented as far back as the Celtiberian period, where the Muslim foundation took place and where the most important fortified complex of the medieval period was built, with not only an impregnable natural enclave, but also the spectacular defensive construction &#8211; whose toponym &#8220;castle of Ayyub&#8221; means &#8220;Job&#8217;s fortress&#8221; and from which the present city takes its name. The earliest records in Arabic sources date from the emirate of Muhammad I, between 852 and 886, when the fortress was transformed into a city. This documented fact will determine the characterisation of the defensive enclave defined by five castles (Do\u00f1a Martina, La Pe\u00f1a, La Torre Mocha, El Mayor and El Real) and long stretches of walls that protected both the inhabited farmhouse and areas of countryside and orchards that are currently built up.<\/p>\n<p>After the Christian reconquest in 1120, the Christian city began to flourish, and in a short time it began to build, in a beautifully Muslim urban layout, a good number of civil and religious buildings in which the main style was Mudejar, conserving areas with an unquestionable Muslim and Jewish flavour, in the areas known as the <em>Morer\u00eda<\/em> and the <em>Juder\u00eda<\/em>.<\/p>\n\t\t\t\t\t\t\t\t<\/div>\n\t\t\t\t<\/div>\n\t\t\t\t<div class=\"elementor-element elementor-element-7f6d1ee elementor-hidden-desktop elementor-hidden-tablet elementor-widget elementor-widget-text-editor\" data-id=\"7f6d1ee\" data-element_type=\"widget\" data-e-type=\"widget\" data-widget_type=\"text-editor.default\">\n\t\t\t\t<div class=\"elementor-widget-container\">\n\t\t\t\t\t\t\t\t\t<p>It is the most important of the towns founded in the Jal\u00f3n valley thanks to its strategic situation as a crossroads for communication routes and its privileged natural location.<\/p>\n\t\t\t\t\t\t\t\t<\/div>\n\t\t\t\t<\/div>\n\t\t\t\t<div class=\"elementor-element elementor-element-784a9da elementor-hidden-desktop elementor-hidden-tablet elementor-widget elementor-widget-toggle\" data-id=\"784a9da\" data-element_type=\"widget\" data-e-type=\"widget\" data-widget_type=\"toggle.default\">\n\t\t\t\t<div class=\"elementor-widget-container\">\n\t\t\t\t\t\t\t<div class=\"elementor-toggle\">\n\t\t\t\t\t\t\t<div class=\"elementor-toggle-item\">\n\t\t\t\t\t<div id=\"elementor-tab-title-1261\" class=\"elementor-tab-title\" data-tab=\"1\" role=\"button\" aria-controls=\"elementor-tab-content-1261\" aria-expanded=\"false\">\n\t\t\t\t\t\t\t\t\t\t\t\t<span class=\"elementor-toggle-icon elementor-toggle-icon-left\" aria-hidden=\"true\">\n\t\t\t\t\t\t\t\t\t\t\t\t\t\t\t<span class=\"elementor-toggle-icon-closed\"><i class=\"fas fa-caret-down\"><\/i><\/span>\n\t\t\t\t\t\t\t\t<span class=\"elementor-toggle-icon-opened\"><i class=\"elementor-toggle-icon-opened fas fa-caret-up\"><\/i><\/span>\n\t\t\t\t\t\t\t\t\t\t\t\t\t<\/span>\n\t\t\t\t\t\t\t\t\t\t\t\t<a class=\"elementor-toggle-title\" tabindex=\"0\">Read more<\/a>\n\t\t\t\t\t<\/div>\n\n\t\t\t\t\t<div id=\"elementor-tab-content-1261\" class=\"elementor-tab-content elementor-clearfix\" data-tab=\"1\" role=\"region\" aria-labelledby=\"elementor-tab-title-1261\"><p>The Roman B\u00edlbilis, located some six kilometres from the city, was the first large city in the area, although settlement on the riverbank is documented as far back as the Celtiberian period, where the Muslim foundation took place and where the most important fortified complex of the medieval period was built, with not only an impregnable natural enclave, but also the spectacular defensive construction &#8211; whose toponym &#8220;castle of Ayyub&#8221; means &#8220;Job&#8217;s fortress&#8221; and from which the present city takes its name. The earliest records in Arabic sources date from the emirate of Muhammad I, between 852 and 886, when the fortress was transformed into a city. This documented fact will determine the characterisation of the defensive enclave defined by five castles (Do\u00f1a Martina, La Pe\u00f1a, La Torre Mocha, El Mayor and El Real) and long stretches of walls that protected both the inhabited farmhouse and areas of countryside and orchards that are currently built up.<\/p>\n<p>After the Christian reconquest in 1120, the Christian city began to flourish, and in a short time it began to build, in a beautifully Muslim urban layout, a good number of civil and religious buildings in which the main style was Mudejar, conserving areas with an unquestionable Muslim and Jewish flavour, in the areas known as the <em>Morer\u00eda<\/em> and the <em>Juder\u00eda<\/em>.<\/p>\n<\/div>\n\t\t\t\t<\/div>\n\t\t\t\t\t\t\t\t<\/div>\n\t\t\t\t\t\t<\/div>\n\t\t\t\t<\/div>\n\t\t\t\t\t<\/div>\n\t\t<\/div>\n\t\t\t\t\t<\/div>\n\t\t<\/section>\n\t\t\t\t<section class=\"elementor-section elementor-top-section elementor-element elementor-element-660895f5 elementor-section-boxed elementor-section-height-default elementor-section-height-default\" data-id=\"660895f5\" data-element_type=\"section\" data-e-type=\"section\" data-settings=\"{&quot;jet_parallax_layout_list&quot;:[{&quot;jet_parallax_layout_image&quot;:{&quot;url&quot;:&quot;&quot;,&quot;id&quot;:&quot;&quot;,&quot;size&quot;:&quot;&quot;},&quot;_id&quot;:&quot;f408453&quot;,&quot;jet_parallax_layout_image_tablet&quot;:{&quot;url&quot;:&quot;&quot;,&quot;id&quot;:&quot;&quot;,&quot;size&quot;:&quot;&quot;},&quot;jet_parallax_layout_image_mobile&quot;:{&quot;url&quot;:&quot;&quot;,&quot;id&quot;:&quot;&quot;,&quot;size&quot;:&quot;&quot;},&quot;jet_parallax_layout_speed&quot;:{&quot;unit&quot;:&quot;%&quot;,&quot;size&quot;:50,&quot;sizes&quot;:[]},&quot;jet_parallax_layout_type&quot;:&quot;scroll&quot;,&quot;jet_parallax_layout_direction&quot;:&quot;1&quot;,&quot;jet_parallax_layout_fx_direction&quot;:null,&quot;jet_parallax_layout_z_index&quot;:&quot;&quot;,&quot;jet_parallax_layout_bg_x&quot;:50,&quot;jet_parallax_layout_bg_x_tablet&quot;:&quot;&quot;,&quot;jet_parallax_layout_bg_x_mobile&quot;:&quot;&quot;,&quot;jet_parallax_layout_bg_y&quot;:50,&quot;jet_parallax_layout_bg_y_tablet&quot;:&quot;&quot;,&quot;jet_parallax_layout_bg_y_mobile&quot;:&quot;&quot;,&quot;jet_parallax_layout_bg_size&quot;:&quot;auto&quot;,&quot;jet_parallax_layout_bg_size_tablet&quot;:&quot;&quot;,&quot;jet_parallax_layout_bg_size_mobile&quot;:&quot;&quot;,&quot;jet_parallax_layout_animation_prop&quot;:&quot;transform&quot;,&quot;jet_parallax_layout_on&quot;:[&quot;desktop&quot;,&quot;tablet&quot;]}]}\">\n\t\t\t\t\t\t<div class=\"elementor-container elementor-column-gap-wider\">\n\t\t\t\t\t<div class=\"elementor-column elementor-col-100 elementor-top-column elementor-element elementor-element-4c923d3e\" data-id=\"4c923d3e\" data-element_type=\"column\" data-e-type=\"column\">\n\t\t\t<div class=\"elementor-widget-wrap elementor-element-populated\">\n\t\t\t\t\t\t<div class=\"elementor-element elementor-element-1af15ea6 elementor-widget elementor-widget-image-gallery\" data-id=\"1af15ea6\" data-element_type=\"widget\" data-e-type=\"widget\" data-widget_type=\"image-gallery.default\">\n\t\t\t\t<div class=\"elementor-widget-container\">\n\t\t\t\t\t\t\t<div class=\"elementor-image-gallery\">\n\t\t\t<div id='gallery-1' class='gallery galleryid-4509 gallery-columns-6 gallery-size-thumbnail'><figure class='gallery-item'>\n\t\t\t<div class='gallery-icon portrait'>\n\t\t\t\t<a data-elementor-open-lightbox=\"yes\" data-elementor-lightbox-slideshow=\"1af15ea6\" data-elementor-lightbox-title=\"Calatayud-W2\" data-e-action-hash=\"#elementor-action%3Aaction%3Dlightbox%26settings%3DeyJpZCI6NDE1OCwidXJsIjoiaHR0cHM6XC9cL3d3dy50ZXJyaXRvcmlvbXVkZWphci5lc1wvd3AtY29udGVudFwvdXBsb2Fkc1wvMjAyMFwvMDVcL0NhbGF0YXl1ZC1XMi5qcGciLCJzbGlkZXNob3ciOiIxYWYxNWVhNiJ9\" href=\"https:\/\/www.territoriomudejar.es\/wp-content\/uploads\/2020\/05\/Calatayud-W2.jpg\"><img decoding=\"async\" width=\"150\" height=\"150\" data-src=\"https:\/\/www.territoriomudejar.es\/wp-content\/uploads\/2020\/05\/Calatayud-W2-150x150.jpg\" class=\"attachment-thumbnail size-thumbnail lazyload\" alt=\"\" data-srcset=\"https:\/\/www.territoriomudejar.es\/wp-content\/uploads\/2020\/05\/Calatayud-W2-150x150.jpg 150w, https:\/\/www.territoriomudejar.es\/wp-content\/uploads\/2020\/05\/Calatayud-W2-500x500.jpg 500w\" data-sizes=\"(max-width: 150px) 100vw, 150px\" src=\"data:image\/svg+xml;base64,PHN2ZyB3aWR0aD0iMSIgaGVpZ2h0PSIxIiB4bWxucz0iaHR0cDovL3d3dy53My5vcmcvMjAwMC9zdmciPjwvc3ZnPg==\" style=\"--smush-placeholder-width: 150px; --smush-placeholder-aspect-ratio: 150\/150;\" \/><\/a>\n\t\t\t<\/div><\/figure><figure class='gallery-item'>\n\t\t\t<div class='gallery-icon landscape'>\n\t\t\t\t<a data-elementor-open-lightbox=\"yes\" data-elementor-lightbox-slideshow=\"1af15ea6\" data-elementor-lightbox-title=\"Calatayud-baja 3\" data-e-action-hash=\"#elementor-action%3Aaction%3Dlightbox%26settings%3DeyJpZCI6NDAxMiwidXJsIjoiaHR0cHM6XC9cL3d3dy50ZXJyaXRvcmlvbXVkZWphci5lc1wvd3AtY29udGVudFwvdXBsb2Fkc1wvMjAyMFwvMDFcL0NhbGF0YXl1ZC1iYWphLTMuanBnIiwic2xpZGVzaG93IjoiMWFmMTVlYTYifQ%3D%3D\" href=\"https:\/\/www.territoriomudejar.es\/wp-content\/uploads\/2020\/01\/Calatayud-baja-3.jpg\"><img decoding=\"async\" width=\"150\" height=\"150\" data-src=\"https:\/\/www.territoriomudejar.es\/wp-content\/uploads\/2020\/01\/Calatayud-baja-3-150x150.jpg\" class=\"attachment-thumbnail size-thumbnail lazyload\" alt=\"\" data-srcset=\"https:\/\/www.territoriomudejar.es\/wp-content\/uploads\/2020\/01\/Calatayud-baja-3-150x150.jpg 150w, https:\/\/www.territoriomudejar.es\/wp-content\/uploads\/2020\/01\/Calatayud-baja-3-500x500.jpg 500w\" data-sizes=\"(max-width: 150px) 100vw, 150px\" src=\"data:image\/svg+xml;base64,PHN2ZyB3aWR0aD0iMSIgaGVpZ2h0PSIxIiB4bWxucz0iaHR0cDovL3d3dy53My5vcmcvMjAwMC9zdmciPjwvc3ZnPg==\" style=\"--smush-placeholder-width: 150px; --smush-placeholder-aspect-ratio: 150\/150;\" \/><\/a>\n\t\t\t<\/div><\/figure><figure class='gallery-item'>\n\t\t\t<div class='gallery-icon landscape'>\n\t\t\t\t<a data-elementor-open-lightbox=\"yes\" data-elementor-lightbox-slideshow=\"1af15ea6\" data-elementor-lightbox-title=\"Calatayud-baja 2\" data-e-action-hash=\"#elementor-action%3Aaction%3Dlightbox%26settings%3DeyJpZCI6NDAxMSwidXJsIjoiaHR0cHM6XC9cL3d3dy50ZXJyaXRvcmlvbXVkZWphci5lc1wvd3AtY29udGVudFwvdXBsb2Fkc1wvMjAyMFwvMDFcL0NhbGF0YXl1ZC1iYWphLTIuanBnIiwic2xpZGVzaG93IjoiMWFmMTVlYTYifQ%3D%3D\" href=\"https:\/\/www.territoriomudejar.es\/wp-content\/uploads\/2020\/01\/Calatayud-baja-2.jpg\"><img decoding=\"async\" width=\"150\" height=\"150\" data-src=\"https:\/\/www.territoriomudejar.es\/wp-content\/uploads\/2020\/01\/Calatayud-baja-2-150x150.jpg\" class=\"attachment-thumbnail size-thumbnail lazyload\" alt=\"\" data-srcset=\"https:\/\/www.territoriomudejar.es\/wp-content\/uploads\/2020\/01\/Calatayud-baja-2-150x150.jpg 150w, https:\/\/www.territoriomudejar.es\/wp-content\/uploads\/2020\/01\/Calatayud-baja-2-500x500.jpg 500w\" data-sizes=\"(max-width: 150px) 100vw, 150px\" src=\"data:image\/svg+xml;base64,PHN2ZyB3aWR0aD0iMSIgaGVpZ2h0PSIxIiB4bWxucz0iaHR0cDovL3d3dy53My5vcmcvMjAwMC9zdmciPjwvc3ZnPg==\" style=\"--smush-placeholder-width: 150px; --smush-placeholder-aspect-ratio: 150\/150;\" \/><\/a>\n\t\t\t<\/div><\/figure><figure class='gallery-item'>\n\t\t\t<div class='gallery-icon portrait'>\n\t\t\t\t<a data-elementor-open-lightbox=\"yes\" data-elementor-lightbox-slideshow=\"1af15ea6\" data-elementor-lightbox-title=\"Calatayud W1\" data-e-action-hash=\"#elementor-action%3Aaction%3Dlightbox%26settings%3DeyJpZCI6NDE1NiwidXJsIjoiaHR0cHM6XC9cL3d3dy50ZXJyaXRvcmlvbXVkZWphci5lc1wvd3AtY29udGVudFwvdXBsb2Fkc1wvMjAyMFwvMDVcL0NhbGF0YXl1ZC1XMS5qcGciLCJzbGlkZXNob3ciOiIxYWYxNWVhNiJ9\" href=\"https:\/\/www.territoriomudejar.es\/wp-content\/uploads\/2020\/05\/Calatayud-W1.jpg\"><img decoding=\"async\" width=\"150\" height=\"150\" data-src=\"https:\/\/www.territoriomudejar.es\/wp-content\/uploads\/2020\/05\/Calatayud-W1-150x150.jpg\" class=\"attachment-thumbnail size-thumbnail lazyload\" alt=\"\" data-srcset=\"https:\/\/www.territoriomudejar.es\/wp-content\/uploads\/2020\/05\/Calatayud-W1-150x150.jpg 150w, https:\/\/www.territoriomudejar.es\/wp-content\/uploads\/2020\/05\/Calatayud-W1-500x500.jpg 500w\" data-sizes=\"(max-width: 150px) 100vw, 150px\" src=\"data:image\/svg+xml;base64,PHN2ZyB3aWR0aD0iMSIgaGVpZ2h0PSIxIiB4bWxucz0iaHR0cDovL3d3dy53My5vcmcvMjAwMC9zdmciPjwvc3ZnPg==\" style=\"--smush-placeholder-width: 150px; --smush-placeholder-aspect-ratio: 150\/150;\" \/><\/a>\n\t\t\t<\/div><\/figure><figure class='gallery-item'>\n\t\t\t<div class='gallery-icon portrait'>\n\t\t\t\t<a data-elementor-open-lightbox=\"yes\" data-elementor-lightbox-slideshow=\"1af15ea6\" data-elementor-lightbox-title=\"Calatayud-W3\" data-e-action-hash=\"#elementor-action%3Aaction%3Dlightbox%26settings%3DeyJpZCI6NDE1OSwidXJsIjoiaHR0cHM6XC9cL3d3dy50ZXJyaXRvcmlvbXVkZWphci5lc1wvd3AtY29udGVudFwvdXBsb2Fkc1wvMjAyMFwvMDVcL0NhbGF0YXl1ZC1XMy5qcGciLCJzbGlkZXNob3ciOiIxYWYxNWVhNiJ9\" href=\"https:\/\/www.territoriomudejar.es\/wp-content\/uploads\/2020\/05\/Calatayud-W3.jpg\"><img decoding=\"async\" width=\"150\" height=\"150\" data-src=\"https:\/\/www.territoriomudejar.es\/wp-content\/uploads\/2020\/05\/Calatayud-W3-150x150.jpg\" class=\"attachment-thumbnail size-thumbnail lazyload\" alt=\"\" data-srcset=\"https:\/\/www.territoriomudejar.es\/wp-content\/uploads\/2020\/05\/Calatayud-W3-150x150.jpg 150w, https:\/\/www.territoriomudejar.es\/wp-content\/uploads\/2020\/05\/Calatayud-W3-500x500.jpg 500w\" data-sizes=\"(max-width: 150px) 100vw, 150px\" src=\"data:image\/svg+xml;base64,PHN2ZyB3aWR0aD0iMSIgaGVpZ2h0PSIxIiB4bWxucz0iaHR0cDovL3d3dy53My5vcmcvMjAwMC9zdmciPjwvc3ZnPg==\" style=\"--smush-placeholder-width: 150px; --smush-placeholder-aspect-ratio: 150\/150;\" \/><\/a>\n\t\t\t<\/div><\/figure><figure class='gallery-item'>\n\t\t\t<div class='gallery-icon landscape'>\n\t\t\t\t<a data-elementor-open-lightbox=\"yes\" data-elementor-lightbox-slideshow=\"1af15ea6\" data-elementor-lightbox-title=\"calatayud-san-pedro-abside\" data-e-action-hash=\"#elementor-action%3Aaction%3Dlightbox%26settings%3DeyJpZCI6MzY2NiwidXJsIjoiaHR0cHM6XC9cL3d3dy50ZXJyaXRvcmlvbXVkZWphci5lc1wvd3AtY29udGVudFwvdXBsb2Fkc1wvMjAxOVwvMDRcL2NhbGF0YXl1ZC1zYW4tcGVkcm8tYWJzaWRlLmpwZyIsInNsaWRlc2hvdyI6IjFhZjE1ZWE2In0%3D\" href=\"https:\/\/www.territoriomudejar.es\/wp-content\/uploads\/2019\/04\/calatayud-san-pedro-abside.jpg\"><img decoding=\"async\" width=\"150\" height=\"150\" data-src=\"https:\/\/www.territoriomudejar.es\/wp-content\/uploads\/2019\/04\/calatayud-san-pedro-abside-150x150.jpg\" class=\"attachment-thumbnail size-thumbnail lazyload\" alt=\"\" aria-describedby=\"gallery-1-3666\" src=\"data:image\/svg+xml;base64,PHN2ZyB3aWR0aD0iMSIgaGVpZ2h0PSIxIiB4bWxucz0iaHR0cDovL3d3dy53My5vcmcvMjAwMC9zdmciPjwvc3ZnPg==\" style=\"--smush-placeholder-width: 150px; --smush-placeholder-aspect-ratio: 150\/150;\" \/><\/a>\n\t\t\t<\/div>\n\t\t\t\t<figcaption class='wp-caption-text gallery-caption' id='gallery-1-3666'>\n\t\t\t\tCalatayud\n\t\t\t\t<\/figcaption><\/figure>\n\t\t<\/div>\n\t\t<\/div>\n\t\t\t\t\t\t<\/div>\n\t\t\t\t<\/div>\n\t\t\t\t\t<\/div>\n\t\t<\/div>\n\t\t\t\t\t<\/div>\n\t\t<\/section>\n\t\t\t\t<section class=\"elementor-section elementor-top-section elementor-element elementor-element-4f4534af elementor-section-boxed elementor-section-height-default elementor-section-height-default\" data-id=\"4f4534af\" data-element_type=\"section\" data-e-type=\"section\" data-settings=\"{&quot;jet_parallax_layout_list&quot;:[{&quot;jet_parallax_layout_image&quot;:{&quot;url&quot;:&quot;&quot;,&quot;id&quot;:&quot;&quot;,&quot;size&quot;:&quot;&quot;},&quot;_id&quot;:&quot;c77294e&quot;,&quot;jet_parallax_layout_image_tablet&quot;:{&quot;url&quot;:&quot;&quot;,&quot;id&quot;:&quot;&quot;,&quot;size&quot;:&quot;&quot;},&quot;jet_parallax_layout_image_mobile&quot;:{&quot;url&quot;:&quot;&quot;,&quot;id&quot;:&quot;&quot;,&quot;size&quot;:&quot;&quot;},&quot;jet_parallax_layout_speed&quot;:{&quot;unit&quot;:&quot;%&quot;,&quot;size&quot;:50,&quot;sizes&quot;:[]},&quot;jet_parallax_layout_type&quot;:&quot;scroll&quot;,&quot;jet_parallax_layout_direction&quot;:&quot;1&quot;,&quot;jet_parallax_layout_fx_direction&quot;:null,&quot;jet_parallax_layout_z_index&quot;:&quot;&quot;,&quot;jet_parallax_layout_bg_x&quot;:50,&quot;jet_parallax_layout_bg_x_tablet&quot;:&quot;&quot;,&quot;jet_parallax_layout_bg_x_mobile&quot;:&quot;&quot;,&quot;jet_parallax_layout_bg_y&quot;:50,&quot;jet_parallax_layout_bg_y_tablet&quot;:&quot;&quot;,&quot;jet_parallax_layout_bg_y_mobile&quot;:&quot;&quot;,&quot;jet_parallax_layout_bg_size&quot;:&quot;auto&quot;,&quot;jet_parallax_layout_bg_size_tablet&quot;:&quot;&quot;,&quot;jet_parallax_layout_bg_size_mobile&quot;:&quot;&quot;,&quot;jet_parallax_layout_animation_prop&quot;:&quot;transform&quot;,&quot;jet_parallax_layout_on&quot;:[&quot;desktop&quot;,&quot;tablet&quot;]}]}\">\n\t\t\t\t\t\t<div class=\"elementor-container elementor-column-gap-wider\">\n\t\t\t\t\t<div class=\"elementor-column elementor-col-66 elementor-top-column elementor-element elementor-element-38a6e1d9\" data-id=\"38a6e1d9\" data-element_type=\"column\" data-e-type=\"column\">\n\t\t\t<div class=\"elementor-widget-wrap elementor-element-populated\">\n\t\t\t\t\t\t<div class=\"elementor-element elementor-element-12ba2070 elementor-widget elementor-widget-heading\" data-id=\"12ba2070\" data-element_type=\"widget\" data-e-type=\"widget\" data-widget_type=\"heading.default\">\n\t\t\t\t<div class=\"elementor-widget-container\">\n\t\t\t\t\t<h2 class=\"elementor-heading-title elementor-size-default\">The Mudejar of Calatayud as a disseminating nucleus<br>UNESCO World Heritage 2001 <\/h2>\t\t\t\t<\/div>\n\t\t\t\t<\/div>\n\t\t\t\t<div class=\"elementor-element elementor-element-57a7aa9b elementor-hidden-mobile elementor-widget elementor-widget-text-editor\" data-id=\"57a7aa9b\" data-element_type=\"widget\" data-e-type=\"widget\" data-widget_type=\"text-editor.default\">\n\t\t\t\t<div class=\"elementor-widget-container\">\n\t\t\t\t\t\t\t\t\t<p>The undeniable defensive character of the city shares the limelight with the imposing Mudejar heritage of the city, a style that burst into the city with force during the first half of the 14th century and whose main exponent is the collegiate church of Santa Mar\u00eda, declared a UNESCO World Heritage Site in 2001.<\/p>\n<p>The Collegiate Church of Santa Mar\u00eda la Mayor combines Mudejar, Renaissance and Baroque elements as a result of its long history, which dates back to the years of the conquest of the city by Alfonso I. According to the work of Professor Gonzalo M. Borr\u00e1s Gualis, the ensemble formed by the cloister, the apse and the lower part of the bell tower constitute the oldest monumental part of the present collegiate church; they were built in the same construction period, between 1402 and 1412, and are linked to the patronage of Pope Benedict XIII, known as the <em>Papa Luna<\/em> and to the technical direction of its master builder Muhammad Rami. This tower, the result of several phases of construction from the beginning of the 15th century to the 18th century, stands at more than 70 metres high and is the tallest of all the remaining towers in Aragon.<\/p>\n<p>Alongside Santa Mar\u00eda, the city preserves a monumental ensemble which, in each of its examples, shows us the history of the city and its powerful historical position. The religious buildings of San Andr\u00e9s, San Pedro de los Francos, Nuestra Se\u00f1ora de la Pe\u00f1a, the collegiate church of Santo Sepulcro or San Juan el Real stand in a hamlet with a simple layout but with imposing palace-houses, interesting urban elements such as the Ocho Ca\u00f1os fountain and the Puerta de Terrer.<\/p>\n<p>Time has turned the city into a perfect combination of history and modernity thanks to the conservation of such attractive places as the Convento de los Dominicos, the Hospeder\u00eda del Pilar, the Arco de San Miguel or the Mes\u00f3n de la Dolores.<\/p>\n\t\t\t\t\t\t\t\t<\/div>\n\t\t\t\t<\/div>\n\t\t\t\t<div class=\"elementor-element elementor-element-5e87503 elementor-hidden-desktop elementor-hidden-tablet elementor-widget elementor-widget-text-editor\" data-id=\"5e87503\" data-element_type=\"widget\" data-e-type=\"widget\" data-widget_type=\"text-editor.default\">\n\t\t\t\t<div class=\"elementor-widget-container\">\n\t\t\t\t\t\t\t\t\t<p>The undeniable defensive character of the city shares the limelight with the imposing Mudejar heritage of the city, a style that burst into the city with force during the first half of the 14th century and whose main exponent is the collegiate church of Santa Mar\u00eda, declared a UNESCO World Heritage Site in 2001.<\/p>\n\t\t\t\t\t\t\t\t<\/div>\n\t\t\t\t<\/div>\n\t\t\t\t<div class=\"elementor-element elementor-element-a17a837 elementor-hidden-desktop elementor-hidden-tablet elementor-widget elementor-widget-toggle\" data-id=\"a17a837\" data-element_type=\"widget\" data-e-type=\"widget\" data-widget_type=\"toggle.default\">\n\t\t\t\t<div class=\"elementor-widget-container\">\n\t\t\t\t\t\t\t<div class=\"elementor-toggle\">\n\t\t\t\t\t\t\t<div class=\"elementor-toggle-item\">\n\t\t\t\t\t<div id=\"elementor-tab-title-1691\" class=\"elementor-tab-title\" data-tab=\"1\" role=\"button\" aria-controls=\"elementor-tab-content-1691\" aria-expanded=\"false\">\n\t\t\t\t\t\t\t\t\t\t\t\t<span class=\"elementor-toggle-icon elementor-toggle-icon-left\" aria-hidden=\"true\">\n\t\t\t\t\t\t\t\t\t\t\t\t\t\t\t<span class=\"elementor-toggle-icon-closed\"><i class=\"fas fa-caret-down\"><\/i><\/span>\n\t\t\t\t\t\t\t\t<span class=\"elementor-toggle-icon-opened\"><i class=\"elementor-toggle-icon-opened fas fa-caret-up\"><\/i><\/span>\n\t\t\t\t\t\t\t\t\t\t\t\t\t<\/span>\n\t\t\t\t\t\t\t\t\t\t\t\t<a class=\"elementor-toggle-title\" tabindex=\"0\">Read more<\/a>\n\t\t\t\t\t<\/div>\n\n\t\t\t\t\t<div id=\"elementor-tab-content-1691\" class=\"elementor-tab-content elementor-clearfix\" data-tab=\"1\" role=\"region\" aria-labelledby=\"elementor-tab-title-1691\"><p>The Collegiate Church of Santa Mar\u00eda la Mayor combines Mudejar, Renaissance and Baroque elements as a result of its long history, which dates back to the years of the conquest of the city by Alfonso I. According to the work of Professor Gonzalo M. Borr\u00e1s Gualis, the ensemble formed by the cloister, the apse and the lower part of the bell tower constitute the oldest monumental part of the present collegiate church; they were built in the same construction period, between 1402 and 1412, and are linked to the patronage of Pope Benedict XIII, known as the <em>Papa Luna<\/em> and to the technical direction of its master builder Muhammad Rami. This tower, the result of several phases of construction from the beginning of the 15th century to the 18th century, stands at more than 70 metres high and is the tallest of all the remaining towers in Aragon.<\/p>\n<p>Alongside Santa Mar\u00eda, the city preserves a monumental ensemble which, in each of its examples, shows us the history of the city and its powerful historical position. The religious buildings of San Andr\u00e9s, San Pedro de los Francos, Nuestra Se\u00f1ora de la Pe\u00f1a, the collegiate church of Santo Sepulcro or San Juan el Real stand in a hamlet with a simple layout but with imposing palace-houses, interesting urban elements such as the Ocho Ca\u00f1os fountain and the Puerta de Terrer.<\/p>\n<p>Time has turned the city into a perfect combination of history and modernity thanks to the conservation of such attractive places as the Convento de los Dominicos, the Hospeder\u00eda del Pilar, the Arco de San Miguel or the Mes\u00f3n de la Dolores.<\/p>\n<\/div>\n\t\t\t\t<\/div>\n\t\t\t\t\t\t\t\t<\/div>\n\t\t\t\t\t\t<\/div>\n\t\t\t\t<\/div>\n\t\t\t\t\t<\/div>\n\t\t<\/div>\n\t\t\t\t<div class=\"elementor-column elementor-col-33 elementor-top-column elementor-element elementor-element-6a1b172e\" data-id=\"6a1b172e\" data-element_type=\"column\" data-e-type=\"column\">\n\t\t\t<div class=\"elementor-widget-wrap elementor-element-populated\">\n\t\t\t\t\t\t<section class=\"elementor-section elementor-inner-section elementor-element elementor-element-f2ba84e elementor-section-boxed elementor-section-height-default elementor-section-height-default\" data-id=\"f2ba84e\" data-element_type=\"section\" data-e-type=\"section\" data-settings=\"{&quot;jet_parallax_layout_list&quot;:[{&quot;jet_parallax_layout_image&quot;:{&quot;url&quot;:&quot;&quot;,&quot;id&quot;:&quot;&quot;,&quot;size&quot;:&quot;&quot;},&quot;_id&quot;:&quot;080b40c&quot;,&quot;jet_parallax_layout_image_tablet&quot;:{&quot;url&quot;:&quot;&quot;,&quot;id&quot;:&quot;&quot;,&quot;size&quot;:&quot;&quot;},&quot;jet_parallax_layout_image_mobile&quot;:{&quot;url&quot;:&quot;&quot;,&quot;id&quot;:&quot;&quot;,&quot;size&quot;:&quot;&quot;},&quot;jet_parallax_layout_speed&quot;:{&quot;unit&quot;:&quot;%&quot;,&quot;size&quot;:50,&quot;sizes&quot;:[]},&quot;jet_parallax_layout_type&quot;:&quot;scroll&quot;,&quot;jet_parallax_layout_direction&quot;:&quot;1&quot;,&quot;jet_parallax_layout_fx_direction&quot;:null,&quot;jet_parallax_layout_z_index&quot;:&quot;&quot;,&quot;jet_parallax_layout_bg_x&quot;:50,&quot;jet_parallax_layout_bg_x_tablet&quot;:&quot;&quot;,&quot;jet_parallax_layout_bg_x_mobile&quot;:&quot;&quot;,&quot;jet_parallax_layout_bg_y&quot;:50,&quot;jet_parallax_layout_bg_y_tablet&quot;:&quot;&quot;,&quot;jet_parallax_layout_bg_y_mobile&quot;:&quot;&quot;,&quot;jet_parallax_layout_bg_size&quot;:&quot;auto&quot;,&quot;jet_parallax_layout_bg_size_tablet&quot;:&quot;&quot;,&quot;jet_parallax_layout_bg_size_mobile&quot;:&quot;&quot;,&quot;jet_parallax_layout_animation_prop&quot;:&quot;transform&quot;,&quot;jet_parallax_layout_on&quot;:[&quot;desktop&quot;,&quot;tablet&quot;]}]}\">\n\t\t\t\t\t\t\t<div class=\"elementor-background-overlay\"><\/div>\n\t\t\t\t\t\t\t<div class=\"elementor-container elementor-column-gap-default\">\n\t\t\t\t\t<div class=\"elementor-column elementor-col-50 elementor-inner-column elementor-element elementor-element-54555c0\" data-id=\"54555c0\" data-element_type=\"column\" data-e-type=\"column\">\n\t\t\t<div class=\"elementor-widget-wrap elementor-element-populated\">\n\t\t\t\t\t\t<div class=\"elementor-element elementor-element-9305306 elementor-view-stacked elementor-shape-circle elementor-widget elementor-widget-icon\" data-id=\"9305306\" data-element_type=\"widget\" data-e-type=\"widget\" data-widget_type=\"icon.default\">\n\t\t\t\t<div class=\"elementor-widget-container\">\n\t\t\t\t\t\t\t<div class=\"elementor-icon-wrapper\">\n\t\t\t<div class=\"elementor-icon\">\n\t\t\t<i aria-hidden=\"true\" class=\"fas fa-info\"><\/i>\t\t\t<\/div>\n\t\t<\/div>\n\t\t\t\t\t\t<\/div>\n\t\t\t\t<\/div>\n\t\t\t\t\t<\/div>\n\t\t<\/div>\n\t\t\t\t<div class=\"elementor-column elementor-col-50 elementor-inner-column elementor-element elementor-element-b96734f\" data-id=\"b96734f\" data-element_type=\"column\" data-e-type=\"column\">\n\t\t\t<div class=\"elementor-widget-wrap elementor-element-populated\">\n\t\t\t\t\t\t<div class=\"elementor-element elementor-element-c1c055d elementor-widget elementor-widget-text-editor\" data-id=\"c1c055d\" data-element_type=\"widget\" data-e-type=\"widget\" data-widget_type=\"text-editor.default\">\n\t\t\t\t<div class=\"elementor-widget-container\">\n\t\t\t\t\t\t\t\t\t<p class=\"elementor-icon-box-title\"><strong>Information<\/strong><\/p>\n\t\t\t\t\t\t\t\t<\/div>\n\t\t\t\t<\/div>\n\t\t\t\t<div class=\"elementor-element elementor-element-3fa3ba8 elementor-widget elementor-widget-text-editor\" data-id=\"3fa3ba8\" data-element_type=\"widget\" data-e-type=\"widget\" data-widget_type=\"text-editor.default\">\n\t\t\t\t<div class=\"elementor-widget-container\">\n\t\t\t\t\t\t\t\t\t<p class=\"elementor-icon-box-description\">Town Hall: 976 881 700<br \/><a href=\"https:\/\/www.calatayud.es\/turismo\" target=\"_blank\" rel=\"noopener\">www.calatayud.es<\/a><\/p>\n<p>Association for the Integral Development of the Region of Calatayud and the Region of Aranda<br \/><a href=\"https:\/\/galcar.es\/\" target=\"_blank\" rel=\"noopener\">galcar.es<\/a><\/p>\n<p class=\"elementor-icon-box-description\">VISIT CALATAYUD<br \/>976 633 296<\/p>\n<p class=\"elementor-icon-box-description\"><strong>DO YOU WANT TO KNOW MORE?<\/strong><br \/>Aragon Tourism<br \/><a href=\"https:\/\/www.turismodearagon.com\/ficha\/calatayud\/\" target=\"_blank\" rel=\"noopener\">turismodearagon.com<\/a><br \/>Tourism Calatayud Region<br \/><a href=\"https:\/\/comarcacalatayud.com\/project\/calatayud\/\" target=\"_blank\" rel=\"noopener\">comarcacalatayud.com<\/a><br \/>Centre for Bilbilitan Studies<br \/><a href=\"http:\/\/cebilbilitanos.com\/\" target=\"_blank\" rel=\"noopener\">cebilbilitanos.com<\/a><br \/>The Cid&#8217;s Way<br \/><a href=\"https:\/\/www.caminodelcid.org\/localidades\/calatayud-597222\/\" target=\"_blank\" rel=\"noopener\">www.caminodelcid.org<\/a><\/p>\n\t\t\t\t\t\t\t\t<\/div>\n\t\t\t\t<\/div>\n\t\t\t\t<div class=\"elementor-element elementor-element-442f1d7 elementor-icon-list--layout-inline elementor-list-item-link-full_width elementor-widget elementor-widget-icon-list\" data-id=\"442f1d7\" data-element_type=\"widget\" data-e-type=\"widget\" data-widget_type=\"icon-list.default\">\n\t\t\t\t<div class=\"elementor-widget-container\">\n\t\t\t\t\t\t\t<ul class=\"elementor-icon-list-items elementor-inline-items\">\n\t\t\t\t\t\t\t<li class=\"elementor-icon-list-item elementor-inline-item\">\n\t\t\t\t\t\t\t\t\t\t\t<a href=\"https:\/\/es-es.facebook.com\/AyuntamientoCalatayud\" target=\"_blank\" rel=\"noopener\">\n\n\t\t\t\t\t\t\t\t\t\t\t\t<span class=\"elementor-icon-list-icon\">\n\t\t\t\t\t\t\t<i aria-hidden=\"true\" class=\"fab fa-facebook-square\"><\/i>\t\t\t\t\t\t<\/span>\n\t\t\t\t\t\t\t\t\t\t<span class=\"elementor-icon-list-text\"><\/span>\n\t\t\t\t\t\t\t\t\t\t\t<\/a>\n\t\t\t\t\t\t\t\t\t<\/li>\n\t\t\t\t\t\t\t\t<li class=\"elementor-icon-list-item elementor-inline-item\">\n\t\t\t\t\t\t\t\t\t\t\t<a href=\"https:\/\/www.instagram.com\/aytocalatayud\/\" target=\"_blank\" rel=\"noopener\">\n\n\t\t\t\t\t\t\t\t\t\t\t\t<span class=\"elementor-icon-list-icon\">\n\t\t\t\t\t\t\t<i aria-hidden=\"true\" class=\"fab fa-instagram\"><\/i>\t\t\t\t\t\t<\/span>\n\t\t\t\t\t\t\t\t\t\t<span class=\"elementor-icon-list-text\"><\/span>\n\t\t\t\t\t\t\t\t\t\t\t<\/a>\n\t\t\t\t\t\t\t\t\t<\/li>\n\t\t\t\t\t\t<\/ul>\n\t\t\t\t\t\t<\/div>\n\t\t\t\t<\/div>\n\t\t\t\t\t<\/div>\n\t\t<\/div>\n\t\t\t\t\t<\/div>\n\t\t<\/section>\n\t\t\t\t<section class=\"elementor-section elementor-inner-section elementor-element elementor-element-3c6acc4 elementor-section-boxed elementor-section-height-default elementor-section-height-default\" data-id=\"3c6acc4\" data-element_type=\"section\" data-e-type=\"section\" data-settings=\"{&quot;jet_parallax_layout_list&quot;:[{&quot;jet_parallax_layout_image&quot;:{&quot;url&quot;:&quot;&quot;,&quot;id&quot;:&quot;&quot;,&quot;size&quot;:&quot;&quot;},&quot;_id&quot;:&quot;080b40c&quot;,&quot;jet_parallax_layout_image_tablet&quot;:{&quot;url&quot;:&quot;&quot;,&quot;id&quot;:&quot;&quot;,&quot;size&quot;:&quot;&quot;},&quot;jet_parallax_layout_image_mobile&quot;:{&quot;url&quot;:&quot;&quot;,&quot;id&quot;:&quot;&quot;,&quot;size&quot;:&quot;&quot;},&quot;jet_parallax_layout_speed&quot;:{&quot;unit&quot;:&quot;%&quot;,&quot;size&quot;:50,&quot;sizes&quot;:[]},&quot;jet_parallax_layout_type&quot;:&quot;scroll&quot;,&quot;jet_parallax_layout_direction&quot;:&quot;1&quot;,&quot;jet_parallax_layout_fx_direction&quot;:null,&quot;jet_parallax_layout_z_index&quot;:&quot;&quot;,&quot;jet_parallax_layout_bg_x&quot;:50,&quot;jet_parallax_layout_bg_x_tablet&quot;:&quot;&quot;,&quot;jet_parallax_layout_bg_x_mobile&quot;:&quot;&quot;,&quot;jet_parallax_layout_bg_y&quot;:50,&quot;jet_parallax_layout_bg_y_tablet&quot;:&quot;&quot;,&quot;jet_parallax_layout_bg_y_mobile&quot;:&quot;&quot;,&quot;jet_parallax_layout_bg_size&quot;:&quot;auto&quot;,&quot;jet_parallax_layout_bg_size_tablet&quot;:&quot;&quot;,&quot;jet_parallax_layout_bg_size_mobile&quot;:&quot;&quot;,&quot;jet_parallax_layout_animation_prop&quot;:&quot;transform&quot;,&quot;jet_parallax_layout_on&quot;:[&quot;desktop&quot;,&quot;tablet&quot;]}]}\">\n\t\t\t\t\t\t\t<div class=\"elementor-background-overlay\"><\/div>\n\t\t\t\t\t\t\t<div class=\"elementor-container elementor-column-gap-default\">\n\t\t\t\t\t<div class=\"elementor-column elementor-col-50 elementor-inner-column elementor-element elementor-element-45dea1f\" data-id=\"45dea1f\" data-element_type=\"column\" data-e-type=\"column\">\n\t\t\t<div class=\"elementor-widget-wrap elementor-element-populated\">\n\t\t\t\t\t\t<div class=\"elementor-element elementor-element-d62c795 elementor-view-stacked elementor-shape-circle elementor-widget elementor-widget-icon\" data-id=\"d62c795\" data-element_type=\"widget\" data-e-type=\"widget\" data-widget_type=\"icon.default\">\n\t\t\t\t<div class=\"elementor-widget-container\">\n\t\t\t\t\t\t\t<div class=\"elementor-icon-wrapper\">\n\t\t\t<div class=\"elementor-icon\">\n\t\t\t<i aria-hidden=\"true\" class=\"fas fa-project-diagram\"><\/i>\t\t\t<\/div>\n\t\t<\/div>\n\t\t\t\t\t\t<\/div>\n\t\t\t\t<\/div>\n\t\t\t\t\t<\/div>\n\t\t<\/div>\n\t\t\t\t<div class=\"elementor-column elementor-col-50 elementor-inner-column elementor-element elementor-element-e5cffce\" data-id=\"e5cffce\" data-element_type=\"column\" data-e-type=\"column\">\n\t\t\t<div class=\"elementor-widget-wrap elementor-element-populated\">\n\t\t\t\t\t\t<div class=\"elementor-element elementor-element-68d2b8b elementor-widget elementor-widget-text-editor\" data-id=\"68d2b8b\" data-element_type=\"widget\" data-e-type=\"widget\" data-widget_type=\"text-editor.default\">\n\t\t\t\t<div class=\"elementor-widget-container\">\n\t\t\t\t\t\t\t\t\t<p class=\"elementor-icon-box-title\"><strong>Territorio Mud\u00e9jar Network<\/strong><\/p>\n\t\t\t\t\t\t\t\t<\/div>\n\t\t\t\t<\/div>\n\t\t\t\t<div class=\"elementor-element elementor-element-166e6f3 elementor-widget elementor-widget-text-editor\" data-id=\"166e6f3\" data-element_type=\"widget\" data-e-type=\"widget\" data-widget_type=\"text-editor.default\">\n\t\t\t\t<div class=\"elementor-widget-container\">\n\t\t\t\t\t\t\t\t\t<p class=\"elementor-icon-box-description\">The city council has been a founding member of Territorio Mud\u00e9jar since 13 September 2018.<br \/>He is a member of the Board of Directors as Vice-President.<\/p>\n\t\t\t\t\t\t\t\t<\/div>\n\t\t\t\t<\/div>\n\t\t\t\t\t<\/div>\n\t\t<\/div>\n\t\t\t\t\t<\/div>\n\t\t<\/section>\n\t\t\t\t<section class=\"elementor-section elementor-inner-section elementor-element elementor-element-74e80a7 elementor-section-boxed elementor-section-height-default elementor-section-height-default\" data-id=\"74e80a7\" data-element_type=\"section\" data-e-type=\"section\" data-settings=\"{&quot;jet_parallax_layout_list&quot;:[{&quot;jet_parallax_layout_image&quot;:{&quot;url&quot;:&quot;&quot;,&quot;id&quot;:&quot;&quot;,&quot;size&quot;:&quot;&quot;},&quot;_id&quot;:&quot;080b40c&quot;,&quot;jet_parallax_layout_image_tablet&quot;:{&quot;url&quot;:&quot;&quot;,&quot;id&quot;:&quot;&quot;,&quot;size&quot;:&quot;&quot;},&quot;jet_parallax_layout_image_mobile&quot;:{&quot;url&quot;:&quot;&quot;,&quot;id&quot;:&quot;&quot;,&quot;size&quot;:&quot;&quot;},&quot;jet_parallax_layout_speed&quot;:{&quot;unit&quot;:&quot;%&quot;,&quot;size&quot;:50,&quot;sizes&quot;:[]},&quot;jet_parallax_layout_type&quot;:&quot;scroll&quot;,&quot;jet_parallax_layout_direction&quot;:&quot;1&quot;,&quot;jet_parallax_layout_fx_direction&quot;:null,&quot;jet_parallax_layout_z_index&quot;:&quot;&quot;,&quot;jet_parallax_layout_bg_x&quot;:50,&quot;jet_parallax_layout_bg_x_tablet&quot;:&quot;&quot;,&quot;jet_parallax_layout_bg_x_mobile&quot;:&quot;&quot;,&quot;jet_parallax_layout_bg_y&quot;:50,&quot;jet_parallax_layout_bg_y_tablet&quot;:&quot;&quot;,&quot;jet_parallax_layout_bg_y_mobile&quot;:&quot;&quot;,&quot;jet_parallax_layout_bg_size&quot;:&quot;auto&quot;,&quot;jet_parallax_layout_bg_size_tablet&quot;:&quot;&quot;,&quot;jet_parallax_layout_bg_size_mobile&quot;:&quot;&quot;,&quot;jet_parallax_layout_animation_prop&quot;:&quot;transform&quot;,&quot;jet_parallax_layout_on&quot;:[&quot;desktop&quot;,&quot;tablet&quot;]}]}\">\n\t\t\t\t\t\t\t<div class=\"elementor-background-overlay\"><\/div>\n\t\t\t\t\t\t\t<div class=\"elementor-container elementor-column-gap-default\">\n\t\t\t\t\t<div class=\"elementor-column elementor-col-50 elementor-inner-column elementor-element elementor-element-6b1b5a8\" data-id=\"6b1b5a8\" data-element_type=\"column\" data-e-type=\"column\">\n\t\t\t<div class=\"elementor-widget-wrap elementor-element-populated\">\n\t\t\t\t\t\t<div class=\"elementor-element elementor-element-803f033 elementor-view-stacked elementor-shape-circle elementor-widget elementor-widget-icon\" data-id=\"803f033\" data-element_type=\"widget\" data-e-type=\"widget\" data-widget_type=\"icon.default\">\n\t\t\t\t<div class=\"elementor-widget-container\">\n\t\t\t\t\t\t\t<div class=\"elementor-icon-wrapper\">\n\t\t\t<div class=\"elementor-icon\">\n\t\t\t<i aria-hidden=\"true\" class=\"fas fa-location-arrow\"><\/i>\t\t\t<\/div>\n\t\t<\/div>\n\t\t\t\t\t\t<\/div>\n\t\t\t\t<\/div>\n\t\t\t\t\t<\/div>\n\t\t<\/div>\n\t\t\t\t<div class=\"elementor-column elementor-col-50 elementor-inner-column elementor-element elementor-element-9678aef\" data-id=\"9678aef\" data-element_type=\"column\" data-e-type=\"column\">\n\t\t\t<div class=\"elementor-widget-wrap elementor-element-populated\">\n\t\t\t\t\t\t<div class=\"elementor-element elementor-element-9b9c9d1 elementor-widget elementor-widget-text-editor\" data-id=\"9b9c9d1\" data-element_type=\"widget\" data-e-type=\"widget\" data-widget_type=\"text-editor.default\">\n\t\t\t\t<div class=\"elementor-widget-container\">\n\t\t\t\t\t\t\t\t\t<p class=\"elementor-icon-box-title\"><strong>Projects Mudejar Territory in Calatayud<\/strong><\/p>\n\t\t\t\t\t\t\t\t<\/div>\n\t\t\t\t<\/div>\n\t\t\t\t<div class=\"elementor-element elementor-element-684dd2c elementor-widget elementor-widget-text-editor\" data-id=\"684dd2c\" data-element_type=\"widget\" data-e-type=\"widget\" data-widget_type=\"text-editor.default\">\n\t\t\t\t<div class=\"elementor-widget-container\">\n\t\t\t\t\t\t\t\t\t<p class=\"elementor-icon-box-description\">Monuments | <a href=\"https:\/\/www.territoriomudejar.es\/monumentos\/\" target=\"_blank\" rel=\"noopener\">View the project <\/a><br \/>Pedagogy | <a href=\"https:\/\/paisaje-patrimonio-cultural-y-despoblacin-cmzgz.hub.arcgis.com\/\" target=\"_blank\" rel=\"noopener\">View the project<\/a><br \/>Podcast | <a href=\"https:\/\/www.territoriomudejar.es\/podcast\/\" target=\"_blank\" rel=\"noopener\">View the project<\/a><br \/>Mudetrad Project | <a href=\"https:\/\/drive.google.com\/file\/d\/1pvxw27uElDfv2DdXN21HSfoo2XEzJk1z\/view\" target=\"_blank\" rel=\"noopener\">View the project<\/a><br \/>Mudejar plaster | <a href=\"https:\/\/www.territoriomudejar.es\/estancias-2020-yeso-mudejar-elemento-de-identidad-conocimiento-y-oportunidades-de-futuro\/\">View the project<\/a><br \/>Mudejar and Euclidean Geometry | <a href=\"https:\/\/www.territoriomudejar.es\/estancias-2021-el-mudejar-y-la-geometria-euclidiana-o-geometria-del-plano\/\">View the project<\/a><br \/>Didactic Mudejar, the guide | <a href=\"https:\/\/www.territoriomudejar.es\/wp-content\/uploads\/2024\/05\/Guia-Territorio-Mudejar-2024.pdf\">View the project<\/a><br \/>\u2018Circular\u2019 Family walks | <a href=\"https:\/\/www.territoriomudejar.es\/patrimonio\/calatayud-circular\/\">View the project<\/a><br \/>Mud\u00e9jar RGB | <a href=\"https:\/\/www.territoriomudejar.es\/estancias-2022-mudejar-rgb%EF%BF%BC\/\">View the project<\/a><br \/>Assessment of the muslim-friendly potential of Territorio Mud\u00e9jar | <a href=\"https:\/\/www.territoriomudejar.es\/estancias-2022-valoracion-del-potencial-muslim-friendly-de-territorio-mudejar-para-la-recepcion-de-turismo-de-conocimiento\/\">View the project<\/a><\/p>\n\t\t\t\t\t\t\t\t<\/div>\n\t\t\t\t<\/div>\n\t\t\t\t\t<\/div>\n\t\t<\/div>\n\t\t\t\t\t<\/div>\n\t\t<\/section>\n\t\t\t\t<div class=\"elementor-element elementor-element-27c5149 elementor-view-stacked elementor-position-inline-start elementor-hidden-desktop elementor-hidden-tablet elementor-hidden-mobile elementor-shape-circle elementor-mobile-position-block-start elementor-widget elementor-widget-icon-box\" data-id=\"27c5149\" data-element_type=\"widget\" data-e-type=\"widget\" data-widget_type=\"icon-box.default\">\n\t\t\t\t<div class=\"elementor-widget-container\">\n\t\t\t\t\t\t\t<div class=\"elementor-icon-box-wrapper\">\n\n\t\t\t\t\t\t<div class=\"elementor-icon-box-icon\">\n\t\t\t\t<span  class=\"elementor-icon\">\n\t\t\t\t<i aria-hidden=\"true\" class=\"fab fa-facebook-f\"><\/i>\t\t\t\t<\/span>\n\t\t\t<\/div>\n\t\t\t\n\t\t\t\t\t\t<div class=\"elementor-icon-box-content\">\n\n\t\t\t\t\t\t\t\t\t<h3 class=\"elementor-icon-box-title\">\n\t\t\t\t\t\t<span  >\n\t\t\t\t\t\t\tCalatayud in the social media\t\t\t\t\t\t<\/span>\n\t\t\t\t\t<\/h3>\n\t\t\t\t\n\t\t\t\t\t\t\t\t\t<p class=\"elementor-icon-box-description\">\n\t\t\t\t\t\tFacebook: @AyuntamientoCalatayud @TurismoCalatayud @turismo.comunidadcalatayud\n\n<br>Instagram: <br>@aytocalatayud @comarcacalatayud\t\t\t\t\t<\/p>\n\t\t\t\t\n\t\t\t<\/div>\n\t\t\t\n\t\t<\/div>\n\t\t\t\t\t\t<\/div>\n\t\t\t\t<\/div>\n\t\t\t\t\t<\/div>\n\t\t<\/div>\n\t\t\t\t\t<\/div>\n\t\t<\/section>\n\t\t\t\t<section class=\"elementor-section elementor-top-section elementor-element elementor-element-e51c5fe elementor-section-boxed elementor-section-height-default elementor-section-height-default\" data-id=\"e51c5fe\" data-element_type=\"section\" data-e-type=\"section\" data-settings=\"{&quot;jet_parallax_layout_list&quot;:[{&quot;jet_parallax_layout_image&quot;:{&quot;url&quot;:&quot;&quot;,&quot;id&quot;:&quot;&quot;,&quot;size&quot;:&quot;&quot;},&quot;_id&quot;:&quot;272861d&quot;,&quot;jet_parallax_layout_image_tablet&quot;:{&quot;url&quot;:&quot;&quot;,&quot;id&quot;:&quot;&quot;,&quot;size&quot;:&quot;&quot;},&quot;jet_parallax_layout_image_mobile&quot;:{&quot;url&quot;:&quot;&quot;,&quot;id&quot;:&quot;&quot;,&quot;size&quot;:&quot;&quot;},&quot;jet_parallax_layout_speed&quot;:{&quot;unit&quot;:&quot;%&quot;,&quot;size&quot;:50,&quot;sizes&quot;:[]},&quot;jet_parallax_layout_type&quot;:&quot;scroll&quot;,&quot;jet_parallax_layout_direction&quot;:&quot;1&quot;,&quot;jet_parallax_layout_fx_direction&quot;:null,&quot;jet_parallax_layout_z_index&quot;:&quot;&quot;,&quot;jet_parallax_layout_bg_x&quot;:50,&quot;jet_parallax_layout_bg_x_tablet&quot;:&quot;&quot;,&quot;jet_parallax_layout_bg_x_mobile&quot;:&quot;&quot;,&quot;jet_parallax_layout_bg_y&quot;:50,&quot;jet_parallax_layout_bg_y_tablet&quot;:&quot;&quot;,&quot;jet_parallax_layout_bg_y_mobile&quot;:&quot;&quot;,&quot;jet_parallax_layout_bg_size&quot;:&quot;auto&quot;,&quot;jet_parallax_layout_bg_size_tablet&quot;:&quot;&quot;,&quot;jet_parallax_layout_bg_size_mobile&quot;:&quot;&quot;,&quot;jet_parallax_layout_animation_prop&quot;:&quot;transform&quot;,&quot;jet_parallax_layout_on&quot;:[&quot;desktop&quot;,&quot;tablet&quot;]}]}\">\n\t\t\t\t\t\t<div class=\"elementor-container elementor-column-gap-default\">\n\t\t\t\t\t<div class=\"elementor-column elementor-col-100 elementor-top-column elementor-element elementor-element-2ddfc11\" data-id=\"2ddfc11\" data-element_type=\"column\" data-e-type=\"column\">\n\t\t\t<div class=\"elementor-widget-wrap elementor-element-populated\">\n\t\t\t\t\t\t<div class=\"elementor-element elementor-element-9a4e7cd elementor-widget elementor-widget-google_maps\" data-id=\"9a4e7cd\" data-element_type=\"widget\" data-e-type=\"widget\" data-widget_type=\"google_maps.default\">\n\t\t\t\t<div class=\"elementor-widget-container\">\n\t\t\t\t\t\t\t<div class=\"elementor-custom-embed\">\n\t\t\t<iframe\n\t\t\t\t\tdata-src=\"https:\/\/maps.google.com\/maps?q=Calatayud&#038;t=m&#038;z=15&#038;output=embed&#038;iwloc=near\"\n\t\t\t\t\ttitle=\"Calatayud\"\n\t\t\t\t\taria-label=\"Calatayud\"\n\t\t\t src=\"data:image\/svg+xml;base64,PHN2ZyB3aWR0aD0iMSIgaGVpZ2h0PSIxIiB4bWxucz0iaHR0cDovL3d3dy53My5vcmcvMjAwMC9zdmciPjwvc3ZnPg==\" class=\"lazyload\" data-load-mode=\"1\"><\/iframe>\n\t\t<\/div>\n\t\t\t\t\t\t<\/div>\n\t\t\t\t<\/div>\n\t\t\t\t\t<\/div>\n\t\t<\/div>\n\t\t\t\t\t<\/div>\n\t\t<\/section>\n\t\t\t\t<\/div>\n\t\t","protected":false},"excerpt":{"rendered":"<p>Monuments THIS PROJECT PROVIDES AN UPDATED VISION OF THE MUDEJAR MONUMENTAL HERITAGE Visit the project Pedagogy SCHOOL MATERIALS TO WORK ON CULTURAL AND NATURAL HERITAGE Visit the project Podcast A PODCAST THAT ENHANCES THE IMPORTANCE OF MUDEJAR ART Listen the podcast here Mudetrad Project A PROJECT THAT HIGHLIGHTS THE TRADITIONAL ARCHITECTURE OF CALATAYUD See map [&hellip;]<\/p>\n","protected":false},"author":4,"featured_media":4013,"menu_order":0,"comment_status":"closed","ping_status":"open","template":"","portfolio_category":[216],"portfolio_tag":[],"class_list":["post-4509","portfolio","type-portfolio","status-publish","has-post-thumbnail","hentry","portfolio_category-towns"],"acf":[],"_links":{"self":[{"href":"https:\/\/www.territoriomudejar.es\/en\/wp-json\/wp\/v2\/portfolio\/4509","targetHints":{"allow":["GET"]}}],"collection":[{"href":"https:\/\/www.territoriomudejar.es\/en\/wp-json\/wp\/v2\/portfolio"}],"about":[{"href":"https:\/\/www.territoriomudejar.es\/en\/wp-json\/wp\/v2\/types\/portfolio"}],"author":[{"embeddable":true,"href":"https:\/\/www.territoriomudejar.es\/en\/wp-json\/wp\/v2\/users\/4"}],"replies":[{"embeddable":true,"href":"https:\/\/www.territoriomudejar.es\/en\/wp-json\/wp\/v2\/comments?post=4509"}],"version-history":[{"count":0,"href":"https:\/\/www.territoriomudejar.es\/en\/wp-json\/wp\/v2\/portfolio\/4509\/revisions"}],"wp:featuredmedia":[{"embeddable":true,"href":"https:\/\/www.territoriomudejar.es\/en\/wp-json\/wp\/v2\/media\/4013"}],"wp:attachment":[{"href":"https:\/\/www.territoriomudejar.es\/en\/wp-json\/wp\/v2\/media?parent=4509"}],"wp:term":[{"taxonomy":"portfolio_category","embeddable":true,"href":"https:\/\/www.territoriomudejar.es\/en\/wp-json\/wp\/v2\/portfolio_category?post=4509"},{"taxonomy":"portfolio_tag","embeddable":true,"href":"https:\/\/www.territoriomudejar.es\/en\/wp-json\/wp\/v2\/portfolio_tag?post=4509"}],"curies":[{"name":"wp","href":"https:\/\/api.w.org\/{rel}","templated":true}]}}