{"id":22744,"date":"2025-03-17T10:24:51","date_gmt":"2025-03-17T09:24:51","guid":{"rendered":"https:\/\/www.territoriomudejar.es\/patrimonio\/acered-2\/"},"modified":"2025-03-17T10:24:52","modified_gmt":"2025-03-17T09:24:52","slug":"acered-2","status":"publish","type":"portfolio","link":"https:\/\/www.territoriomudejar.es\/en\/patrimonio\/acered-2\/","title":{"rendered":"Acered"},"content":{"rendered":"\t\t<div data-elementor-type=\"wp-post\" data-elementor-id=\"22744\" class=\"elementor elementor-22744 elementor-14261\" data-elementor-post-type=\"portfolio\">\n\t\t\t\t\t\t<section class=\"elementor-section elementor-top-section elementor-element elementor-element-e237372 elementor-section-height-min-height elementor-section-boxed elementor-section-height-default elementor-section-items-middle\" data-id=\"e237372\" data-element_type=\"section\" data-e-type=\"section\" data-settings=\"{&quot;jet_parallax_layout_list&quot;:[{&quot;jet_parallax_layout_image&quot;:{&quot;url&quot;:&quot;&quot;,&quot;id&quot;:&quot;&quot;,&quot;size&quot;:&quot;&quot;},&quot;_id&quot;:&quot;9605e5b&quot;,&quot;jet_parallax_layout_speed&quot;:{&quot;unit&quot;:&quot;%&quot;,&quot;size&quot;:50,&quot;sizes&quot;:[]},&quot;jet_parallax_layout_image_tablet&quot;:{&quot;url&quot;:&quot;&quot;,&quot;id&quot;:&quot;&quot;,&quot;size&quot;:&quot;&quot;},&quot;jet_parallax_layout_image_mobile&quot;:{&quot;url&quot;:&quot;&quot;,&quot;id&quot;:&quot;&quot;,&quot;size&quot;:&quot;&quot;},&quot;jet_parallax_layout_type&quot;:&quot;scroll&quot;,&quot;jet_parallax_layout_direction&quot;:&quot;1&quot;,&quot;jet_parallax_layout_fx_direction&quot;:null,&quot;jet_parallax_layout_z_index&quot;:&quot;&quot;,&quot;jet_parallax_layout_bg_x&quot;:50,&quot;jet_parallax_layout_bg_x_tablet&quot;:&quot;&quot;,&quot;jet_parallax_layout_bg_x_mobile&quot;:&quot;&quot;,&quot;jet_parallax_layout_bg_y&quot;:50,&quot;jet_parallax_layout_bg_y_tablet&quot;:&quot;&quot;,&quot;jet_parallax_layout_bg_y_mobile&quot;:&quot;&quot;,&quot;jet_parallax_layout_bg_size&quot;:&quot;auto&quot;,&quot;jet_parallax_layout_bg_size_tablet&quot;:&quot;&quot;,&quot;jet_parallax_layout_bg_size_mobile&quot;:&quot;&quot;,&quot;jet_parallax_layout_animation_prop&quot;:&quot;transform&quot;,&quot;jet_parallax_layout_on&quot;:[&quot;desktop&quot;,&quot;tablet&quot;]}]}\">\n\t\t\t\t\t\t<div class=\"elementor-container elementor-column-gap-default\">\n\t\t\t\t\t<div class=\"elementor-column elementor-col-33 elementor-top-column elementor-element elementor-element-76d38b5\" data-id=\"76d38b5\" data-element_type=\"column\" data-e-type=\"column\">\n\t\t\t<div class=\"elementor-widget-wrap elementor-element-populated\">\n\t\t\t\t\t\t<div class=\"elementor-element elementor-element-c2030aa elementor-align-left elementor-widget elementor-widget-raven-heading\" data-id=\"c2030aa\" data-element_type=\"widget\" data-e-type=\"widget\" data-widget_type=\"raven-heading.default\">\n\t\t\t\t<div class=\"elementor-widget-container\">\n\t\t\t\t\t\t\t<div class=\"raven-widget-wrapper\"><h3 class=\"raven-heading raven-heading-h3\"><span class=\"raven-heading-title \">Circular from the rural school\n<br><\/span><\/h3><\/div>\n\t\t\t\t\t\t<\/div>\n\t\t\t\t<\/div>\n\t\t\t\t\t<\/div>\n\t\t<\/div>\n\t\t\t\t<div class=\"elementor-column elementor-col-66 elementor-top-column elementor-element elementor-element-fa38de9\" data-id=\"fa38de9\" data-element_type=\"column\" data-e-type=\"column\">\n\t\t\t<div class=\"elementor-widget-wrap elementor-element-populated\">\n\t\t\t\t\t\t<div class=\"elementor-element elementor-element-756dee9 elementor-widget elementor-widget-text-editor\" data-id=\"756dee9\" data-element_type=\"widget\" data-e-type=\"widget\" data-widget_type=\"text-editor.default\">\n\t\t\t\t<div class=\"elementor-widget-container\">\n\t\t\t\t\t\t\t\t\t<p>The &#8220;Circular from the rural school&#8221; project is a cooperation project between rural development groups led by the Asociaci\u00f3n Territorio Mud\u00e9jar.<\/p>\n<p>The following have participated in the project: ADRI Calatayud-Aranda, ADRI Jiloca-Gallocanta, FEDIVALCA -Valdejal\u00f3n and Campo de Cari\u00f1ena-, ASOMO Tarazona and el Moncayo, CEDEMAR -Bajo Arag\u00f3n Caspe and Ribera Baja del Ebro-, ADRAE -Ribera Alta del Ebro- and ADEFO Cinco Villas.<\/p>\n<p>The objective is to develop educational materials around the Mudejar identity of the towns, placing rural schools and the educational community of the towns as the center of the project.<\/p>\n<p>Based on the work developed, for almost three years, the students of fifteen schools have designed a walk through their town in which we can learn about the main points of interest and their connection with the Mudejar culture.<\/p>\n\t\t\t\t\t\t\t\t<\/div>\n\t\t\t\t<\/div>\n\t\t\t\t\t<\/div>\n\t\t<\/div>\n\t\t\t\t\t<\/div>\n\t\t<\/section>\n\t\t\t\t<section class=\"elementor-section elementor-top-section elementor-element elementor-element-9e6116b elementor-section-height-min-height elementor-section-boxed elementor-section-height-default elementor-section-items-middle\" data-id=\"9e6116b\" data-element_type=\"section\" data-e-type=\"section\" data-settings=\"{&quot;jet_parallax_layout_list&quot;:[{&quot;jet_parallax_layout_image&quot;:{&quot;url&quot;:&quot;&quot;,&quot;id&quot;:&quot;&quot;,&quot;size&quot;:&quot;&quot;},&quot;_id&quot;:&quot;9605e5b&quot;,&quot;jet_parallax_layout_speed&quot;:{&quot;unit&quot;:&quot;%&quot;,&quot;size&quot;:50,&quot;sizes&quot;:[]},&quot;jet_parallax_layout_image_tablet&quot;:{&quot;url&quot;:&quot;&quot;,&quot;id&quot;:&quot;&quot;,&quot;size&quot;:&quot;&quot;},&quot;jet_parallax_layout_image_mobile&quot;:{&quot;url&quot;:&quot;&quot;,&quot;id&quot;:&quot;&quot;,&quot;size&quot;:&quot;&quot;},&quot;jet_parallax_layout_type&quot;:&quot;scroll&quot;,&quot;jet_parallax_layout_direction&quot;:&quot;1&quot;,&quot;jet_parallax_layout_fx_direction&quot;:null,&quot;jet_parallax_layout_z_index&quot;:&quot;&quot;,&quot;jet_parallax_layout_bg_x&quot;:50,&quot;jet_parallax_layout_bg_x_tablet&quot;:&quot;&quot;,&quot;jet_parallax_layout_bg_x_mobile&quot;:&quot;&quot;,&quot;jet_parallax_layout_bg_y&quot;:50,&quot;jet_parallax_layout_bg_y_tablet&quot;:&quot;&quot;,&quot;jet_parallax_layout_bg_y_mobile&quot;:&quot;&quot;,&quot;jet_parallax_layout_bg_size&quot;:&quot;auto&quot;,&quot;jet_parallax_layout_bg_size_tablet&quot;:&quot;&quot;,&quot;jet_parallax_layout_bg_size_mobile&quot;:&quot;&quot;,&quot;jet_parallax_layout_animation_prop&quot;:&quot;transform&quot;,&quot;jet_parallax_layout_on&quot;:[&quot;desktop&quot;,&quot;tablet&quot;]}],&quot;background_background&quot;:&quot;classic&quot;}\">\n\t\t\t\t\t\t<div class=\"elementor-container elementor-column-gap-default\">\n\t\t\t\t\t<div class=\"elementor-column elementor-col-33 elementor-top-column elementor-element elementor-element-45ac923\" data-id=\"45ac923\" data-element_type=\"column\" data-e-type=\"column\">\n\t\t\t<div class=\"elementor-widget-wrap elementor-element-populated\">\n\t\t\t\t\t\t<div class=\"elementor-element elementor-element-14553a9 elementor-widget elementor-widget-image\" data-id=\"14553a9\" data-element_type=\"widget\" data-e-type=\"widget\" data-widget_type=\"image.default\">\n\t\t\t\t<div class=\"elementor-widget-container\">\n\t\t\t\t\t\t\t\t\t\t\t\t\t\t\t<img fetchpriority=\"high\" decoding=\"async\" width=\"2560\" height=\"1730\" src=\"https:\/\/www.territoriomudejar.es\/wp-content\/uploads\/2023\/05\/FOTO-PUNTO-2-IGLESIA-1-4-scaled.jpg\" class=\"attachment-full size-full wp-image-14280\" alt=\"\" srcset=\"https:\/\/www.territoriomudejar.es\/wp-content\/uploads\/2023\/05\/FOTO-PUNTO-2-IGLESIA-1-4-scaled.jpg 2560w, https:\/\/www.territoriomudejar.es\/wp-content\/uploads\/2023\/05\/FOTO-PUNTO-2-IGLESIA-1-4-300x203.jpg 300w, https:\/\/www.territoriomudejar.es\/wp-content\/uploads\/2023\/05\/FOTO-PUNTO-2-IGLESIA-1-4-1024x692.jpg 1024w, https:\/\/www.territoriomudejar.es\/wp-content\/uploads\/2023\/05\/FOTO-PUNTO-2-IGLESIA-1-4-768x519.jpg 768w, https:\/\/www.territoriomudejar.es\/wp-content\/uploads\/2023\/05\/FOTO-PUNTO-2-IGLESIA-1-4-1536x1038.jpg 1536w, https:\/\/www.territoriomudejar.es\/wp-content\/uploads\/2023\/05\/FOTO-PUNTO-2-IGLESIA-1-4-2048x1384.jpg 2048w, https:\/\/www.territoriomudejar.es\/wp-content\/uploads\/2023\/05\/FOTO-PUNTO-2-IGLESIA-1-4-600x406.jpg 600w\" sizes=\"(max-width: 2560px) 100vw, 2560px\" \/>\t\t\t\t\t\t\t\t\t\t\t\t\t\t\t<\/div>\n\t\t\t\t<\/div>\n\t\t\t\t\t<\/div>\n\t\t<\/div>\n\t\t\t\t<div class=\"elementor-column elementor-col-66 elementor-top-column elementor-element elementor-element-05dd7e2\" data-id=\"05dd7e2\" data-element_type=\"column\" data-e-type=\"column\">\n\t\t\t<div class=\"elementor-widget-wrap elementor-element-populated\">\n\t\t\t\t\t\t<div class=\"elementor-element elementor-element-b144e08 elementor-widget elementor-widget-heading\" data-id=\"b144e08\" data-element_type=\"widget\" data-e-type=\"widget\" data-widget_type=\"heading.default\">\n\t\t\t\t<div class=\"elementor-widget-container\">\n\t\t\t\t\t<h2 class=\"elementor-heading-title elementor-size-default\">Acered<\/h2>\t\t\t\t<\/div>\n\t\t\t\t<\/div>\n\t\t\t\t<div class=\"elementor-element elementor-element-ab0214c elementor-widget elementor-widget-text-editor\" data-id=\"ab0214c\" data-element_type=\"widget\" data-e-type=\"widget\" data-widget_type=\"text-editor.default\">\n\t\t\t\t<div class=\"elementor-widget-container\">\n\t\t\t\t\t\t\t\t\t<p class=\"p1\">The tour has been carried out following the working model of the schools that participated in the project and adapted to the locality of Acered.<\/p>\n<p class=\"p1\">Acered, according to some research, comes from the Arabic &#8220;al sirat&#8221; (the road). It is located in the Sierra de Santa Cruz, and indeed, it must have been a means of communication between the Arab towns of Daruqa (Daroca) and Qalat Ayyub (Calatayud), as it still is today, a shortcut that would have been taken through the mountains.<\/p>\n<p class=\"p1\">The existence of a pre-Islamic population would not be surprising, as there are several examples of Pehistoric and Iberian settlements (Castellar de Berrueco, for example) in the surrounding area of the Comarca de Daroca.<\/p>\n\t\t\t\t\t\t\t\t<\/div>\n\t\t\t\t<\/div>\n\t\t\t\t\t<\/div>\n\t\t<\/div>\n\t\t\t\t\t<\/div>\n\t\t<\/section>\n\t\t\t\t<section class=\"elementor-section elementor-top-section elementor-element elementor-element-7262769 elementor-section-height-min-height elementor-section-boxed elementor-section-height-default elementor-section-items-middle\" data-id=\"7262769\" data-element_type=\"section\" data-e-type=\"section\" data-settings=\"{&quot;jet_parallax_layout_list&quot;:[{&quot;jet_parallax_layout_image&quot;:{&quot;url&quot;:&quot;&quot;,&quot;id&quot;:&quot;&quot;,&quot;size&quot;:&quot;&quot;},&quot;_id&quot;:&quot;9605e5b&quot;,&quot;jet_parallax_layout_speed&quot;:{&quot;unit&quot;:&quot;%&quot;,&quot;size&quot;:50,&quot;sizes&quot;:[]},&quot;jet_parallax_layout_image_tablet&quot;:{&quot;url&quot;:&quot;&quot;,&quot;id&quot;:&quot;&quot;,&quot;size&quot;:&quot;&quot;},&quot;jet_parallax_layout_image_mobile&quot;:{&quot;url&quot;:&quot;&quot;,&quot;id&quot;:&quot;&quot;,&quot;size&quot;:&quot;&quot;},&quot;jet_parallax_layout_type&quot;:&quot;scroll&quot;,&quot;jet_parallax_layout_direction&quot;:&quot;1&quot;,&quot;jet_parallax_layout_fx_direction&quot;:null,&quot;jet_parallax_layout_z_index&quot;:&quot;&quot;,&quot;jet_parallax_layout_bg_x&quot;:50,&quot;jet_parallax_layout_bg_x_tablet&quot;:&quot;&quot;,&quot;jet_parallax_layout_bg_x_mobile&quot;:&quot;&quot;,&quot;jet_parallax_layout_bg_y&quot;:50,&quot;jet_parallax_layout_bg_y_tablet&quot;:&quot;&quot;,&quot;jet_parallax_layout_bg_y_mobile&quot;:&quot;&quot;,&quot;jet_parallax_layout_bg_size&quot;:&quot;auto&quot;,&quot;jet_parallax_layout_bg_size_tablet&quot;:&quot;&quot;,&quot;jet_parallax_layout_bg_size_mobile&quot;:&quot;&quot;,&quot;jet_parallax_layout_animation_prop&quot;:&quot;transform&quot;,&quot;jet_parallax_layout_on&quot;:[&quot;desktop&quot;,&quot;tablet&quot;]}],&quot;background_background&quot;:&quot;classic&quot;}\">\n\t\t\t\t\t\t<div class=\"elementor-container elementor-column-gap-default\">\n\t\t\t\t\t<div class=\"elementor-column elementor-col-100 elementor-top-column elementor-element elementor-element-8709daf\" data-id=\"8709daf\" data-element_type=\"column\" data-e-type=\"column\">\n\t\t\t<div class=\"elementor-widget-wrap elementor-element-populated\">\n\t\t\t\t\t\t<div class=\"elementor-element elementor-element-5ebf30c elementor-widget elementor-widget-html\" data-id=\"5ebf30c\" data-element_type=\"widget\" data-e-type=\"widget\" data-widget_type=\"html.default\">\n\t\t\t\t<div class=\"elementor-widget-container\">\n\t\t\t\t\t<iframe data-src=\"https:\/\/www.google.com\/maps\/d\/embed?mid=1IiH3-TEjoNcpSkZc2j-t9qwD9HQIcms&amp;ehbc=2E312F\" width=\"640\" height=\"480\" src=\"data:image\/svg+xml;base64,PHN2ZyB3aWR0aD0iMSIgaGVpZ2h0PSIxIiB4bWxucz0iaHR0cDovL3d3dy53My5vcmcvMjAwMC9zdmciPjwvc3ZnPg==\" class=\"lazyload\" data-load-mode=\"1\"><\/iframe>\t\t\t\t<\/div>\n\t\t\t\t<\/div>\n\t\t\t\t<div class=\"elementor-element elementor-element-eb2fb66 elementor-align-center elementor-widget elementor-widget-button\" data-id=\"eb2fb66\" data-element_type=\"widget\" data-e-type=\"widget\" data-widget_type=\"button.default\">\n\t\t\t\t<div class=\"elementor-widget-container\">\n\t\t\t\t\t\t\t\t\t<div class=\"elementor-button-wrapper\">\n\t\t\t\t\t<a class=\"elementor-button elementor-button-link elementor-size-sm\" href=\"https:\/\/www.territoriomudejar.es\/wp-content\/uploads\/2023\/05\/Acered-Paseos-en-familia.pdf\" target=\"_blank\">\n\t\t\t\t\t\t<span class=\"elementor-button-content-wrapper\">\n\t\t\t\t\t\t\t\t\t<span class=\"elementor-button-text\">DOWNLOAD PDF<\/span>\n\t\t\t\t\t<\/span>\n\t\t\t\t\t<\/a>\n\t\t\t\t<\/div>\n\t\t\t\t\t\t\t\t<\/div>\n\t\t\t\t<\/div>\n\t\t\t\t\t<\/div>\n\t\t<\/div>\n\t\t\t\t\t<\/div>\n\t\t<\/section>\n\t\t\t\t<section class=\"elementor-section elementor-top-section elementor-element elementor-element-1f13195 elementor-section-boxed elementor-section-height-default elementor-section-height-default\" data-id=\"1f13195\" data-element_type=\"section\" data-e-type=\"section\" data-settings=\"{&quot;jet_parallax_layout_list&quot;:[{&quot;jet_parallax_layout_image&quot;:{&quot;url&quot;:&quot;&quot;,&quot;id&quot;:&quot;&quot;,&quot;size&quot;:&quot;&quot;},&quot;_id&quot;:&quot;eb651b9&quot;,&quot;jet_parallax_layout_speed&quot;:{&quot;unit&quot;:&quot;%&quot;,&quot;size&quot;:50,&quot;sizes&quot;:[]},&quot;jet_parallax_layout_image_tablet&quot;:{&quot;url&quot;:&quot;&quot;,&quot;id&quot;:&quot;&quot;,&quot;size&quot;:&quot;&quot;},&quot;jet_parallax_layout_image_mobile&quot;:{&quot;url&quot;:&quot;&quot;,&quot;id&quot;:&quot;&quot;,&quot;size&quot;:&quot;&quot;},&quot;jet_parallax_layout_type&quot;:&quot;scroll&quot;,&quot;jet_parallax_layout_direction&quot;:&quot;1&quot;,&quot;jet_parallax_layout_fx_direction&quot;:null,&quot;jet_parallax_layout_z_index&quot;:&quot;&quot;,&quot;jet_parallax_layout_bg_x&quot;:50,&quot;jet_parallax_layout_bg_x_tablet&quot;:&quot;&quot;,&quot;jet_parallax_layout_bg_x_mobile&quot;:&quot;&quot;,&quot;jet_parallax_layout_bg_y&quot;:50,&quot;jet_parallax_layout_bg_y_tablet&quot;:&quot;&quot;,&quot;jet_parallax_layout_bg_y_mobile&quot;:&quot;&quot;,&quot;jet_parallax_layout_bg_size&quot;:&quot;auto&quot;,&quot;jet_parallax_layout_bg_size_tablet&quot;:&quot;&quot;,&quot;jet_parallax_layout_bg_size_mobile&quot;:&quot;&quot;,&quot;jet_parallax_layout_animation_prop&quot;:&quot;transform&quot;,&quot;jet_parallax_layout_on&quot;:[&quot;desktop&quot;,&quot;tablet&quot;]}]}\">\n\t\t\t\t\t\t<div class=\"elementor-container elementor-column-gap-wider\">\n\t\t\t\t\t<div class=\"elementor-column elementor-col-33 elementor-top-column elementor-element elementor-element-95b9625\" data-id=\"95b9625\" data-element_type=\"column\" data-e-type=\"column\" data-settings=\"{&quot;background_background&quot;:&quot;classic&quot;}\">\n\t\t\t<div class=\"elementor-widget-wrap elementor-element-populated\">\n\t\t\t\t\t\t<div class=\"elementor-element elementor-element-f371473 elementor-widget elementor-widget-image\" data-id=\"f371473\" data-element_type=\"widget\" data-e-type=\"widget\" data-widget_type=\"image.default\">\n\t\t\t\t<div class=\"elementor-widget-container\">\n\t\t\t\t\t\t\t\t\t\t\t\t\t\t\t<img decoding=\"async\" width=\"765\" height=\"1024\" data-src=\"https:\/\/www.territoriomudejar.es\/wp-content\/uploads\/2023\/05\/FOTO-PUNTO-1-CRUZ--765x1024.jpg\" class=\"attachment-large size-large wp-image-14278 lazyload\" alt=\"\" data-srcset=\"https:\/\/www.territoriomudejar.es\/wp-content\/uploads\/2023\/05\/FOTO-PUNTO-1-CRUZ--765x1024.jpg 765w, https:\/\/www.territoriomudejar.es\/wp-content\/uploads\/2023\/05\/FOTO-PUNTO-1-CRUZ--224x300.jpg 224w, https:\/\/www.territoriomudejar.es\/wp-content\/uploads\/2023\/05\/FOTO-PUNTO-1-CRUZ--768x1029.jpg 768w, https:\/\/www.territoriomudejar.es\/wp-content\/uploads\/2023\/05\/FOTO-PUNTO-1-CRUZ--1147x1536.jpg 1147w, https:\/\/www.territoriomudejar.es\/wp-content\/uploads\/2023\/05\/FOTO-PUNTO-1-CRUZ--600x804.jpg 600w, https:\/\/www.territoriomudejar.es\/wp-content\/uploads\/2023\/05\/FOTO-PUNTO-1-CRUZ-.jpg 1170w\" data-sizes=\"(max-width: 765px) 100vw, 765px\" src=\"data:image\/svg+xml;base64,PHN2ZyB3aWR0aD0iMSIgaGVpZ2h0PSIxIiB4bWxucz0iaHR0cDovL3d3dy53My5vcmcvMjAwMC9zdmciPjwvc3ZnPg==\" style=\"--smush-placeholder-width: 765px; --smush-placeholder-aspect-ratio: 765\/1024;\" \/>\t\t\t\t\t\t\t\t\t\t\t\t\t\t\t<\/div>\n\t\t\t\t<\/div>\n\t\t\t\t\t<\/div>\n\t\t<\/div>\n\t\t\t\t<div class=\"elementor-column elementor-col-66 elementor-top-column elementor-element elementor-element-c1c7be1\" data-id=\"c1c7be1\" data-element_type=\"column\" data-e-type=\"column\">\n\t\t\t<div class=\"elementor-widget-wrap elementor-element-populated\">\n\t\t\t\t\t\t<div class=\"elementor-element elementor-element-e1ef455 elementor-align-left elementor-widget elementor-widget-raven-heading\" data-id=\"e1ef455\" data-element_type=\"widget\" data-e-type=\"widget\" data-widget_type=\"raven-heading.default\">\n\t\t\t\t<div class=\"elementor-widget-container\">\n\t\t\t\t\t\t\t<div class=\"raven-widget-wrapper\"><h2 class=\"raven-heading raven-heading-h2\"><span class=\"raven-heading-title \">1. History of the town<\/span><\/h2><\/div>\n\t\t\t\t\t\t<\/div>\n\t\t\t\t<\/div>\n\t\t\t\t<div class=\"elementor-element elementor-element-20796a0 elementor-widget elementor-widget-text-editor\" data-id=\"20796a0\" data-element_type=\"widget\" data-e-type=\"widget\" data-widget_type=\"text-editor.default\">\n\t\t\t\t<div class=\"elementor-widget-container\">\n\t\t\t\t\t\t\t\t\t<p class=\"p1\">The original nucleus of the town is located in a small walled enclosure that is still preserved on a nearby hill, where the hermitage of the Virgen de Sem\u00f3n stands today. It was later rebuilt to face the various battles with Castile, although nothing can be taken for granted. Acered had a moment of splendour in the 17th century, the result of which are its main buildings. <\/p>\n<p><em><strong>This point is linked to the <a href=\"https:\/\/www.territoriomudejar.es\/wp-content\/uploads\/2023\/04\/Paseos-en-familia-actividad-1.pdf\" target=\"_blank\" rel=\"noopener\">didactic activity 1<\/a>.<\/strong><\/em><\/p>\n\t\t\t\t\t\t\t\t<\/div>\n\t\t\t\t<\/div>\n\t\t\t\t\t<\/div>\n\t\t<\/div>\n\t\t\t\t\t<\/div>\n\t\t<\/section>\n\t\t\t\t<section class=\"elementor-section elementor-top-section elementor-element elementor-element-9257af2 elementor-section-boxed elementor-section-height-default elementor-section-height-default\" data-id=\"9257af2\" data-element_type=\"section\" data-e-type=\"section\" data-settings=\"{&quot;jet_parallax_layout_list&quot;:[{&quot;jet_parallax_layout_image&quot;:{&quot;url&quot;:&quot;&quot;,&quot;id&quot;:&quot;&quot;,&quot;size&quot;:&quot;&quot;},&quot;_id&quot;:&quot;eb651b9&quot;,&quot;jet_parallax_layout_speed&quot;:{&quot;unit&quot;:&quot;%&quot;,&quot;size&quot;:50,&quot;sizes&quot;:[]},&quot;jet_parallax_layout_image_tablet&quot;:{&quot;url&quot;:&quot;&quot;,&quot;id&quot;:&quot;&quot;,&quot;size&quot;:&quot;&quot;},&quot;jet_parallax_layout_image_mobile&quot;:{&quot;url&quot;:&quot;&quot;,&quot;id&quot;:&quot;&quot;,&quot;size&quot;:&quot;&quot;},&quot;jet_parallax_layout_type&quot;:&quot;scroll&quot;,&quot;jet_parallax_layout_direction&quot;:&quot;1&quot;,&quot;jet_parallax_layout_fx_direction&quot;:null,&quot;jet_parallax_layout_z_index&quot;:&quot;&quot;,&quot;jet_parallax_layout_bg_x&quot;:50,&quot;jet_parallax_layout_bg_x_tablet&quot;:&quot;&quot;,&quot;jet_parallax_layout_bg_x_mobile&quot;:&quot;&quot;,&quot;jet_parallax_layout_bg_y&quot;:50,&quot;jet_parallax_layout_bg_y_tablet&quot;:&quot;&quot;,&quot;jet_parallax_layout_bg_y_mobile&quot;:&quot;&quot;,&quot;jet_parallax_layout_bg_size&quot;:&quot;auto&quot;,&quot;jet_parallax_layout_bg_size_tablet&quot;:&quot;&quot;,&quot;jet_parallax_layout_bg_size_mobile&quot;:&quot;&quot;,&quot;jet_parallax_layout_animation_prop&quot;:&quot;transform&quot;,&quot;jet_parallax_layout_on&quot;:[&quot;desktop&quot;,&quot;tablet&quot;]}]}\">\n\t\t\t\t\t\t<div class=\"elementor-container elementor-column-gap-wider\">\n\t\t\t\t\t<div class=\"elementor-column elementor-col-33 elementor-top-column elementor-element elementor-element-91787c3\" data-id=\"91787c3\" data-element_type=\"column\" data-e-type=\"column\" data-settings=\"{&quot;background_background&quot;:&quot;classic&quot;}\">\n\t\t\t<div class=\"elementor-widget-wrap elementor-element-populated\">\n\t\t\t\t\t\t<div class=\"elementor-element elementor-element-b63bb27 elementor-widget elementor-widget-image\" data-id=\"b63bb27\" data-element_type=\"widget\" data-e-type=\"widget\" data-widget_type=\"image.default\">\n\t\t\t\t<div class=\"elementor-widget-container\">\n\t\t\t\t\t\t\t\t\t\t\t\t\t\t\t<img decoding=\"async\" width=\"1024\" height=\"692\" data-src=\"https:\/\/www.territoriomudejar.es\/wp-content\/uploads\/2023\/05\/FOTO-PUNTO-2-IGLESIA-1-4-1024x692.jpg\" class=\"attachment-large size-large wp-image-14280 lazyload\" alt=\"\" data-srcset=\"https:\/\/www.territoriomudejar.es\/wp-content\/uploads\/2023\/05\/FOTO-PUNTO-2-IGLESIA-1-4-1024x692.jpg 1024w, https:\/\/www.territoriomudejar.es\/wp-content\/uploads\/2023\/05\/FOTO-PUNTO-2-IGLESIA-1-4-300x203.jpg 300w, https:\/\/www.territoriomudejar.es\/wp-content\/uploads\/2023\/05\/FOTO-PUNTO-2-IGLESIA-1-4-768x519.jpg 768w, https:\/\/www.territoriomudejar.es\/wp-content\/uploads\/2023\/05\/FOTO-PUNTO-2-IGLESIA-1-4-1536x1038.jpg 1536w, https:\/\/www.territoriomudejar.es\/wp-content\/uploads\/2023\/05\/FOTO-PUNTO-2-IGLESIA-1-4-2048x1384.jpg 2048w, https:\/\/www.territoriomudejar.es\/wp-content\/uploads\/2023\/05\/FOTO-PUNTO-2-IGLESIA-1-4-600x406.jpg 600w\" data-sizes=\"(max-width: 1024px) 100vw, 1024px\" src=\"data:image\/svg+xml;base64,PHN2ZyB3aWR0aD0iMSIgaGVpZ2h0PSIxIiB4bWxucz0iaHR0cDovL3d3dy53My5vcmcvMjAwMC9zdmciPjwvc3ZnPg==\" style=\"--smush-placeholder-width: 1024px; --smush-placeholder-aspect-ratio: 1024\/692;\" \/>\t\t\t\t\t\t\t\t\t\t\t\t\t\t\t<\/div>\n\t\t\t\t<\/div>\n\t\t\t\t\t<\/div>\n\t\t<\/div>\n\t\t\t\t<div class=\"elementor-column elementor-col-66 elementor-top-column elementor-element elementor-element-db22c9c\" data-id=\"db22c9c\" data-element_type=\"column\" data-e-type=\"column\">\n\t\t\t<div class=\"elementor-widget-wrap elementor-element-populated\">\n\t\t\t\t\t\t<div class=\"elementor-element elementor-element-d1deb95 elementor-align-left elementor-widget elementor-widget-raven-heading\" data-id=\"d1deb95\" data-element_type=\"widget\" data-e-type=\"widget\" data-widget_type=\"raven-heading.default\">\n\t\t\t\t<div class=\"elementor-widget-container\">\n\t\t\t\t\t\t\t<div class=\"raven-widget-wrapper\"><h2 class=\"raven-heading raven-heading-h2\"><span class=\"raven-heading-title \">2. Mudejar Architecture<\/span><\/h2><\/div>\n\t\t\t\t\t\t<\/div>\n\t\t\t\t<\/div>\n\t\t\t\t<div class=\"elementor-element elementor-element-4b47b7b elementor-widget elementor-widget-text-editor\" data-id=\"4b47b7b\" data-element_type=\"widget\" data-e-type=\"widget\" data-widget_type=\"text-editor.default\">\n\t\t\t\t<div class=\"elementor-widget-container\">\n\t\t\t\t\t\t\t\t\t<p class=\"p1\">The Church of Nuestra Se\u00f1ora de la Asunci\u00f3n in Acered allows us to speak of the reminiscences of the Mudejar style. The current building is the work of Juan de la Marca, dating from the 17th century. The plasterwork of Mudejar tradition in the interior stands out. Before the present church there was another one, of which the tower and a part of the wall with a brick arch have been preserved.   <\/p>\n<p><em><strong>This point is linked to the <a href=\"https:\/\/www.territoriomudejar.es\/wp-content\/uploads\/2023\/04\/Paseos-en-familia-actividad-5.pdf\" target=\"_blank\" rel=\"noopener\">didactic activity 5<\/a>.<\/strong><\/em><\/p>\n\t\t\t\t\t\t\t\t<\/div>\n\t\t\t\t<\/div>\n\t\t\t\t\t<\/div>\n\t\t<\/div>\n\t\t\t\t\t<\/div>\n\t\t<\/section>\n\t\t\t\t<section class=\"elementor-section elementor-top-section elementor-element elementor-element-a6699fd elementor-section-boxed elementor-section-height-default elementor-section-height-default\" data-id=\"a6699fd\" data-element_type=\"section\" data-e-type=\"section\" data-settings=\"{&quot;jet_parallax_layout_list&quot;:[{&quot;jet_parallax_layout_image&quot;:{&quot;url&quot;:&quot;&quot;,&quot;id&quot;:&quot;&quot;,&quot;size&quot;:&quot;&quot;},&quot;_id&quot;:&quot;eb651b9&quot;,&quot;jet_parallax_layout_speed&quot;:{&quot;unit&quot;:&quot;%&quot;,&quot;size&quot;:50,&quot;sizes&quot;:[]},&quot;jet_parallax_layout_image_tablet&quot;:{&quot;url&quot;:&quot;&quot;,&quot;id&quot;:&quot;&quot;,&quot;size&quot;:&quot;&quot;},&quot;jet_parallax_layout_image_mobile&quot;:{&quot;url&quot;:&quot;&quot;,&quot;id&quot;:&quot;&quot;,&quot;size&quot;:&quot;&quot;},&quot;jet_parallax_layout_type&quot;:&quot;scroll&quot;,&quot;jet_parallax_layout_direction&quot;:&quot;1&quot;,&quot;jet_parallax_layout_fx_direction&quot;:null,&quot;jet_parallax_layout_z_index&quot;:&quot;&quot;,&quot;jet_parallax_layout_bg_x&quot;:50,&quot;jet_parallax_layout_bg_x_tablet&quot;:&quot;&quot;,&quot;jet_parallax_layout_bg_x_mobile&quot;:&quot;&quot;,&quot;jet_parallax_layout_bg_y&quot;:50,&quot;jet_parallax_layout_bg_y_tablet&quot;:&quot;&quot;,&quot;jet_parallax_layout_bg_y_mobile&quot;:&quot;&quot;,&quot;jet_parallax_layout_bg_size&quot;:&quot;auto&quot;,&quot;jet_parallax_layout_bg_size_tablet&quot;:&quot;&quot;,&quot;jet_parallax_layout_bg_size_mobile&quot;:&quot;&quot;,&quot;jet_parallax_layout_animation_prop&quot;:&quot;transform&quot;,&quot;jet_parallax_layout_on&quot;:[&quot;desktop&quot;,&quot;tablet&quot;]}]}\">\n\t\t\t\t\t\t<div class=\"elementor-container elementor-column-gap-wider\">\n\t\t\t\t\t<div class=\"elementor-column elementor-col-33 elementor-top-column elementor-element elementor-element-119418d\" data-id=\"119418d\" data-element_type=\"column\" data-e-type=\"column\" data-settings=\"{&quot;background_background&quot;:&quot;classic&quot;}\">\n\t\t\t<div class=\"elementor-widget-wrap elementor-element-populated\">\n\t\t\t\t\t\t<div class=\"elementor-element elementor-element-cb70def elementor-widget elementor-widget-image\" data-id=\"cb70def\" data-element_type=\"widget\" data-e-type=\"widget\" data-widget_type=\"image.default\">\n\t\t\t\t<div class=\"elementor-widget-container\">\n\t\t\t\t\t\t\t\t\t\t\t\t\t\t\t<img decoding=\"async\" width=\"768\" height=\"1024\" data-src=\"https:\/\/www.territoriomudejar.es\/wp-content\/uploads\/2023\/05\/FOTO-PUNTO-3-PLAZA-1-1-768x1024.jpg\" class=\"attachment-large size-large wp-image-14282 lazyload\" alt=\"\" data-srcset=\"https:\/\/www.territoriomudejar.es\/wp-content\/uploads\/2023\/05\/FOTO-PUNTO-3-PLAZA-1-1-768x1024.jpg 768w, https:\/\/www.territoriomudejar.es\/wp-content\/uploads\/2023\/05\/FOTO-PUNTO-3-PLAZA-1-1-225x300.jpg 225w, https:\/\/www.territoriomudejar.es\/wp-content\/uploads\/2023\/05\/FOTO-PUNTO-3-PLAZA-1-1-1152x1536.jpg 1152w, https:\/\/www.territoriomudejar.es\/wp-content\/uploads\/2023\/05\/FOTO-PUNTO-3-PLAZA-1-1-1536x2048.jpg 1536w, https:\/\/www.territoriomudejar.es\/wp-content\/uploads\/2023\/05\/FOTO-PUNTO-3-PLAZA-1-1-600x800.jpg 600w, https:\/\/www.territoriomudejar.es\/wp-content\/uploads\/2023\/05\/FOTO-PUNTO-3-PLAZA-1-1-scaled.jpg 1920w\" data-sizes=\"(max-width: 768px) 100vw, 768px\" src=\"data:image\/svg+xml;base64,PHN2ZyB3aWR0aD0iMSIgaGVpZ2h0PSIxIiB4bWxucz0iaHR0cDovL3d3dy53My5vcmcvMjAwMC9zdmciPjwvc3ZnPg==\" style=\"--smush-placeholder-width: 768px; --smush-placeholder-aspect-ratio: 768\/1024;\" \/>\t\t\t\t\t\t\t\t\t\t\t\t\t\t\t<\/div>\n\t\t\t\t<\/div>\n\t\t\t\t\t<\/div>\n\t\t<\/div>\n\t\t\t\t<div class=\"elementor-column elementor-col-66 elementor-top-column elementor-element elementor-element-01e59db\" data-id=\"01e59db\" data-element_type=\"column\" data-e-type=\"column\">\n\t\t\t<div class=\"elementor-widget-wrap elementor-element-populated\">\n\t\t\t\t\t\t<div class=\"elementor-element elementor-element-c426601 elementor-align-left elementor-widget elementor-widget-raven-heading\" data-id=\"c426601\" data-element_type=\"widget\" data-e-type=\"widget\" data-widget_type=\"raven-heading.default\">\n\t\t\t\t<div class=\"elementor-widget-container\">\n\t\t\t\t\t\t\t<div class=\"raven-widget-wrapper\"><h2 class=\"raven-heading raven-heading-h2\"><span class=\"raven-heading-title \">3. Coexistence of cultures<\/span><\/h2><\/div>\n\t\t\t\t\t\t<\/div>\n\t\t\t\t<\/div>\n\t\t\t\t<div class=\"elementor-element elementor-element-6a733d5 elementor-widget elementor-widget-text-editor\" data-id=\"6a733d5\" data-element_type=\"widget\" data-e-type=\"widget\" data-widget_type=\"text-editor.default\">\n\t\t\t\t<div class=\"elementor-widget-container\">\n\t\t\t\t\t\t\t\t\t<p class=\"p1\">During the Middle Ages, three cultures coexisted in our territory: Christians, Jews and Muslims (called Mudejars after Christian rule). Each culture could freely develop its religion and customs, but they were forced to live separately in the so-called &#8220;morer\u00edas&#8221; and &#8220;juder\u00edas&#8221;. In our towns, we have preserved part of this medieval urban separation in the current plan, which is reflected in the layout of the streets.  <\/p>\n<p><em><strong>This point is linked to the <a href=\"https:\/\/www.territoriomudejar.es\/wp-content\/uploads\/2023\/04\/Paseos-en-familia-actividad-2.pdf\" target=\"_blank\" rel=\"noopener\">didactic activity 2<\/a><\/strong><\/em><\/p>\n\t\t\t\t\t\t\t\t<\/div>\n\t\t\t\t<\/div>\n\t\t\t\t\t<\/div>\n\t\t<\/div>\n\t\t\t\t\t<\/div>\n\t\t<\/section>\n\t\t\t\t<section class=\"elementor-section elementor-top-section elementor-element elementor-element-2ff7e22 elementor-section-boxed elementor-section-height-default elementor-section-height-default\" data-id=\"2ff7e22\" data-element_type=\"section\" data-e-type=\"section\" data-settings=\"{&quot;jet_parallax_layout_list&quot;:[{&quot;jet_parallax_layout_image&quot;:{&quot;url&quot;:&quot;&quot;,&quot;id&quot;:&quot;&quot;,&quot;size&quot;:&quot;&quot;},&quot;_id&quot;:&quot;eb651b9&quot;,&quot;jet_parallax_layout_speed&quot;:{&quot;unit&quot;:&quot;%&quot;,&quot;size&quot;:50,&quot;sizes&quot;:[]},&quot;jet_parallax_layout_image_tablet&quot;:{&quot;url&quot;:&quot;&quot;,&quot;id&quot;:&quot;&quot;,&quot;size&quot;:&quot;&quot;},&quot;jet_parallax_layout_image_mobile&quot;:{&quot;url&quot;:&quot;&quot;,&quot;id&quot;:&quot;&quot;,&quot;size&quot;:&quot;&quot;},&quot;jet_parallax_layout_type&quot;:&quot;scroll&quot;,&quot;jet_parallax_layout_direction&quot;:&quot;1&quot;,&quot;jet_parallax_layout_fx_direction&quot;:null,&quot;jet_parallax_layout_z_index&quot;:&quot;&quot;,&quot;jet_parallax_layout_bg_x&quot;:50,&quot;jet_parallax_layout_bg_x_tablet&quot;:&quot;&quot;,&quot;jet_parallax_layout_bg_x_mobile&quot;:&quot;&quot;,&quot;jet_parallax_layout_bg_y&quot;:50,&quot;jet_parallax_layout_bg_y_tablet&quot;:&quot;&quot;,&quot;jet_parallax_layout_bg_y_mobile&quot;:&quot;&quot;,&quot;jet_parallax_layout_bg_size&quot;:&quot;auto&quot;,&quot;jet_parallax_layout_bg_size_tablet&quot;:&quot;&quot;,&quot;jet_parallax_layout_bg_size_mobile&quot;:&quot;&quot;,&quot;jet_parallax_layout_animation_prop&quot;:&quot;transform&quot;,&quot;jet_parallax_layout_on&quot;:[&quot;desktop&quot;,&quot;tablet&quot;]}]}\">\n\t\t\t\t\t\t<div class=\"elementor-container elementor-column-gap-wider\">\n\t\t\t\t\t<div class=\"elementor-column elementor-col-33 elementor-top-column elementor-element elementor-element-84fb65c\" data-id=\"84fb65c\" data-element_type=\"column\" data-e-type=\"column\" data-settings=\"{&quot;background_background&quot;:&quot;classic&quot;}\">\n\t\t\t<div class=\"elementor-widget-wrap elementor-element-populated\">\n\t\t\t\t\t\t<div class=\"elementor-element elementor-element-ab23cfd elementor-widget elementor-widget-image\" data-id=\"ab23cfd\" data-element_type=\"widget\" data-e-type=\"widget\" data-widget_type=\"image.default\">\n\t\t\t\t<div class=\"elementor-widget-container\">\n\t\t\t\t\t\t\t\t\t\t\t\t\t\t\t<img decoding=\"async\" width=\"768\" height=\"1024\" data-src=\"https:\/\/www.territoriomudejar.es\/wp-content\/uploads\/2023\/05\/FOTO-PUNTO-4-CALLE-CALLIZO--768x1024.jpg\" class=\"attachment-large size-large wp-image-14284 lazyload\" alt=\"\" data-srcset=\"https:\/\/www.territoriomudejar.es\/wp-content\/uploads\/2023\/05\/FOTO-PUNTO-4-CALLE-CALLIZO--768x1024.jpg 768w, https:\/\/www.territoriomudejar.es\/wp-content\/uploads\/2023\/05\/FOTO-PUNTO-4-CALLE-CALLIZO--225x300.jpg 225w, https:\/\/www.territoriomudejar.es\/wp-content\/uploads\/2023\/05\/FOTO-PUNTO-4-CALLE-CALLIZO--1152x1536.jpg 1152w, https:\/\/www.territoriomudejar.es\/wp-content\/uploads\/2023\/05\/FOTO-PUNTO-4-CALLE-CALLIZO--1536x2048.jpg 1536w, https:\/\/www.territoriomudejar.es\/wp-content\/uploads\/2023\/05\/FOTO-PUNTO-4-CALLE-CALLIZO--600x800.jpg 600w, https:\/\/www.territoriomudejar.es\/wp-content\/uploads\/2023\/05\/FOTO-PUNTO-4-CALLE-CALLIZO--scaled.jpg 1920w\" data-sizes=\"(max-width: 768px) 100vw, 768px\" src=\"data:image\/svg+xml;base64,PHN2ZyB3aWR0aD0iMSIgaGVpZ2h0PSIxIiB4bWxucz0iaHR0cDovL3d3dy53My5vcmcvMjAwMC9zdmciPjwvc3ZnPg==\" style=\"--smush-placeholder-width: 768px; --smush-placeholder-aspect-ratio: 768\/1024;\" \/>\t\t\t\t\t\t\t\t\t\t\t\t\t\t\t<\/div>\n\t\t\t\t<\/div>\n\t\t\t\t\t<\/div>\n\t\t<\/div>\n\t\t\t\t<div class=\"elementor-column elementor-col-66 elementor-top-column elementor-element elementor-element-9cfdf8c\" data-id=\"9cfdf8c\" data-element_type=\"column\" data-e-type=\"column\">\n\t\t\t<div class=\"elementor-widget-wrap elementor-element-populated\">\n\t\t\t\t\t\t<div class=\"elementor-element elementor-element-63664f7 elementor-align-left elementor-widget elementor-widget-raven-heading\" data-id=\"63664f7\" data-element_type=\"widget\" data-e-type=\"widget\" data-widget_type=\"raven-heading.default\">\n\t\t\t\t<div class=\"elementor-widget-container\">\n\t\t\t\t\t\t\t<div class=\"raven-widget-wrapper\"><h2 class=\"raven-heading raven-heading-h2\"><span class=\"raven-heading-title \">4. Construction materials<\/span><\/h2><\/div>\n\t\t\t\t\t\t<\/div>\n\t\t\t\t<\/div>\n\t\t\t\t<div class=\"elementor-element elementor-element-2e0e101 elementor-widget elementor-widget-text-editor\" data-id=\"2e0e101\" data-element_type=\"widget\" data-e-type=\"widget\" data-widget_type=\"text-editor.default\">\n\t\t\t\t<div class=\"elementor-widget-container\">\n\t\t\t\t\t\t\t\t\t<p class=\"p1\">In Acered, as in other localities, we can see the materials used for the Mudejar monuments or later ones, such as the church, adapted to the houses in common use. The materials used by the Mudejars can also be found in the surrounding landscape. The most commonly used are clay, plaster, alabaster and wood.  <\/p>\n<p><em><strong>This point is linked to the <a href=\"https:\/\/www.territoriomudejar.es\/wp-content\/uploads\/2023\/04\/Paseos-en-familia-actividad-3.pdf\" target=\"_blank\" rel=\"noopener\">didactic activity 3<\/a><\/strong><\/em><\/p>\n\t\t\t\t\t\t\t\t<\/div>\n\t\t\t\t<\/div>\n\t\t\t\t\t<\/div>\n\t\t<\/div>\n\t\t\t\t\t<\/div>\n\t\t<\/section>\n\t\t\t\t<section class=\"elementor-section elementor-top-section elementor-element elementor-element-4cf1eba elementor-section-boxed elementor-section-height-default elementor-section-height-default\" data-id=\"4cf1eba\" data-element_type=\"section\" data-e-type=\"section\" data-settings=\"{&quot;jet_parallax_layout_list&quot;:[{&quot;jet_parallax_layout_image&quot;:{&quot;url&quot;:&quot;&quot;,&quot;id&quot;:&quot;&quot;,&quot;size&quot;:&quot;&quot;},&quot;_id&quot;:&quot;eb651b9&quot;,&quot;jet_parallax_layout_speed&quot;:{&quot;unit&quot;:&quot;%&quot;,&quot;size&quot;:50,&quot;sizes&quot;:[]},&quot;jet_parallax_layout_image_tablet&quot;:{&quot;url&quot;:&quot;&quot;,&quot;id&quot;:&quot;&quot;,&quot;size&quot;:&quot;&quot;},&quot;jet_parallax_layout_image_mobile&quot;:{&quot;url&quot;:&quot;&quot;,&quot;id&quot;:&quot;&quot;,&quot;size&quot;:&quot;&quot;},&quot;jet_parallax_layout_type&quot;:&quot;scroll&quot;,&quot;jet_parallax_layout_direction&quot;:&quot;1&quot;,&quot;jet_parallax_layout_fx_direction&quot;:null,&quot;jet_parallax_layout_z_index&quot;:&quot;&quot;,&quot;jet_parallax_layout_bg_x&quot;:50,&quot;jet_parallax_layout_bg_x_tablet&quot;:&quot;&quot;,&quot;jet_parallax_layout_bg_x_mobile&quot;:&quot;&quot;,&quot;jet_parallax_layout_bg_y&quot;:50,&quot;jet_parallax_layout_bg_y_tablet&quot;:&quot;&quot;,&quot;jet_parallax_layout_bg_y_mobile&quot;:&quot;&quot;,&quot;jet_parallax_layout_bg_size&quot;:&quot;auto&quot;,&quot;jet_parallax_layout_bg_size_tablet&quot;:&quot;&quot;,&quot;jet_parallax_layout_bg_size_mobile&quot;:&quot;&quot;,&quot;jet_parallax_layout_animation_prop&quot;:&quot;transform&quot;,&quot;jet_parallax_layout_on&quot;:[&quot;desktop&quot;,&quot;tablet&quot;]}]}\">\n\t\t\t\t\t\t<div class=\"elementor-container elementor-column-gap-wider\">\n\t\t\t\t\t<div class=\"elementor-column elementor-col-33 elementor-top-column elementor-element elementor-element-1dfdbd0\" data-id=\"1dfdbd0\" data-element_type=\"column\" data-e-type=\"column\" data-settings=\"{&quot;background_background&quot;:&quot;classic&quot;}\">\n\t\t\t<div class=\"elementor-widget-wrap elementor-element-populated\">\n\t\t\t\t\t\t<div class=\"elementor-element elementor-element-524d0e0 elementor-widget elementor-widget-image\" data-id=\"524d0e0\" data-element_type=\"widget\" data-e-type=\"widget\" data-widget_type=\"image.default\">\n\t\t\t\t<div class=\"elementor-widget-container\">\n\t\t\t\t\t\t\t\t\t\t\t\t\t\t\t<img decoding=\"async\" width=\"1024\" height=\"548\" data-src=\"https:\/\/www.territoriomudejar.es\/wp-content\/uploads\/2023\/05\/FOTO-PUNTO-5-LAVADERO--1024x548.jpg\" class=\"attachment-large size-large wp-image-14286 lazyload\" alt=\"\" data-srcset=\"https:\/\/www.territoriomudejar.es\/wp-content\/uploads\/2023\/05\/FOTO-PUNTO-5-LAVADERO--1024x548.jpg 1024w, https:\/\/www.territoriomudejar.es\/wp-content\/uploads\/2023\/05\/FOTO-PUNTO-5-LAVADERO--300x160.jpg 300w, https:\/\/www.territoriomudejar.es\/wp-content\/uploads\/2023\/05\/FOTO-PUNTO-5-LAVADERO--768x411.jpg 768w, https:\/\/www.territoriomudejar.es\/wp-content\/uploads\/2023\/05\/FOTO-PUNTO-5-LAVADERO--1536x821.jpg 1536w, https:\/\/www.territoriomudejar.es\/wp-content\/uploads\/2023\/05\/FOTO-PUNTO-5-LAVADERO--600x321.jpg 600w, https:\/\/www.territoriomudejar.es\/wp-content\/uploads\/2023\/05\/FOTO-PUNTO-5-LAVADERO-.jpg 2025w\" data-sizes=\"(max-width: 1024px) 100vw, 1024px\" src=\"data:image\/svg+xml;base64,PHN2ZyB3aWR0aD0iMSIgaGVpZ2h0PSIxIiB4bWxucz0iaHR0cDovL3d3dy53My5vcmcvMjAwMC9zdmciPjwvc3ZnPg==\" style=\"--smush-placeholder-width: 1024px; --smush-placeholder-aspect-ratio: 1024\/548;\" \/>\t\t\t\t\t\t\t\t\t\t\t\t\t\t\t<\/div>\n\t\t\t\t<\/div>\n\t\t\t\t\t<\/div>\n\t\t<\/div>\n\t\t\t\t<div class=\"elementor-column elementor-col-66 elementor-top-column elementor-element elementor-element-2c00bcc\" data-id=\"2c00bcc\" data-element_type=\"column\" data-e-type=\"column\">\n\t\t\t<div class=\"elementor-widget-wrap elementor-element-populated\">\n\t\t\t\t\t\t<div class=\"elementor-element elementor-element-bd7bb0b elementor-align-left elementor-widget elementor-widget-raven-heading\" data-id=\"bd7bb0b\" data-element_type=\"widget\" data-e-type=\"widget\" data-widget_type=\"raven-heading.default\">\n\t\t\t\t<div class=\"elementor-widget-container\">\n\t\t\t\t\t\t\t<div class=\"raven-widget-wrapper\"><h2 class=\"raven-heading raven-heading-h2\"><span class=\"raven-heading-title \">4. Importance of water<\/span><\/h2><\/div>\n\t\t\t\t\t\t<\/div>\n\t\t\t\t<\/div>\n\t\t\t\t<div class=\"elementor-element elementor-element-f1b2a01 elementor-widget elementor-widget-text-editor\" data-id=\"f1b2a01\" data-element_type=\"widget\" data-e-type=\"widget\" data-widget_type=\"text-editor.default\">\n\t\t\t\t<div class=\"elementor-widget-container\">\n\t\t\t\t\t\t\t\t\t<p class=\"p1\">For the Arab world, water is a fundamental and divine principle. For the Mudejars, who were Muslims, it would also be so. When the Arabs arrived in the Iberian Peninsula, they introduced many irrigation systems and techniques that we still preserve and use today. Some examples are the irrigation ditches, waterwheels and waterwheels.   <span class=\"Apple-converted-space\"> <\/span><\/p>\n<p class=\"p1\">Fountains date back to Roman times, as they served to supply the big cities, and were later replicated in the rural world. There are many different types of fountains and they date from the most ancient to the most recent. In this case, the fountain, the trough and the washing place are in the same structure: it is a clever way of economising resources.  <\/p>\n<p><em><strong>This point is linked to the <a href=\"https:\/\/www.territoriomudejar.es\/wp-content\/uploads\/2023\/04\/Paseos-en-familia-actividad-6.pdf\" target=\"_blank\" rel=\"noopener\">didactic activity 6<\/a><\/strong><\/em><\/p>\n\t\t\t\t\t\t\t\t<\/div>\n\t\t\t\t<\/div>\n\t\t\t\t\t<\/div>\n\t\t<\/div>\n\t\t\t\t\t<\/div>\n\t\t<\/section>\n\t\t\t\t<section class=\"elementor-section elementor-top-section elementor-element elementor-element-9191b5a elementor-section-boxed elementor-section-height-default elementor-section-height-default\" data-id=\"9191b5a\" data-element_type=\"section\" data-e-type=\"section\" data-settings=\"{&quot;jet_parallax_layout_list&quot;:[{&quot;jet_parallax_layout_image&quot;:{&quot;url&quot;:&quot;&quot;,&quot;id&quot;:&quot;&quot;,&quot;size&quot;:&quot;&quot;},&quot;_id&quot;:&quot;eb651b9&quot;,&quot;jet_parallax_layout_speed&quot;:{&quot;unit&quot;:&quot;%&quot;,&quot;size&quot;:50,&quot;sizes&quot;:[]},&quot;jet_parallax_layout_image_tablet&quot;:{&quot;url&quot;:&quot;&quot;,&quot;id&quot;:&quot;&quot;,&quot;size&quot;:&quot;&quot;},&quot;jet_parallax_layout_image_mobile&quot;:{&quot;url&quot;:&quot;&quot;,&quot;id&quot;:&quot;&quot;,&quot;size&quot;:&quot;&quot;},&quot;jet_parallax_layout_type&quot;:&quot;scroll&quot;,&quot;jet_parallax_layout_direction&quot;:&quot;1&quot;,&quot;jet_parallax_layout_fx_direction&quot;:null,&quot;jet_parallax_layout_z_index&quot;:&quot;&quot;,&quot;jet_parallax_layout_bg_x&quot;:50,&quot;jet_parallax_layout_bg_x_tablet&quot;:&quot;&quot;,&quot;jet_parallax_layout_bg_x_mobile&quot;:&quot;&quot;,&quot;jet_parallax_layout_bg_y&quot;:50,&quot;jet_parallax_layout_bg_y_tablet&quot;:&quot;&quot;,&quot;jet_parallax_layout_bg_y_mobile&quot;:&quot;&quot;,&quot;jet_parallax_layout_bg_size&quot;:&quot;auto&quot;,&quot;jet_parallax_layout_bg_size_tablet&quot;:&quot;&quot;,&quot;jet_parallax_layout_bg_size_mobile&quot;:&quot;&quot;,&quot;jet_parallax_layout_animation_prop&quot;:&quot;transform&quot;,&quot;jet_parallax_layout_on&quot;:[&quot;desktop&quot;,&quot;tablet&quot;]}]}\">\n\t\t\t\t\t\t<div class=\"elementor-container elementor-column-gap-wider\">\n\t\t\t\t\t<div class=\"elementor-column elementor-col-50 elementor-top-column elementor-element elementor-element-2b2f7b5\" data-id=\"2b2f7b5\" data-element_type=\"column\" data-e-type=\"column\" data-settings=\"{&quot;background_background&quot;:&quot;classic&quot;}\">\n\t\t\t<div class=\"elementor-widget-wrap elementor-element-populated\">\n\t\t\t\t\t\t<div class=\"elementor-element elementor-element-29dc804 elementor-widget elementor-widget-image\" data-id=\"29dc804\" data-element_type=\"widget\" data-e-type=\"widget\" data-widget_type=\"image.default\">\n\t\t\t\t<div class=\"elementor-widget-container\">\n\t\t\t\t\t\t\t\t\t\t\t\t\t\t\t<img decoding=\"async\" width=\"1024\" height=\"332\" data-src=\"https:\/\/www.territoriomudejar.es\/wp-content\/uploads\/2023\/01\/Logo-DPZ-Color-1024x332.png\" class=\"attachment-large size-large wp-image-13016 lazyload\" alt=\"\" data-srcset=\"https:\/\/www.territoriomudejar.es\/wp-content\/uploads\/2023\/01\/Logo-DPZ-Color-1024x332.png 1024w, https:\/\/www.territoriomudejar.es\/wp-content\/uploads\/2023\/01\/Logo-DPZ-Color-300x97.png 300w, https:\/\/www.territoriomudejar.es\/wp-content\/uploads\/2023\/01\/Logo-DPZ-Color-768x249.png 768w, https:\/\/www.territoriomudejar.es\/wp-content\/uploads\/2023\/01\/Logo-DPZ-Color-600x195.png 600w, https:\/\/www.territoriomudejar.es\/wp-content\/uploads\/2023\/01\/Logo-DPZ-Color.png 1300w\" data-sizes=\"(max-width: 1024px) 100vw, 1024px\" src=\"data:image\/svg+xml;base64,PHN2ZyB3aWR0aD0iMSIgaGVpZ2h0PSIxIiB4bWxucz0iaHR0cDovL3d3dy53My5vcmcvMjAwMC9zdmciPjwvc3ZnPg==\" style=\"--smush-placeholder-width: 1024px; --smush-placeholder-aspect-ratio: 1024\/332;\" \/>\t\t\t\t\t\t\t\t\t\t\t\t\t\t\t<\/div>\n\t\t\t\t<\/div>\n\t\t\t\t\t<\/div>\n\t\t<\/div>\n\t\t\t\t<div class=\"elementor-column elementor-col-50 elementor-top-column elementor-element elementor-element-cdd5459\" data-id=\"cdd5459\" data-element_type=\"column\" data-e-type=\"column\" data-settings=\"{&quot;background_background&quot;:&quot;classic&quot;}\">\n\t\t\t<div class=\"elementor-widget-wrap elementor-element-populated\">\n\t\t\t\t\t\t<div class=\"elementor-element elementor-element-66d01f0 elementor-widget elementor-widget-image\" data-id=\"66d01f0\" data-element_type=\"widget\" data-e-type=\"widget\" data-widget_type=\"image.default\">\n\t\t\t\t<div class=\"elementor-widget-container\">\n\t\t\t\t\t\t\t\t\t\t\t\t\t\t\t<img decoding=\"async\" width=\"1\" height=\"1\" data-src=\"https:\/\/www.territoriomudejar.es\/wp-content\/uploads\/2019\/12\/logo-territorio-mudejar-s.svg\" class=\"attachment-large size-large wp-image-3777 lazyload\" alt=\"\" src=\"data:image\/svg+xml;base64,PHN2ZyB3aWR0aD0iMSIgaGVpZ2h0PSIxIiB4bWxucz0iaHR0cDovL3d3dy53My5vcmcvMjAwMC9zdmciPjwvc3ZnPg==\" style=\"--smush-placeholder-width: 1px; --smush-placeholder-aspect-ratio: 1\/1;\" \/>\t\t\t\t\t\t\t\t\t\t\t\t\t\t\t<\/div>\n\t\t\t\t<\/div>\n\t\t\t\t\t<\/div>\n\t\t<\/div>\n\t\t\t\t\t<\/div>\n\t\t<\/section>\n\t\t\t\t<\/div>\n\t\t","protected":false},"excerpt":{"rendered":"<p>Circular from the rural school The &#8220;Circular from the rural school&#8221; project is a cooperation project between rural development groups led by the Asociaci\u00f3n Territorio Mud\u00e9jar. The following have participated in the project: ADRI Calatayud-Aranda, ADRI Jiloca-Gallocanta, FEDIVALCA -Valdejal\u00f3n and Campo de Cari\u00f1ena-, ASOMO Tarazona and el Moncayo, CEDEMAR -Bajo Arag\u00f3n Caspe and Ribera Baja [&hellip;]<\/p>\n","protected":false},"author":1,"featured_media":14280,"menu_order":0,"comment_status":"open","ping_status":"open","template":"","portfolio_category":[426],"portfolio_tag":[],"class_list":["post-22744","portfolio","type-portfolio","status-publish","has-post-thumbnail","hentry","portfolio_category-circular-towns"],"acf":[],"_links":{"self":[{"href":"https:\/\/www.territoriomudejar.es\/en\/wp-json\/wp\/v2\/portfolio\/22744","targetHints":{"allow":["GET"]}}],"collection":[{"href":"https:\/\/www.territoriomudejar.es\/en\/wp-json\/wp\/v2\/portfolio"}],"about":[{"href":"https:\/\/www.territoriomudejar.es\/en\/wp-json\/wp\/v2\/types\/portfolio"}],"author":[{"embeddable":true,"href":"https:\/\/www.territoriomudejar.es\/en\/wp-json\/wp\/v2\/users\/1"}],"replies":[{"embeddable":true,"href":"https:\/\/www.territoriomudejar.es\/en\/wp-json\/wp\/v2\/comments?post=22744"}],"version-history":[{"count":0,"href":"https:\/\/www.territoriomudejar.es\/en\/wp-json\/wp\/v2\/portfolio\/22744\/revisions"}],"wp:featuredmedia":[{"embeddable":true,"href":"https:\/\/www.territoriomudejar.es\/en\/wp-json\/wp\/v2\/media\/14280"}],"wp:attachment":[{"href":"https:\/\/www.territoriomudejar.es\/en\/wp-json\/wp\/v2\/media?parent=22744"}],"wp:term":[{"taxonomy":"portfolio_category","embeddable":true,"href":"https:\/\/www.territoriomudejar.es\/en\/wp-json\/wp\/v2\/portfolio_category?post=22744"},{"taxonomy":"portfolio_tag","embeddable":true,"href":"https:\/\/www.territoriomudejar.es\/en\/wp-json\/wp\/v2\/portfolio_tag?post=22744"}],"curies":[{"name":"wp","href":"https:\/\/api.w.org\/{rel}","templated":true}]}}