{"id":12637,"date":"2022-09-28T09:31:11","date_gmt":"2022-09-28T07:31:11","guid":{"rendered":"https:\/\/www.territoriomudejar.es\/patrimonio\/palace-of-the-condes-de-argilllo-savinan\/"},"modified":"2022-09-28T09:31:39","modified_gmt":"2022-09-28T07:31:39","slug":"palace-of-the-condes-de-argilllo-savinan","status":"publish","type":"portfolio","link":"https:\/\/www.territoriomudejar.es\/en\/patrimonio\/palace-of-the-condes-de-argilllo-savinan\/","title":{"rendered":"Palace of the Condes de Argilllo, Savi\u00f1\u00e1n"},"content":{"rendered":"\t\t<div data-elementor-type=\"wp-post\" data-elementor-id=\"12637\" class=\"elementor elementor-12637 elementor-7845\" data-elementor-post-type=\"portfolio\">\n\t\t\t\t\t\t<section class=\"elementor-section elementor-top-section elementor-element elementor-element-249ad110 elementor-section-boxed elementor-section-height-default elementor-section-height-default\" data-id=\"249ad110\" data-element_type=\"section\" data-e-type=\"section\" data-settings=\"{&quot;jet_parallax_layout_list&quot;:[{&quot;jet_parallax_layout_image&quot;:{&quot;url&quot;:&quot;&quot;,&quot;id&quot;:&quot;&quot;,&quot;size&quot;:&quot;&quot;},&quot;_id&quot;:&quot;3e1d12e&quot;,&quot;jet_parallax_layout_image_tablet&quot;:{&quot;url&quot;:&quot;&quot;,&quot;id&quot;:&quot;&quot;,&quot;size&quot;:&quot;&quot;},&quot;jet_parallax_layout_image_mobile&quot;:{&quot;url&quot;:&quot;&quot;,&quot;id&quot;:&quot;&quot;,&quot;size&quot;:&quot;&quot;},&quot;jet_parallax_layout_speed&quot;:{&quot;unit&quot;:&quot;%&quot;,&quot;size&quot;:50,&quot;sizes&quot;:[]},&quot;jet_parallax_layout_type&quot;:&quot;scroll&quot;,&quot;jet_parallax_layout_direction&quot;:&quot;1&quot;,&quot;jet_parallax_layout_fx_direction&quot;:null,&quot;jet_parallax_layout_z_index&quot;:&quot;&quot;,&quot;jet_parallax_layout_bg_x&quot;:50,&quot;jet_parallax_layout_bg_x_tablet&quot;:&quot;&quot;,&quot;jet_parallax_layout_bg_x_mobile&quot;:&quot;&quot;,&quot;jet_parallax_layout_bg_y&quot;:50,&quot;jet_parallax_layout_bg_y_tablet&quot;:&quot;&quot;,&quot;jet_parallax_layout_bg_y_mobile&quot;:&quot;&quot;,&quot;jet_parallax_layout_bg_size&quot;:&quot;auto&quot;,&quot;jet_parallax_layout_bg_size_tablet&quot;:&quot;&quot;,&quot;jet_parallax_layout_bg_size_mobile&quot;:&quot;&quot;,&quot;jet_parallax_layout_animation_prop&quot;:&quot;transform&quot;,&quot;jet_parallax_layout_on&quot;:[&quot;desktop&quot;,&quot;tablet&quot;]}],&quot;background_background&quot;:&quot;classic&quot;}\">\n\t\t\t\t\t\t<div class=\"elementor-container elementor-column-gap-default\">\n\t\t\t\t\t<div class=\"elementor-column elementor-col-50 elementor-top-column elementor-element elementor-element-69487c25\" data-id=\"69487c25\" data-element_type=\"column\" data-e-type=\"column\">\n\t\t\t<div class=\"elementor-widget-wrap elementor-element-populated\">\n\t\t\t\t\t\t<div class=\"elementor-element elementor-element-eb8bacf elementor-widget elementor-widget-image\" data-id=\"eb8bacf\" data-element_type=\"widget\" data-e-type=\"widget\" data-widget_type=\"image.default\">\n\t\t\t\t<div class=\"elementor-widget-container\">\n\t\t\t\t\t\t\t\t\t\t\t\t\t\t\t<img fetchpriority=\"high\" decoding=\"async\" width=\"800\" height=\"602\" src=\"https:\/\/www.territoriomudejar.es\/wp-content\/uploads\/2019\/04\/tobed-inicio.jpg\" class=\"attachment-full size-full wp-image-3598\" alt=\"\" srcset=\"https:\/\/www.territoriomudejar.es\/wp-content\/uploads\/2019\/04\/tobed-inicio.jpg 800w, https:\/\/www.territoriomudejar.es\/wp-content\/uploads\/2019\/04\/tobed-inicio-300x226.jpg 300w, https:\/\/www.territoriomudejar.es\/wp-content\/uploads\/2019\/04\/tobed-inicio-768x578.jpg 768w\" sizes=\"(max-width: 800px) 100vw, 800px\" \/>\t\t\t\t\t\t\t\t\t\t\t\t\t\t\t<\/div>\n\t\t\t\t<\/div>\n\t\t\t\t\t<\/div>\n\t\t<\/div>\n\t\t\t\t<div class=\"elementor-column elementor-col-50 elementor-top-column elementor-element elementor-element-4a6768ef\" data-id=\"4a6768ef\" data-element_type=\"column\" data-e-type=\"column\">\n\t\t\t<div class=\"elementor-widget-wrap elementor-element-populated\">\n\t\t\t\t\t\t<div class=\"elementor-element elementor-element-05b4273 elementor-widget elementor-widget-heading\" data-id=\"05b4273\" data-element_type=\"widget\" data-e-type=\"widget\" data-widget_type=\"heading.default\">\n\t\t\t\t<div class=\"elementor-widget-container\">\n\t\t\t\t\t<h2 class=\"elementor-heading-title elementor-size-default\">Palace of the Condes de Argilllo, Savi\u00f1\u00e1n<\/h2>\t\t\t\t<\/div>\n\t\t\t\t<\/div>\n\t\t\t\t<div class=\"elementor-element elementor-element-4867b1ab elementor-widget elementor-widget-text-editor\" data-id=\"4867b1ab\" data-element_type=\"widget\" data-e-type=\"widget\" data-widget_type=\"text-editor.default\">\n\t\t\t\t<div class=\"elementor-widget-container\">\n\t\t\t\t\t\t\t\t\tCalle Laureles n\u00ba2, Savi\u00f1\u00e1n\r\n<br><br>\r\n<strong>CURRENT PROTECTION STATUS:<\/strong> ACI\r\n<br><br>\r\n<strong>TYPE OF ASSET: <\/strong>Property <br><br>\r\n<strong>CATEGORY:<\/strong> Religious <br><br>\r\n<strong>ARCHITECTURAL STYLE:<\/strong> Mudejar<br><br>\r\n<strong>CONSTRUCTION DATE:<\/strong> 16th century\t\t\t\t\t\t\t\t<\/div>\n\t\t\t\t<\/div>\n\t\t\t\t\t<\/div>\n\t\t<\/div>\n\t\t\t\t\t<\/div>\n\t\t<\/section>\n\t\t\t\t<section class=\"elementor-section elementor-top-section elementor-element elementor-element-17ea80e elementor-section-boxed elementor-section-height-default elementor-section-height-default\" data-id=\"17ea80e\" data-element_type=\"section\" data-e-type=\"section\" data-settings=\"{&quot;jet_parallax_layout_list&quot;:[{&quot;jet_parallax_layout_image&quot;:{&quot;url&quot;:&quot;&quot;,&quot;id&quot;:&quot;&quot;,&quot;size&quot;:&quot;&quot;},&quot;_id&quot;:&quot;c77294e&quot;,&quot;jet_parallax_layout_image_tablet&quot;:{&quot;url&quot;:&quot;&quot;,&quot;id&quot;:&quot;&quot;,&quot;size&quot;:&quot;&quot;},&quot;jet_parallax_layout_image_mobile&quot;:{&quot;url&quot;:&quot;&quot;,&quot;id&quot;:&quot;&quot;,&quot;size&quot;:&quot;&quot;},&quot;jet_parallax_layout_speed&quot;:{&quot;unit&quot;:&quot;%&quot;,&quot;size&quot;:50,&quot;sizes&quot;:[]},&quot;jet_parallax_layout_type&quot;:&quot;scroll&quot;,&quot;jet_parallax_layout_direction&quot;:&quot;1&quot;,&quot;jet_parallax_layout_fx_direction&quot;:null,&quot;jet_parallax_layout_z_index&quot;:&quot;&quot;,&quot;jet_parallax_layout_bg_x&quot;:50,&quot;jet_parallax_layout_bg_x_tablet&quot;:&quot;&quot;,&quot;jet_parallax_layout_bg_x_mobile&quot;:&quot;&quot;,&quot;jet_parallax_layout_bg_y&quot;:50,&quot;jet_parallax_layout_bg_y_tablet&quot;:&quot;&quot;,&quot;jet_parallax_layout_bg_y_mobile&quot;:&quot;&quot;,&quot;jet_parallax_layout_bg_size&quot;:&quot;auto&quot;,&quot;jet_parallax_layout_bg_size_tablet&quot;:&quot;&quot;,&quot;jet_parallax_layout_bg_size_mobile&quot;:&quot;&quot;,&quot;jet_parallax_layout_animation_prop&quot;:&quot;transform&quot;,&quot;jet_parallax_layout_on&quot;:[&quot;desktop&quot;,&quot;tablet&quot;]}]}\">\n\t\t\t\t\t\t<div class=\"elementor-container elementor-column-gap-wider\">\n\t\t\t\t\t<div class=\"elementor-column elementor-col-50 elementor-top-column elementor-element elementor-element-51f5bf7\" data-id=\"51f5bf7\" data-element_type=\"column\" data-e-type=\"column\">\n\t\t\t<div class=\"elementor-widget-wrap elementor-element-populated\">\n\t\t\t\t\t\t<div class=\"elementor-element elementor-element-1d9bfea elementor-widget elementor-widget-text-editor\" data-id=\"1d9bfea\" data-element_type=\"widget\" data-e-type=\"widget\" data-widget_type=\"text-editor.default\">\n\t\t\t\t<div class=\"elementor-widget-container\">\n\t\t\t\t\t\t\t\t\tThe palace of the Condes de Argilllo in Savi\u00f1\u00e1n is located at the southern end of the town, its main fa\u00e7ade facing the Plaza de la Mu\u00f1oza, although the land pertaining to the building stretches along Calle Laureles and Calle Goya at the back, besides running adjacent to other properties outside the town limits in the area known as \u201cLas Aladillas\u201d. The palace gardens, orchards and threshing floors were located on this land, in addition to several ancillary buildings used for farming, livestock, handicraft and proto-industrial (e.g. milling) purposes related to the operation of the properties of the Mu\u00f1oz de Pamplona family by their vassals and laborers, many of whom were Mudejares converted into Moriscos after 1610.\r\n<br><br>\r\nThis is a sturdy structure made of brick and rammed earth, the result of several additions and significant changes in the layout of both the interior and the exterior; however, the building maintains its character as a palace or noble home, for the most part, as can be seen particularly on the fa\u00e7ade facing Plaza de la Mu\u00f1oza.\r\n<br><br>\r\nWithout a doubt, the most striking feature of the entire property is the main fa\u00e7ade, measuring some 34 m in length and made of brick over a base of ashlars. The main entrance consists of a round-arch portal made entirely of brick, over which there appears the coat of arms of the Mu\u00f1oz de Pamplona family framed by an aedicule in the Classical style composed of two engaged columns with fluted shafts and Corinthian order capitals supporting an entablature that is now undecorated and topped by a cornice with two volutes and a central pinnacle.\t\t\t\t\t\t\t\t<\/div>\n\t\t\t\t<\/div>\n\t\t\t\t\t<\/div>\n\t\t<\/div>\n\t\t\t\t<div class=\"elementor-column elementor-col-50 elementor-top-column elementor-element elementor-element-9a3cd30\" data-id=\"9a3cd30\" data-element_type=\"column\" data-e-type=\"column\">\n\t\t\t<div class=\"elementor-widget-wrap elementor-element-populated\">\n\t\t\t\t\t\t<div class=\"elementor-element elementor-element-5fe5d9f elementor-widget elementor-widget-text-editor\" data-id=\"5fe5d9f\" data-element_type=\"widget\" data-e-type=\"widget\" data-widget_type=\"text-editor.default\">\n\t\t\t\t<div class=\"elementor-widget-container\">\n\t\t\t\t\t\t\t\t\tThe entire field of the coat of arms is checkered, crisscrossed and bordered by the chains of Navarre, crowned by a helmet with a plume and valances.\r\n<br><br>\r\nThe property currently holds no furnishings of value inside, as the ones that were once there gradually disappeared over time, including the skull of Papa Luna, which was kept in the chapel there from the time of the War of Spanish Succession, according to some scholars, and from the Peninsular War, according to others. The skull was stolen and subsequently recovered in 2000 and is now under court custody.\r\n<br><br>\r\nOther than decorative items, the only significant element worth noting is the magnificent polychrome ceramic arista tile wainscoting that covers the lower part of the walls in the room known as \u2018Salon de Reyes\u2019 and some of the carpentry work and original wrought iron grille work.\r\n<br><br>\r\nIn addition to the historical and artistic values described above, this building has the added value of being part of the collective memory of the town of Savi\u00f1\u00e1n, where a few other examples of civilian architecture from the Renaissance still remain, but none as relevant or recognizable to successive generations of natives of Savi\u00f1\u00e1n as this.\t\t\t\t\t\t\t\t<\/div>\n\t\t\t\t<\/div>\n\t\t\t\t\t<\/div>\n\t\t<\/div>\n\t\t\t\t\t<\/div>\n\t\t<\/section>\n\t\t\t\t<section class=\"elementor-section elementor-top-section elementor-element elementor-element-660895f5 elementor-section-boxed elementor-section-height-default elementor-section-height-default\" data-id=\"660895f5\" data-element_type=\"section\" data-e-type=\"section\" data-settings=\"{&quot;jet_parallax_layout_list&quot;:[{&quot;jet_parallax_layout_image&quot;:{&quot;url&quot;:&quot;&quot;,&quot;id&quot;:&quot;&quot;,&quot;size&quot;:&quot;&quot;},&quot;_id&quot;:&quot;f408453&quot;,&quot;jet_parallax_layout_image_tablet&quot;:{&quot;url&quot;:&quot;&quot;,&quot;id&quot;:&quot;&quot;,&quot;size&quot;:&quot;&quot;},&quot;jet_parallax_layout_image_mobile&quot;:{&quot;url&quot;:&quot;&quot;,&quot;id&quot;:&quot;&quot;,&quot;size&quot;:&quot;&quot;},&quot;jet_parallax_layout_speed&quot;:{&quot;unit&quot;:&quot;%&quot;,&quot;size&quot;:50,&quot;sizes&quot;:[]},&quot;jet_parallax_layout_type&quot;:&quot;scroll&quot;,&quot;jet_parallax_layout_direction&quot;:&quot;1&quot;,&quot;jet_parallax_layout_fx_direction&quot;:null,&quot;jet_parallax_layout_z_index&quot;:&quot;&quot;,&quot;jet_parallax_layout_bg_x&quot;:50,&quot;jet_parallax_layout_bg_x_tablet&quot;:&quot;&quot;,&quot;jet_parallax_layout_bg_x_mobile&quot;:&quot;&quot;,&quot;jet_parallax_layout_bg_y&quot;:50,&quot;jet_parallax_layout_bg_y_tablet&quot;:&quot;&quot;,&quot;jet_parallax_layout_bg_y_mobile&quot;:&quot;&quot;,&quot;jet_parallax_layout_bg_size&quot;:&quot;auto&quot;,&quot;jet_parallax_layout_bg_size_tablet&quot;:&quot;&quot;,&quot;jet_parallax_layout_bg_size_mobile&quot;:&quot;&quot;,&quot;jet_parallax_layout_animation_prop&quot;:&quot;transform&quot;,&quot;jet_parallax_layout_on&quot;:[&quot;desktop&quot;,&quot;tablet&quot;]}]}\">\n\t\t\t\t\t\t<div class=\"elementor-container elementor-column-gap-wider\">\n\t\t\t\t\t<div class=\"elementor-column elementor-col-100 elementor-top-column elementor-element elementor-element-4c923d3e\" data-id=\"4c923d3e\" data-element_type=\"column\" data-e-type=\"column\">\n\t\t\t<div class=\"elementor-widget-wrap elementor-element-populated\">\n\t\t\t\t\t\t<div class=\"elementor-element elementor-element-8d08bc6 elementor-arrows-position-inside elementor-widget elementor-widget-image-carousel\" data-id=\"8d08bc6\" data-element_type=\"widget\" data-e-type=\"widget\" data-settings=\"{&quot;slides_to_show&quot;:&quot;4&quot;,&quot;navigation&quot;:&quot;arrows&quot;,&quot;autoplay&quot;:&quot;yes&quot;,&quot;pause_on_hover&quot;:&quot;yes&quot;,&quot;pause_on_interaction&quot;:&quot;yes&quot;,&quot;autoplay_speed&quot;:5000,&quot;infinite&quot;:&quot;yes&quot;,&quot;speed&quot;:500,&quot;image_spacing_custom&quot;:{&quot;unit&quot;:&quot;px&quot;,&quot;size&quot;:20,&quot;sizes&quot;:[]},&quot;image_spacing_custom_tablet&quot;:{&quot;unit&quot;:&quot;px&quot;,&quot;size&quot;:&quot;&quot;,&quot;sizes&quot;:[]},&quot;image_spacing_custom_mobile&quot;:{&quot;unit&quot;:&quot;px&quot;,&quot;size&quot;:&quot;&quot;,&quot;sizes&quot;:[]}}\" data-widget_type=\"image-carousel.default\">\n\t\t\t\t<div class=\"elementor-widget-container\">\n\t\t\t\t\t\t\t<div class=\"elementor-image-carousel-wrapper swiper\" role=\"region\" aria-roledescription=\"carousel\" aria-label=\"Image Carousel\" dir=\"ltr\">\n\t\t\t<div class=\"elementor-image-carousel swiper-wrapper\" aria-live=\"off\">\n\t\t\t\t\t\t\t\t<div class=\"swiper-slide\" role=\"group\" aria-roledescription=\"slide\" aria-label=\"1 of 16\"><figure class=\"swiper-slide-inner\"><img decoding=\"async\" class=\"swiper-slide-image lazyload\" data-src=\"https:\/\/www.territoriomudejar.es\/wp-content\/uploads\/elementor\/thumbs\/Tobed-W4-qgkdih43lgvzkukuf5sh84l9u8kmob3e9wbkne5itk.jpg\" alt=\"Tobed-W4\" src=\"data:image\/svg+xml;base64,PHN2ZyB3aWR0aD0iMSIgaGVpZ2h0PSIxIiB4bWxucz0iaHR0cDovL3d3dy53My5vcmcvMjAwMC9zdmciPjwvc3ZnPg==\" style=\"--smush-placeholder-width: 500px; --smush-placeholder-aspect-ratio: 500\/500;\" \/><\/figure><\/div><div class=\"swiper-slide\" role=\"group\" aria-roledescription=\"slide\" aria-label=\"2 of 16\"><figure class=\"swiper-slide-inner\"><img decoding=\"async\" class=\"swiper-slide-image lazyload\" data-src=\"https:\/\/www.territoriomudejar.es\/wp-content\/uploads\/elementor\/thumbs\/Tobed-W3-qgkdidcqu4quaeqb145yy5jfgp35tiogxdpmqab3ig.jpg\" alt=\"Tobed-W3\" src=\"data:image\/svg+xml;base64,PHN2ZyB3aWR0aD0iMSIgaGVpZ2h0PSIxIiB4bWxucz0iaHR0cDovL3d3dy53My5vcmcvMjAwMC9zdmciPjwvc3ZnPg==\" style=\"--smush-placeholder-width: 500px; --smush-placeholder-aspect-ratio: 500\/500;\" \/><\/figure><\/div><div class=\"swiper-slide\" role=\"group\" aria-roledescription=\"slide\" aria-label=\"3 of 16\"><figure class=\"swiper-slide-inner\"><img decoding=\"async\" class=\"swiper-slide-image lazyload\" data-src=\"https:\/\/www.territoriomudejar.es\/wp-content\/uploads\/elementor\/thumbs\/Tobed-W2-qgkdi6rviahu14zv3jbkyp77azzlbmyckh58dckuq0.jpg\" alt=\"Tobed-W2\" src=\"data:image\/svg+xml;base64,PHN2ZyB3aWR0aD0iMSIgaGVpZ2h0PSIxIiB4bWxucz0iaHR0cDovL3d3dy53My5vcmcvMjAwMC9zdmciPjwvc3ZnPg==\" style=\"--smush-placeholder-width: 500px; --smush-placeholder-aspect-ratio: 500\/500;\" \/><\/figure><\/div><div class=\"swiper-slide\" role=\"group\" aria-roledescription=\"slide\" aria-label=\"4 of 16\"><figure class=\"swiper-slide-inner\"><img decoding=\"async\" class=\"swiper-slide-image lazyload\" data-src=\"https:\/\/www.territoriomudejar.es\/wp-content\/uploads\/elementor\/thumbs\/Tobed-W1-qgkdi22ok4bef36ouzag48dwc2mr95fovtvsyyrtl4.jpg\" alt=\"Tobed-W1\" src=\"data:image\/svg+xml;base64,PHN2ZyB3aWR0aD0iMSIgaGVpZ2h0PSIxIiB4bWxucz0iaHR0cDovL3d3dy53My5vcmcvMjAwMC9zdmciPjwvc3ZnPg==\" style=\"--smush-placeholder-width: 500px; --smush-placeholder-aspect-ratio: 500\/500;\" \/><\/figure><\/div><div class=\"swiper-slide\" role=\"group\" aria-roledescription=\"slide\" aria-label=\"5 of 16\"><figure class=\"swiper-slide-inner\"><img decoding=\"async\" class=\"swiper-slide-image lazyload\" data-src=\"https:\/\/www.territoriomudejar.es\/wp-content\/uploads\/elementor\/thumbs\/tobed-presentacion-patrimonio-mundial-op600gctilcnqnn2q16ad141qp5m8jsdt05wltzuyw.jpg\" alt=\"tobed-presentacion patrimonio mundial\" src=\"data:image\/svg+xml;base64,PHN2ZyB3aWR0aD0iMSIgaGVpZ2h0PSIxIiB4bWxucz0iaHR0cDovL3d3dy53My5vcmcvMjAwMC9zdmciPjwvc3ZnPg==\" style=\"--smush-placeholder-width: 500px; --smush-placeholder-aspect-ratio: 500\/500;\" \/><\/figure><\/div><div class=\"swiper-slide\" role=\"group\" aria-roledescription=\"slide\" aria-label=\"6 of 16\"><figure class=\"swiper-slide-inner\"><img decoding=\"async\" class=\"swiper-slide-image lazyload\" data-src=\"https:\/\/www.territoriomudejar.es\/wp-content\/uploads\/elementor\/thumbs\/tobed-ventanas-qgddumrgr4n9psi8jhs0wui6w9dwt158bu5zo99tvs.jpg\" alt=\"tobed ventanas\" src=\"data:image\/svg+xml;base64,PHN2ZyB3aWR0aD0iMSIgaGVpZ2h0PSIxIiB4bWxucz0iaHR0cDovL3d3dy53My5vcmcvMjAwMC9zdmciPjwvc3ZnPg==\" style=\"--smush-placeholder-width: 500px; --smush-placeholder-aspect-ratio: 500\/500;\" \/><\/figure><\/div><div class=\"swiper-slide\" role=\"group\" aria-roledescription=\"slide\" aria-label=\"7 of 16\"><figure class=\"swiper-slide-inner\"><img decoding=\"async\" class=\"swiper-slide-image lazyload\" data-src=\"https:\/\/www.territoriomudejar.es\/wp-content\/uploads\/elementor\/thumbs\/Tobed-5847-scaled-qgdduajkaa6jiuzziuhvifl769250yspy5oofnry4o.jpg\" alt=\"Tobed-5847\" src=\"data:image\/svg+xml;base64,PHN2ZyB3aWR0aD0iMSIgaGVpZ2h0PSIxIiB4bWxucz0iaHR0cDovL3d3dy53My5vcmcvMjAwMC9zdmciPjwvc3ZnPg==\" style=\"--smush-placeholder-width: 500px; --smush-placeholder-aspect-ratio: 500\/500;\" \/><\/figure><\/div><div class=\"swiper-slide\" role=\"group\" aria-roledescription=\"slide\" aria-label=\"8 of 16\"><figure class=\"swiper-slide-inner\"><img decoding=\"async\" class=\"swiper-slide-image lazyload\" data-src=\"https:\/\/www.territoriomudejar.es\/wp-content\/uploads\/elementor\/thumbs\/Tobed-01-qgbnb251vuev431i58lv80v0r33oq0k23l4t93paiw.jpg\" alt=\"Tobed-01\" src=\"data:image\/svg+xml;base64,PHN2ZyB3aWR0aD0iMSIgaGVpZ2h0PSIxIiB4bWxucz0iaHR0cDovL3d3dy53My5vcmcvMjAwMC9zdmciPjwvc3ZnPg==\" style=\"--smush-placeholder-width: 500px; --smush-placeholder-aspect-ratio: 500\/500;\" \/><\/figure><\/div><div class=\"swiper-slide\" role=\"group\" aria-roledescription=\"slide\" aria-label=\"9 of 16\"><figure class=\"swiper-slide-inner\"><img decoding=\"async\" class=\"swiper-slide-image lazyload\" data-src=\"https:\/\/www.territoriomudejar.es\/wp-content\/uploads\/elementor\/thumbs\/fondo-tobed-qgbna58p8n5ttqdahcdxar5vyllu8lxgb2atgf22ko.jpg\" alt=\"fondo-tobed\" src=\"data:image\/svg+xml;base64,PHN2ZyB3aWR0aD0iMSIgaGVpZ2h0PSIxIiB4bWxucz0iaHR0cDovL3d3dy53My5vcmcvMjAwMC9zdmciPjwvc3ZnPg==\" style=\"--smush-placeholder-width: 500px; --smush-placeholder-aspect-ratio: 500\/500;\" \/><\/figure><\/div><div class=\"swiper-slide\" role=\"group\" aria-roledescription=\"slide\" aria-label=\"10 of 16\"><figure class=\"swiper-slide-inner\"><img decoding=\"async\" class=\"swiper-slide-image lazyload\" data-src=\"https:\/\/www.territoriomudejar.es\/wp-content\/uploads\/elementor\/thumbs\/tobed-interior-qgbn66d8dtq8t04tnmmmrr7to161qm693f50icxwug.jpg\" alt=\"Tobed\" src=\"data:image\/svg+xml;base64,PHN2ZyB3aWR0aD0iMSIgaGVpZ2h0PSIxIiB4bWxucz0iaHR0cDovL3d3dy53My5vcmcvMjAwMC9zdmciPjwvc3ZnPg==\" style=\"--smush-placeholder-width: 500px; --smush-placeholder-aspect-ratio: 500\/500;\" \/><\/figure><\/div><div class=\"swiper-slide\" role=\"group\" aria-roledescription=\"slide\" aria-label=\"11 of 16\"><figure class=\"swiper-slide-inner\"><img decoding=\"async\" class=\"swiper-slide-image lazyload\" data-src=\"https:\/\/www.territoriomudejar.es\/wp-content\/uploads\/elementor\/thumbs\/20170916_193617-qgbn5iv9myu2qr2ygugyjf5atedve6kyo6tvifwr60.jpg\" alt=\"Tobed\" src=\"data:image\/svg+xml;base64,PHN2ZyB3aWR0aD0iMSIgaGVpZ2h0PSIxIiB4bWxucz0iaHR0cDovL3d3dy53My5vcmcvMjAwMC9zdmciPjwvc3ZnPg==\" style=\"--smush-placeholder-width: 500px; --smush-placeholder-aspect-ratio: 500\/500;\" \/><\/figure><\/div><div class=\"swiper-slide\" role=\"group\" aria-roledescription=\"slide\" aria-label=\"12 of 16\"><figure class=\"swiper-slide-inner\"><img decoding=\"async\" class=\"swiper-slide-image lazyload\" data-src=\"https:\/\/www.territoriomudejar.es\/wp-content\/uploads\/elementor\/thumbs\/TOBED-LUNA-qgbn2s67pd2yvp2bh5t4rm1wfxwbxyp5ambw4dz3bc.jpg\" alt=\"Tobed\" src=\"data:image\/svg+xml;base64,PHN2ZyB3aWR0aD0iMSIgaGVpZ2h0PSIxIiB4bWxucz0iaHR0cDovL3d3dy53My5vcmcvMjAwMC9zdmciPjwvc3ZnPg==\" style=\"--smush-placeholder-width: 500px; --smush-placeholder-aspect-ratio: 500\/500;\" \/><\/figure><\/div><div class=\"swiper-slide\" role=\"group\" aria-roledescription=\"slide\" aria-label=\"13 of 16\"><figure class=\"swiper-slide-inner\"><img decoding=\"async\" class=\"swiper-slide-image lazyload\" data-src=\"https:\/\/www.territoriomudejar.es\/wp-content\/uploads\/elementor\/thumbs\/tobed-i-qgbn2pcp4uz3wv6exml924rinsa8avdya8dfok39u0.jpg\" alt=\"Tobed\" src=\"data:image\/svg+xml;base64,PHN2ZyB3aWR0aD0iMSIgaGVpZ2h0PSIxIiB4bWxucz0iaHR0cDovL3d3dy53My5vcmcvMjAwMC9zdmciPjwvc3ZnPg==\" style=\"--smush-placeholder-width: 500px; --smush-placeholder-aspect-ratio: 500\/500;\" \/><\/figure><\/div><div class=\"swiper-slide\" role=\"group\" aria-roledescription=\"slide\" aria-label=\"14 of 16\"><figure class=\"swiper-slide-inner\"><img decoding=\"async\" class=\"swiper-slide-image lazyload\" data-src=\"https:\/\/www.territoriomudejar.es\/wp-content\/uploads\/elementor\/thumbs\/tobed-facjhada-qgbn2llcditymfbvjkyqs5poa8srg2z0xprhrg8uiw.jpg\" alt=\"Tobed\" src=\"data:image\/svg+xml;base64,PHN2ZyB3aWR0aD0iMSIgaGVpZ2h0PSIxIiB4bWxucz0iaHR0cDovL3d3dy53My5vcmcvMjAwMC9zdmciPjwvc3ZnPg==\" style=\"--smush-placeholder-width: 500px; --smush-placeholder-aspect-ratio: 500\/500;\" \/><\/figure><\/div><div class=\"swiper-slide\" role=\"group\" aria-roledescription=\"slide\" aria-label=\"15 of 16\"><figure class=\"swiper-slide-inner\"><img decoding=\"async\" class=\"swiper-slide-image lazyload\" data-src=\"https:\/\/www.territoriomudejar.es\/wp-content\/uploads\/elementor\/thumbs\/tobed-fachada-2-qgguulbzbwr3ks29xmjuuaqaplnkvzobokn3yt4xoo.jpg\" alt=\"Tobed\" src=\"data:image\/svg+xml;base64,PHN2ZyB3aWR0aD0iMSIgaGVpZ2h0PSIxIiB4bWxucz0iaHR0cDovL3d3dy53My5vcmcvMjAwMC9zdmciPjwvc3ZnPg==\" style=\"--smush-placeholder-width: 500px; --smush-placeholder-aspect-ratio: 500\/500;\" \/><\/figure><\/div><div class=\"swiper-slide\" role=\"group\" aria-roledescription=\"slide\" aria-label=\"16 of 16\"><figure class=\"swiper-slide-inner\"><img decoding=\"async\" class=\"swiper-slide-image lazyload\" data-src=\"https:\/\/www.territoriomudejar.es\/wp-content\/uploads\/elementor\/thumbs\/TOBED-CARRILLON-qgbn2f0h1okyd5lfm04cspdg4jp6y78wkt73eiilqg.jpg\" alt=\"Tobed - Carrill\u00f3n\" src=\"data:image\/svg+xml;base64,PHN2ZyB3aWR0aD0iMSIgaGVpZ2h0PSIxIiB4bWxucz0iaHR0cDovL3d3dy53My5vcmcvMjAwMC9zdmciPjwvc3ZnPg==\" style=\"--smush-placeholder-width: 500px; --smush-placeholder-aspect-ratio: 500\/500;\" \/><\/figure><\/div>\t\t\t<\/div>\n\t\t\t\t\t\t\t\t\t\t\t\t<div class=\"elementor-swiper-button elementor-swiper-button-prev\" role=\"button\" tabindex=\"0\">\n\t\t\t\t\t\t<i aria-hidden=\"true\" class=\"eicon-chevron-left\"><\/i>\t\t\t\t\t<\/div>\n\t\t\t\t\t<div class=\"elementor-swiper-button elementor-swiper-button-next\" role=\"button\" tabindex=\"0\">\n\t\t\t\t\t\t<i aria-hidden=\"true\" class=\"eicon-chevron-right\"><\/i>\t\t\t\t\t<\/div>\n\t\t\t\t\n\t\t\t\t\t\t\t\t\t<\/div>\n\t\t\t\t\t\t<\/div>\n\t\t\t\t<\/div>\n\t\t\t\t\t<\/div>\n\t\t<\/div>\n\t\t\t\t\t<\/div>\n\t\t<\/section>\n\t\t\t\t<section class=\"elementor-section elementor-top-section elementor-element elementor-element-a04b251 elementor-section-boxed elementor-section-height-default elementor-section-height-default\" data-id=\"a04b251\" data-element_type=\"section\" data-e-type=\"section\" data-settings=\"{&quot;jet_parallax_layout_list&quot;:[{&quot;jet_parallax_layout_image&quot;:{&quot;url&quot;:&quot;&quot;,&quot;id&quot;:&quot;&quot;,&quot;size&quot;:&quot;&quot;},&quot;_id&quot;:&quot;3e1d12e&quot;,&quot;jet_parallax_layout_image_tablet&quot;:{&quot;url&quot;:&quot;&quot;,&quot;id&quot;:&quot;&quot;,&quot;size&quot;:&quot;&quot;},&quot;jet_parallax_layout_image_mobile&quot;:{&quot;url&quot;:&quot;&quot;,&quot;id&quot;:&quot;&quot;,&quot;size&quot;:&quot;&quot;},&quot;jet_parallax_layout_speed&quot;:{&quot;unit&quot;:&quot;%&quot;,&quot;size&quot;:50,&quot;sizes&quot;:[]},&quot;jet_parallax_layout_type&quot;:&quot;scroll&quot;,&quot;jet_parallax_layout_direction&quot;:&quot;1&quot;,&quot;jet_parallax_layout_fx_direction&quot;:null,&quot;jet_parallax_layout_z_index&quot;:&quot;&quot;,&quot;jet_parallax_layout_bg_x&quot;:50,&quot;jet_parallax_layout_bg_x_tablet&quot;:&quot;&quot;,&quot;jet_parallax_layout_bg_x_mobile&quot;:&quot;&quot;,&quot;jet_parallax_layout_bg_y&quot;:50,&quot;jet_parallax_layout_bg_y_tablet&quot;:&quot;&quot;,&quot;jet_parallax_layout_bg_y_mobile&quot;:&quot;&quot;,&quot;jet_parallax_layout_bg_size&quot;:&quot;auto&quot;,&quot;jet_parallax_layout_bg_size_tablet&quot;:&quot;&quot;,&quot;jet_parallax_layout_bg_size_mobile&quot;:&quot;&quot;,&quot;jet_parallax_layout_animation_prop&quot;:&quot;transform&quot;,&quot;jet_parallax_layout_on&quot;:[&quot;desktop&quot;,&quot;tablet&quot;]}],&quot;background_background&quot;:&quot;classic&quot;}\">\n\t\t\t\t\t\t<div class=\"elementor-container elementor-column-gap-default\">\n\t\t\t\t\t<div class=\"elementor-column elementor-col-50 elementor-top-column elementor-element elementor-element-7e32fcb\" data-id=\"7e32fcb\" data-element_type=\"column\" data-e-type=\"column\">\n\t\t\t<div class=\"elementor-widget-wrap elementor-element-populated\">\n\t\t\t\t\t\t<div class=\"elementor-element elementor-element-87ee81f elementor-widget elementor-widget-heading\" data-id=\"87ee81f\" data-element_type=\"widget\" data-e-type=\"widget\" data-widget_type=\"heading.default\">\n\t\t\t\t<div class=\"elementor-widget-container\">\n\t\t\t\t\t<h2 class=\"elementor-heading-title elementor-size-default\">Interventions<\/h2>\t\t\t\t<\/div>\n\t\t\t\t<\/div>\n\t\t\t\t<div class=\"elementor-element elementor-element-f72d572 elementor-widget elementor-widget-text-editor\" data-id=\"f72d572\" data-element_type=\"widget\" data-e-type=\"widget\" data-widget_type=\"text-editor.default\">\n\t\t\t\t<div class=\"elementor-widget-container\">\n\t\t\t\t\t\t\t\t\t<strong>Restoration, 20th to 21st century<\/strong>\r\n<br><br>\r\nIn 2000, the Government of Aragon carried out restoration work on the building, allocating a budget of 29,949 euros.\r\n<br><br>\r\nAfter parts of the palace collapsed and the owners finally transferred the property to the Sabi\u00f1\u00e1n city council, the Provincial Government of Zaragoza announced in 2014 the initial investment aimed at halting the deterioration of the building and stabilizing the structure of certain rooms such as the dining room, chapel and living room. Between March and October 2015, the most urgent activities were performed, focusing mainly on stabilizing structural elements, clearing debris and repairing the roofs.\t\t\t\t\t\t\t\t<\/div>\n\t\t\t\t<\/div>\n\t\t\t\t\t<\/div>\n\t\t<\/div>\n\t\t\t\t<div class=\"elementor-column elementor-col-50 elementor-top-column elementor-element elementor-element-2d5bd31\" data-id=\"2d5bd31\" data-element_type=\"column\" data-e-type=\"column\">\n\t\t\t<div class=\"elementor-widget-wrap elementor-element-populated\">\n\t\t\t\t\t\t<div class=\"elementor-element elementor-element-e6b8fce elementor-widget elementor-widget-image\" data-id=\"e6b8fce\" data-element_type=\"widget\" data-e-type=\"widget\" data-widget_type=\"image.default\">\n\t\t\t\t<div class=\"elementor-widget-container\">\n\t\t\t\t\t\t\t\t\t\t\t\t\t\t\t<img decoding=\"async\" width=\"1500\" height=\"1000\" data-src=\"https:\/\/www.territoriomudejar.es\/wp-content\/uploads\/2020\/05\/tobed-presentacion-patrimonio-mundial.jpg\" class=\"attachment-full size-full wp-image-4163 lazyload\" alt=\"\" data-srcset=\"https:\/\/www.territoriomudejar.es\/wp-content\/uploads\/2020\/05\/tobed-presentacion-patrimonio-mundial.jpg 1500w, https:\/\/www.territoriomudejar.es\/wp-content\/uploads\/2020\/05\/tobed-presentacion-patrimonio-mundial-300x200.jpg 300w, https:\/\/www.territoriomudejar.es\/wp-content\/uploads\/2020\/05\/tobed-presentacion-patrimonio-mundial-1024x683.jpg 1024w, https:\/\/www.territoriomudejar.es\/wp-content\/uploads\/2020\/05\/tobed-presentacion-patrimonio-mundial-768x512.jpg 768w\" data-sizes=\"(max-width: 1500px) 100vw, 1500px\" src=\"data:image\/svg+xml;base64,PHN2ZyB3aWR0aD0iMSIgaGVpZ2h0PSIxIiB4bWxucz0iaHR0cDovL3d3dy53My5vcmcvMjAwMC9zdmciPjwvc3ZnPg==\" style=\"--smush-placeholder-width: 1500px; --smush-placeholder-aspect-ratio: 1500\/1000;\" \/>\t\t\t\t\t\t\t\t\t\t\t\t\t\t\t<\/div>\n\t\t\t\t<\/div>\n\t\t\t\t\t<\/div>\n\t\t<\/div>\n\t\t\t\t\t<\/div>\n\t\t<\/section>\n\t\t\t\t<section class=\"elementor-section elementor-top-section elementor-element elementor-element-9b6313d elementor-section-boxed elementor-section-height-default elementor-section-height-default\" data-id=\"9b6313d\" data-element_type=\"section\" data-e-type=\"section\" data-settings=\"{&quot;jet_parallax_layout_list&quot;:[{&quot;jet_parallax_layout_image&quot;:{&quot;url&quot;:&quot;&quot;,&quot;id&quot;:&quot;&quot;,&quot;size&quot;:&quot;&quot;},&quot;_id&quot;:&quot;c77294e&quot;,&quot;jet_parallax_layout_image_tablet&quot;:{&quot;url&quot;:&quot;&quot;,&quot;id&quot;:&quot;&quot;,&quot;size&quot;:&quot;&quot;},&quot;jet_parallax_layout_image_mobile&quot;:{&quot;url&quot;:&quot;&quot;,&quot;id&quot;:&quot;&quot;,&quot;size&quot;:&quot;&quot;},&quot;jet_parallax_layout_speed&quot;:{&quot;unit&quot;:&quot;%&quot;,&quot;size&quot;:50,&quot;sizes&quot;:[]},&quot;jet_parallax_layout_type&quot;:&quot;scroll&quot;,&quot;jet_parallax_layout_direction&quot;:&quot;1&quot;,&quot;jet_parallax_layout_fx_direction&quot;:null,&quot;jet_parallax_layout_z_index&quot;:&quot;&quot;,&quot;jet_parallax_layout_bg_x&quot;:50,&quot;jet_parallax_layout_bg_x_tablet&quot;:&quot;&quot;,&quot;jet_parallax_layout_bg_x_mobile&quot;:&quot;&quot;,&quot;jet_parallax_layout_bg_y&quot;:50,&quot;jet_parallax_layout_bg_y_tablet&quot;:&quot;&quot;,&quot;jet_parallax_layout_bg_y_mobile&quot;:&quot;&quot;,&quot;jet_parallax_layout_bg_size&quot;:&quot;auto&quot;,&quot;jet_parallax_layout_bg_size_tablet&quot;:&quot;&quot;,&quot;jet_parallax_layout_bg_size_mobile&quot;:&quot;&quot;,&quot;jet_parallax_layout_animation_prop&quot;:&quot;transform&quot;,&quot;jet_parallax_layout_on&quot;:[&quot;desktop&quot;,&quot;tablet&quot;]}]}\">\n\t\t\t\t\t\t<div class=\"elementor-container elementor-column-gap-wider\">\n\t\t\t\t\t<div class=\"elementor-column elementor-col-50 elementor-top-column elementor-element elementor-element-13a37b5\" data-id=\"13a37b5\" data-element_type=\"column\" data-e-type=\"column\">\n\t\t\t<div class=\"elementor-widget-wrap elementor-element-populated\">\n\t\t\t\t\t\t<div class=\"elementor-element elementor-element-deeda06 elementor-widget elementor-widget-image\" data-id=\"deeda06\" data-element_type=\"widget\" data-e-type=\"widget\" data-widget_type=\"image.default\">\n\t\t\t\t<div class=\"elementor-widget-container\">\n\t\t\t\t\t\t\t\t\t\t\t\t\t\t\t<img decoding=\"async\" width=\"1500\" height=\"1000\" data-src=\"https:\/\/www.territoriomudejar.es\/wp-content\/uploads\/2020\/01\/Tobed-W3.jpg\" class=\"attachment-full size-full wp-image-4094 lazyload\" alt=\"\" data-srcset=\"https:\/\/www.territoriomudejar.es\/wp-content\/uploads\/2020\/01\/Tobed-W3.jpg 1500w, https:\/\/www.territoriomudejar.es\/wp-content\/uploads\/2020\/01\/Tobed-W3-300x200.jpg 300w, https:\/\/www.territoriomudejar.es\/wp-content\/uploads\/2020\/01\/Tobed-W3-1024x683.jpg 1024w, https:\/\/www.territoriomudejar.es\/wp-content\/uploads\/2020\/01\/Tobed-W3-768x512.jpg 768w\" data-sizes=\"(max-width: 1500px) 100vw, 1500px\" src=\"data:image\/svg+xml;base64,PHN2ZyB3aWR0aD0iMSIgaGVpZ2h0PSIxIiB4bWxucz0iaHR0cDovL3d3dy53My5vcmcvMjAwMC9zdmciPjwvc3ZnPg==\" style=\"--smush-placeholder-width: 1500px; --smush-placeholder-aspect-ratio: 1500\/1000;\" \/>\t\t\t\t\t\t\t\t\t\t\t\t\t\t\t<\/div>\n\t\t\t\t<\/div>\n\t\t\t\t\t<\/div>\n\t\t<\/div>\n\t\t\t\t<div class=\"elementor-column elementor-col-50 elementor-top-column elementor-element elementor-element-f031087\" data-id=\"f031087\" data-element_type=\"column\" data-e-type=\"column\">\n\t\t\t<div class=\"elementor-widget-wrap elementor-element-populated\">\n\t\t\t\t\t\t<div class=\"elementor-element elementor-element-43d0445 elementor-widget elementor-widget-heading\" data-id=\"43d0445\" data-element_type=\"widget\" data-e-type=\"widget\" data-widget_type=\"heading.default\">\n\t\t\t\t<div class=\"elementor-widget-container\">\n\t\t\t\t\t<h2 class=\"elementor-heading-title elementor-size-default\">Declarations<\/h2>\t\t\t\t<\/div>\n\t\t\t\t<\/div>\n\t\t\t\t<div class=\"elementor-element elementor-element-fc74bc9 elementor-widget elementor-widget-text-editor\" data-id=\"fc74bc9\" data-element_type=\"widget\" data-e-type=\"widget\" data-widget_type=\"text-editor.default\">\n\t\t\t\t<div class=\"elementor-widget-container\">\n\t\t\t\t\t\t\t\t\t<strong>Declaration, 21st century<\/strong>\r\n<br><br>\r\nThe Official Gazette of Aragon dated June 5, 2007 published the Department of Education, Culture and Sport Order of May 16, 2007, which included the Palace of the Condes de Argillo, also known as the Palace of the Mu\u00f1oz de Pamplona family, located at Calle Laureles 2 in Savi\u00f1\u00e1n (Zaragoza), in the Inventory of Aragonese Cultural Heritage.\t\t\t\t\t\t\t\t<\/div>\n\t\t\t\t<\/div>\n\t\t\t\t\t<\/div>\n\t\t<\/div>\n\t\t\t\t\t<\/div>\n\t\t<\/section>\n\t\t\t\t<section class=\"elementor-section elementor-top-section elementor-element elementor-element-c293b5f elementor-section-boxed elementor-section-height-default elementor-section-height-default\" data-id=\"c293b5f\" data-element_type=\"section\" data-e-type=\"section\" data-settings=\"{&quot;jet_parallax_layout_list&quot;:[{&quot;jet_parallax_layout_image&quot;:{&quot;url&quot;:&quot;&quot;,&quot;id&quot;:&quot;&quot;,&quot;size&quot;:&quot;&quot;},&quot;_id&quot;:&quot;c77294e&quot;,&quot;jet_parallax_layout_image_tablet&quot;:{&quot;url&quot;:&quot;&quot;,&quot;id&quot;:&quot;&quot;,&quot;size&quot;:&quot;&quot;},&quot;jet_parallax_layout_image_mobile&quot;:{&quot;url&quot;:&quot;&quot;,&quot;id&quot;:&quot;&quot;,&quot;size&quot;:&quot;&quot;},&quot;jet_parallax_layout_speed&quot;:{&quot;unit&quot;:&quot;%&quot;,&quot;size&quot;:50,&quot;sizes&quot;:[]},&quot;jet_parallax_layout_type&quot;:&quot;scroll&quot;,&quot;jet_parallax_layout_direction&quot;:&quot;1&quot;,&quot;jet_parallax_layout_fx_direction&quot;:null,&quot;jet_parallax_layout_z_index&quot;:&quot;&quot;,&quot;jet_parallax_layout_bg_x&quot;:50,&quot;jet_parallax_layout_bg_x_tablet&quot;:&quot;&quot;,&quot;jet_parallax_layout_bg_x_mobile&quot;:&quot;&quot;,&quot;jet_parallax_layout_bg_y&quot;:50,&quot;jet_parallax_layout_bg_y_tablet&quot;:&quot;&quot;,&quot;jet_parallax_layout_bg_y_mobile&quot;:&quot;&quot;,&quot;jet_parallax_layout_bg_size&quot;:&quot;auto&quot;,&quot;jet_parallax_layout_bg_size_tablet&quot;:&quot;&quot;,&quot;jet_parallax_layout_bg_size_mobile&quot;:&quot;&quot;,&quot;jet_parallax_layout_animation_prop&quot;:&quot;transform&quot;,&quot;jet_parallax_layout_on&quot;:[&quot;desktop&quot;,&quot;tablet&quot;]}]}\">\n\t\t\t\t\t\t<div class=\"elementor-container elementor-column-gap-wider\">\n\t\t\t\t\t<div class=\"elementor-column elementor-col-100 elementor-top-column elementor-element elementor-element-f72ef3c\" data-id=\"f72ef3c\" data-element_type=\"column\" data-e-type=\"column\">\n\t\t\t<div class=\"elementor-widget-wrap elementor-element-populated\">\n\t\t\t\t\t\t<div class=\"elementor-element elementor-element-6e7beeb elementor-widget elementor-widget-heading\" data-id=\"6e7beeb\" data-element_type=\"widget\" data-e-type=\"widget\" data-widget_type=\"heading.default\">\n\t\t\t\t<div class=\"elementor-widget-container\">\n\t\t\t\t\t<h2 class=\"elementor-heading-title elementor-size-default\">Bibliography<\/h2>\t\t\t\t<\/div>\n\t\t\t\t<\/div>\n\t\t\t\t<div class=\"elementor-element elementor-element-2865536 elementor-widget elementor-widget-text-editor\" data-id=\"2865536\" data-element_type=\"widget\" data-e-type=\"widget\" data-widget_type=\"text-editor.default\">\n\t\t\t\t<div class=\"elementor-widget-container\">\n\t\t\t\t\t\t\t\t\t<p>M\u00c9NDEZ DE JUAN, JOS\u00c9 F\u00c9LIX ET AL. (COORD.). Arag\u00f3n Patrimonio Cultural Restaurado. 1984\/2009. Bienes inmuebles, Gobierno de Arag\u00f3n, Zaragoza,\u00a02010.<\/p><p>MILL\u00c1N GIL, JULI\u00c1N Y SANMIGUEL MATEO, AGUST\u00cdN (COORD.). Comarca de la Comunidad de Calatayud, Colecci\u00f3n Territorio no 20, Departamento de Presidencia y Relaciones Institucionales del Gobierno de Arag\u00f3n, Zaragoza, 2005.<\/p><p>VV.AA. Comunidad de Calatayud y El Monasterio de Piedra, Colecci\u00f3n RutasCai por Arag\u00f3n no 12, Zaragoza, 2004.<\/p>\t\t\t\t\t\t\t\t<\/div>\n\t\t\t\t<\/div>\n\t\t\t\t\t<\/div>\n\t\t<\/div>\n\t\t\t\t\t<\/div>\n\t\t<\/section>\n\t\t\t\t<section class=\"elementor-section elementor-top-section elementor-element elementor-element-35707e0 elementor-section-boxed elementor-section-height-default elementor-section-height-default\" data-id=\"35707e0\" data-element_type=\"section\" data-e-type=\"section\" data-settings=\"{&quot;jet_parallax_layout_list&quot;:[{&quot;jet_parallax_layout_image&quot;:{&quot;url&quot;:&quot;&quot;,&quot;id&quot;:&quot;&quot;,&quot;size&quot;:&quot;&quot;},&quot;_id&quot;:&quot;5f5505e&quot;,&quot;jet_parallax_layout_image_tablet&quot;:{&quot;url&quot;:&quot;&quot;,&quot;id&quot;:&quot;&quot;,&quot;size&quot;:&quot;&quot;},&quot;jet_parallax_layout_image_mobile&quot;:{&quot;url&quot;:&quot;&quot;,&quot;id&quot;:&quot;&quot;,&quot;size&quot;:&quot;&quot;},&quot;jet_parallax_layout_speed&quot;:{&quot;unit&quot;:&quot;%&quot;,&quot;size&quot;:50,&quot;sizes&quot;:[]},&quot;jet_parallax_layout_type&quot;:&quot;scroll&quot;,&quot;jet_parallax_layout_direction&quot;:&quot;1&quot;,&quot;jet_parallax_layout_fx_direction&quot;:null,&quot;jet_parallax_layout_z_index&quot;:&quot;&quot;,&quot;jet_parallax_layout_bg_x&quot;:50,&quot;jet_parallax_layout_bg_x_tablet&quot;:&quot;&quot;,&quot;jet_parallax_layout_bg_x_mobile&quot;:&quot;&quot;,&quot;jet_parallax_layout_bg_y&quot;:50,&quot;jet_parallax_layout_bg_y_tablet&quot;:&quot;&quot;,&quot;jet_parallax_layout_bg_y_mobile&quot;:&quot;&quot;,&quot;jet_parallax_layout_bg_size&quot;:&quot;auto&quot;,&quot;jet_parallax_layout_bg_size_tablet&quot;:&quot;&quot;,&quot;jet_parallax_layout_bg_size_mobile&quot;:&quot;&quot;,&quot;jet_parallax_layout_animation_prop&quot;:&quot;transform&quot;,&quot;jet_parallax_layout_on&quot;:[&quot;desktop&quot;,&quot;tablet&quot;]}]}\">\n\t\t\t\t\t\t<div class=\"elementor-container elementor-column-gap-wider\">\n\t\t\t\t\t<div class=\"elementor-column elementor-col-33 elementor-top-column elementor-element elementor-element-aa12798\" data-id=\"aa12798\" data-element_type=\"column\" data-e-type=\"column\">\n\t\t\t<div class=\"elementor-widget-wrap elementor-element-populated\">\n\t\t\t\t\t\t<div class=\"elementor-element elementor-element-74368b7 elementor-view-stacked elementor-position-inline-start elementor-shape-circle elementor-mobile-position-block-start elementor-widget elementor-widget-icon-box\" data-id=\"74368b7\" data-element_type=\"widget\" data-e-type=\"widget\" data-widget_type=\"icon-box.default\">\n\t\t\t\t<div class=\"elementor-widget-container\">\n\t\t\t\t\t\t\t<div class=\"elementor-icon-box-wrapper\">\n\n\t\t\t\t\t\t<div class=\"elementor-icon-box-icon\">\n\t\t\t\t<a href=\"http:\/\/www.dpz.es\/municipio\/municipios\/torralba-de-ribota\" class=\"elementor-icon\" tabindex=\"-1\" aria-label=\"Palace of the Condes de Argilllo\" target=\"_blank\" rel=\"noopener\">\n\t\t\t\t<i aria-hidden=\"true\" class=\"fas fa-location-arrow\"><\/i>\t\t\t\t<\/a>\n\t\t\t<\/div>\n\t\t\t\n\t\t\t\t\t\t<div class=\"elementor-icon-box-content\">\n\n\t\t\t\t\t\t\t\t\t<h3 class=\"elementor-icon-box-title\">\n\t\t\t\t\t\t<a href=\"http:\/\/www.dpz.es\/municipio\/municipios\/torralba-de-ribota\" target=\"_blank\" rel=\"noopener\">\n\t\t\t\t\t\t\tPalace of the Condes de Argilllo\t\t\t\t\t\t<\/a>\n\t\t\t\t\t<\/h3>\n\t\t\t\t\n\t\t\t\t\t\t\t\t\t<p class=\"elementor-icon-box-description\">\n\t\t\t\t\t\tC\/ Laureles, 2\r\n<br>50299 Savi\u00f1\u00e1n (Zaragoza)\t\t\t\t\t<\/p>\n\t\t\t\t\n\t\t\t<\/div>\n\t\t\t\n\t\t<\/div>\n\t\t\t\t\t\t<\/div>\n\t\t\t\t<\/div>\n\t\t\t\t<section class=\"elementor-section elementor-inner-section elementor-element elementor-element-6cbfa56 elementor-section-boxed elementor-section-height-default elementor-section-height-default\" data-id=\"6cbfa56\" data-element_type=\"section\" data-e-type=\"section\" data-settings=\"{&quot;jet_parallax_layout_list&quot;:[{&quot;jet_parallax_layout_image&quot;:{&quot;url&quot;:&quot;&quot;,&quot;id&quot;:&quot;&quot;,&quot;size&quot;:&quot;&quot;},&quot;_id&quot;:&quot;080b40c&quot;,&quot;jet_parallax_layout_image_tablet&quot;:{&quot;url&quot;:&quot;&quot;,&quot;id&quot;:&quot;&quot;,&quot;size&quot;:&quot;&quot;},&quot;jet_parallax_layout_image_mobile&quot;:{&quot;url&quot;:&quot;&quot;,&quot;id&quot;:&quot;&quot;,&quot;size&quot;:&quot;&quot;},&quot;jet_parallax_layout_speed&quot;:{&quot;unit&quot;:&quot;%&quot;,&quot;size&quot;:50,&quot;sizes&quot;:[]},&quot;jet_parallax_layout_type&quot;:&quot;scroll&quot;,&quot;jet_parallax_layout_direction&quot;:&quot;1&quot;,&quot;jet_parallax_layout_fx_direction&quot;:null,&quot;jet_parallax_layout_z_index&quot;:&quot;&quot;,&quot;jet_parallax_layout_bg_x&quot;:50,&quot;jet_parallax_layout_bg_x_tablet&quot;:&quot;&quot;,&quot;jet_parallax_layout_bg_x_mobile&quot;:&quot;&quot;,&quot;jet_parallax_layout_bg_y&quot;:50,&quot;jet_parallax_layout_bg_y_tablet&quot;:&quot;&quot;,&quot;jet_parallax_layout_bg_y_mobile&quot;:&quot;&quot;,&quot;jet_parallax_layout_bg_size&quot;:&quot;auto&quot;,&quot;jet_parallax_layout_bg_size_tablet&quot;:&quot;&quot;,&quot;jet_parallax_layout_bg_size_mobile&quot;:&quot;&quot;,&quot;jet_parallax_layout_animation_prop&quot;:&quot;transform&quot;,&quot;jet_parallax_layout_on&quot;:[&quot;desktop&quot;,&quot;tablet&quot;]}]}\">\n\t\t\t\t\t\t\t<div class=\"elementor-background-overlay\"><\/div>\n\t\t\t\t\t\t\t<div class=\"elementor-container elementor-column-gap-default\">\n\t\t\t\t\t<div class=\"elementor-column elementor-col-50 elementor-inner-column elementor-element elementor-element-5084522\" data-id=\"5084522\" data-element_type=\"column\" data-e-type=\"column\">\n\t\t\t<div class=\"elementor-widget-wrap elementor-element-populated\">\n\t\t\t\t\t\t<div class=\"elementor-element elementor-element-f49d7d9 elementor-view-stacked elementor-shape-circle elementor-widget elementor-widget-icon\" data-id=\"f49d7d9\" data-element_type=\"widget\" data-e-type=\"widget\" data-widget_type=\"icon.default\">\n\t\t\t\t<div class=\"elementor-widget-container\">\n\t\t\t\t\t\t\t<div class=\"elementor-icon-wrapper\">\n\t\t\t<div class=\"elementor-icon\">\n\t\t\t<i aria-hidden=\"true\" class=\"fas fa-info\"><\/i>\t\t\t<\/div>\n\t\t<\/div>\n\t\t\t\t\t\t<\/div>\n\t\t\t\t<\/div>\n\t\t\t\t\t<\/div>\n\t\t<\/div>\n\t\t\t\t<div class=\"elementor-column elementor-col-50 elementor-inner-column elementor-element elementor-element-7325f5a\" data-id=\"7325f5a\" data-element_type=\"column\" data-e-type=\"column\">\n\t\t\t<div class=\"elementor-widget-wrap elementor-element-populated\">\n\t\t\t\t\t\t<div class=\"elementor-element elementor-element-a972d65 elementor-widget elementor-widget-text-editor\" data-id=\"a972d65\" data-element_type=\"widget\" data-e-type=\"widget\" data-widget_type=\"text-editor.default\">\n\t\t\t\t<div class=\"elementor-widget-container\">\n\t\t\t\t\t\t\t\t\t<p class=\"elementor-icon-box-title\"><strong>Visit Savi\u00f1\u00e1n<\/strong><\/p>\t\t\t\t\t\t\t\t<\/div>\n\t\t\t\t<\/div>\n\t\t\t\t<div class=\"elementor-element elementor-element-42cabd3 elementor-widget elementor-widget-text-editor\" data-id=\"42cabd3\" data-element_type=\"widget\" data-e-type=\"widget\" data-widget_type=\"text-editor.default\">\n\t\t\t\t<div class=\"elementor-widget-container\">\n\t\t\t\t\t\t\t\t\t<p class=\"elementor-icon-box-description\">City Hall: 976 826 043\r\n<a href=\"http:\/\/www.sabinius.org\/\" target=\"_blank\" rel=\"noopener\">www.sabinius.org<\/a>\r\nWOULD YOU LIKE TO KNOW MORE?\r\n<a href=\"https:\/\/www.turismodezaragoza.es\/provincia\/pueblos\/sabinan.html\" target=\"_blank\" rel=\"noopener\">www.turismodezaragoza.es<\/a><\/p>\t\t\t\t\t\t\t\t<\/div>\n\t\t\t\t<\/div>\n\t\t\t\t<div class=\"elementor-element elementor-element-5a760f6 elementor-icon-list--layout-inline elementor-list-item-link-full_width elementor-widget elementor-widget-icon-list\" data-id=\"5a760f6\" data-element_type=\"widget\" data-e-type=\"widget\" data-widget_type=\"icon-list.default\">\n\t\t\t\t<div class=\"elementor-widget-container\">\n\t\t\t\t\t\t\t<ul class=\"elementor-icon-list-items elementor-inline-items\">\n\t\t\t\t\t\t\t<li class=\"elementor-icon-list-item elementor-inline-item\">\n\t\t\t\t\t\t\t\t\t\t\t<a href=\"https:\/\/www.facebook.com\/turismo.comunidadcalatayud\/\" target=\"_blank\" rel=\"noopener\">\n\n\t\t\t\t\t\t\t\t\t\t\t\t<span class=\"elementor-icon-list-icon\">\n\t\t\t\t\t\t\t<i aria-hidden=\"true\" class=\"fab fa-facebook-square\"><\/i>\t\t\t\t\t\t<\/span>\n\t\t\t\t\t\t\t\t\t\t<span class=\"elementor-icon-list-text\"><\/span>\n\t\t\t\t\t\t\t\t\t\t\t<\/a>\n\t\t\t\t\t\t\t\t\t<\/li>\n\t\t\t\t\t\t\t\t<li class=\"elementor-icon-list-item elementor-inline-item\">\n\t\t\t\t\t\t\t\t\t\t\t<a href=\"https:\/\/www.instagram.com\/comarcacalatayud\/\" target=\"_blank\" rel=\"noopener\">\n\n\t\t\t\t\t\t\t\t\t\t\t\t<span class=\"elementor-icon-list-icon\">\n\t\t\t\t\t\t\t<i aria-hidden=\"true\" class=\"fab fa-instagram\"><\/i>\t\t\t\t\t\t<\/span>\n\t\t\t\t\t\t\t\t\t\t<span class=\"elementor-icon-list-text\"><\/span>\n\t\t\t\t\t\t\t\t\t\t\t<\/a>\n\t\t\t\t\t\t\t\t\t<\/li>\n\t\t\t\t\t\t<\/ul>\n\t\t\t\t\t\t<\/div>\n\t\t\t\t<\/div>\n\t\t\t\t\t<\/div>\n\t\t<\/div>\n\t\t\t\t\t<\/div>\n\t\t<\/section>\n\t\t\t\t\t<\/div>\n\t\t<\/div>\n\t\t\t\t<div class=\"elementor-column elementor-col-66 elementor-top-column elementor-element elementor-element-ea6dd23\" data-id=\"ea6dd23\" data-element_type=\"column\" data-e-type=\"column\">\n\t\t\t<div class=\"elementor-widget-wrap elementor-element-populated\">\n\t\t\t\t\t\t<div class=\"elementor-element elementor-element-93a63ce elementor-widget elementor-widget-google_maps\" data-id=\"93a63ce\" data-element_type=\"widget\" data-e-type=\"widget\" data-widget_type=\"google_maps.default\">\n\t\t\t\t<div class=\"elementor-widget-container\">\n\t\t\t\t\t\t\t<div class=\"elementor-custom-embed\">\n\t\t\t<iframe\n\t\t\t\t\tdata-src=\"https:\/\/maps.google.com\/maps?q=C%2F%20Laureles%2C%202%2C%20Sabi%C3%B1%C3%A1n&#038;t=m&#038;z=15&#038;output=embed&#038;iwloc=near\"\n\t\t\t\t\ttitle=\"C\/ Laureles, 2, Sabi\u00f1\u00e1n\"\n\t\t\t\t\taria-label=\"C\/ Laureles, 2, Sabi\u00f1\u00e1n\"\n\t\t\t src=\"data:image\/svg+xml;base64,PHN2ZyB3aWR0aD0iMSIgaGVpZ2h0PSIxIiB4bWxucz0iaHR0cDovL3d3dy53My5vcmcvMjAwMC9zdmciPjwvc3ZnPg==\" class=\"lazyload\" data-load-mode=\"1\"><\/iframe>\n\t\t<\/div>\n\t\t\t\t\t\t<\/div>\n\t\t\t\t<\/div>\n\t\t\t\t\t<\/div>\n\t\t<\/div>\n\t\t\t\t\t<\/div>\n\t\t<\/section>\n\t\t\t\t<\/div>\n\t\t","protected":false},"excerpt":{"rendered":"<p>Palace of the Condes de Argilllo, Savi\u00f1\u00e1n Calle Laureles n\u00ba2, Savi\u00f1\u00e1n CURRENT PROTECTION STATUS: ACI TYPE OF ASSET: Property CATEGORY: Religious ARCHITECTURAL STYLE: Mudejar CONSTRUCTION DATE: 16th centuryThe palace of the Condes de Argilllo in Savi\u00f1\u00e1n is located at the southern end of the town, its main fa\u00e7ade facing the Plaza de la Mu\u00f1oza, although [&hellip;]<\/p>\n","protected":false},"author":9,"featured_media":8775,"menu_order":0,"comment_status":"closed","ping_status":"open","template":"","portfolio_category":[375],"portfolio_tag":[392],"class_list":["post-12637","portfolio","type-portfolio","status-publish","has-post-thumbnail","hentry","portfolio_category-monuments","portfolio_tag-savinan-en"],"acf":[],"_links":{"self":[{"href":"https:\/\/www.territoriomudejar.es\/en\/wp-json\/wp\/v2\/portfolio\/12637","targetHints":{"allow":["GET"]}}],"collection":[{"href":"https:\/\/www.territoriomudejar.es\/en\/wp-json\/wp\/v2\/portfolio"}],"about":[{"href":"https:\/\/www.territoriomudejar.es\/en\/wp-json\/wp\/v2\/types\/portfolio"}],"author":[{"embeddable":true,"href":"https:\/\/www.territoriomudejar.es\/en\/wp-json\/wp\/v2\/users\/9"}],"replies":[{"embeddable":true,"href":"https:\/\/www.territoriomudejar.es\/en\/wp-json\/wp\/v2\/comments?post=12637"}],"version-history":[{"count":0,"href":"https:\/\/www.territoriomudejar.es\/en\/wp-json\/wp\/v2\/portfolio\/12637\/revisions"}],"wp:featuredmedia":[{"embeddable":true,"href":"https:\/\/www.territoriomudejar.es\/en\/wp-json\/wp\/v2\/media\/8775"}],"wp:attachment":[{"href":"https:\/\/www.territoriomudejar.es\/en\/wp-json\/wp\/v2\/media?parent=12637"}],"wp:term":[{"taxonomy":"portfolio_category","embeddable":true,"href":"https:\/\/www.territoriomudejar.es\/en\/wp-json\/wp\/v2\/portfolio_category?post=12637"},{"taxonomy":"portfolio_tag","embeddable":true,"href":"https:\/\/www.territoriomudejar.es\/en\/wp-json\/wp\/v2\/portfolio_tag?post=12637"}],"curies":[{"name":"wp","href":"https:\/\/api.w.org\/{rel}","templated":true}]}}