{"id":4474,"date":"2021-03-24T13:00:54","date_gmt":"2021-03-24T12:00:54","guid":{"rendered":"https:\/\/www.territoriomudejar.es\/media-presence\/"},"modified":"2021-09-06T12:56:38","modified_gmt":"2021-09-06T10:56:38","slug":"media-presence","status":"publish","type":"page","link":"https:\/\/www.territoriomudejar.es\/en\/media-presence\/","title":{"rendered":"Media presence"},"content":{"rendered":"\t\t<div data-elementor-type=\"wp-post\" data-elementor-id=\"4474\" class=\"elementor elementor-4474 elementor-3235\" data-elementor-post-type=\"page\">\n\t\t\t\t\t\t<section class=\"elementor-section elementor-top-section elementor-element elementor-element-5758be7a elementor-section-full_width elementor-section-height-default elementor-section-height-default\" data-id=\"5758be7a\" data-element_type=\"section\" data-e-type=\"section\" data-settings=\"{&quot;jet_parallax_layout_list&quot;:[{&quot;jet_parallax_layout_image&quot;:{&quot;url&quot;:&quot;&quot;,&quot;id&quot;:&quot;&quot;,&quot;size&quot;:&quot;&quot;},&quot;_id&quot;:&quot;5a4a0a9&quot;,&quot;jet_parallax_layout_speed&quot;:{&quot;unit&quot;:&quot;%&quot;,&quot;size&quot;:50,&quot;sizes&quot;:[]},&quot;jet_parallax_layout_image_tablet&quot;:{&quot;url&quot;:&quot;&quot;,&quot;id&quot;:&quot;&quot;,&quot;size&quot;:&quot;&quot;},&quot;jet_parallax_layout_image_mobile&quot;:{&quot;url&quot;:&quot;&quot;,&quot;id&quot;:&quot;&quot;,&quot;size&quot;:&quot;&quot;},&quot;jet_parallax_layout_type&quot;:&quot;scroll&quot;,&quot;jet_parallax_layout_direction&quot;:&quot;1&quot;,&quot;jet_parallax_layout_fx_direction&quot;:null,&quot;jet_parallax_layout_z_index&quot;:&quot;&quot;,&quot;jet_parallax_layout_bg_x&quot;:50,&quot;jet_parallax_layout_bg_x_tablet&quot;:&quot;&quot;,&quot;jet_parallax_layout_bg_x_mobile&quot;:&quot;&quot;,&quot;jet_parallax_layout_bg_y&quot;:50,&quot;jet_parallax_layout_bg_y_tablet&quot;:&quot;&quot;,&quot;jet_parallax_layout_bg_y_mobile&quot;:&quot;&quot;,&quot;jet_parallax_layout_bg_size&quot;:&quot;auto&quot;,&quot;jet_parallax_layout_bg_size_tablet&quot;:&quot;&quot;,&quot;jet_parallax_layout_bg_size_mobile&quot;:&quot;&quot;,&quot;jet_parallax_layout_animation_prop&quot;:&quot;transform&quot;,&quot;jet_parallax_layout_on&quot;:[&quot;desktop&quot;,&quot;tablet&quot;]}],&quot;background_background&quot;:&quot;classic&quot;}\">\n\t\t\t\t\t\t\t<div class=\"elementor-background-overlay\"><\/div>\n\t\t\t\t\t\t\t<div class=\"elementor-container elementor-column-gap-default\">\n\t\t\t\t\t<div class=\"elementor-column elementor-col-33 elementor-top-column elementor-element elementor-element-231579fa\" data-id=\"231579fa\" data-element_type=\"column\" data-e-type=\"column\" data-settings=\"{&quot;background_background&quot;:&quot;classic&quot;}\">\n\t\t\t<div class=\"elementor-widget-wrap\">\n\t\t\t\t\t\t\t<\/div>\n\t\t<\/div>\n\t\t\t\t<div class=\"elementor-column elementor-col-33 elementor-top-column elementor-element elementor-element-367aa4e8\" data-id=\"367aa4e8\" data-element_type=\"column\" data-e-type=\"column\">\n\t\t\t<div class=\"elementor-widget-wrap elementor-element-populated\">\n\t\t\t\t\t\t<div class=\"elementor-element elementor-element-10028924 elementor-widget elementor-widget-spacer\" data-id=\"10028924\" data-element_type=\"widget\" data-e-type=\"widget\" data-widget_type=\"spacer.default\">\n\t\t\t\t<div class=\"elementor-widget-container\">\n\t\t\t\t\t\t\t<div class=\"elementor-spacer\">\n\t\t\t<div class=\"elementor-spacer-inner\"><\/div>\n\t\t<\/div>\n\t\t\t\t\t\t<\/div>\n\t\t\t\t<\/div>\n\t\t\t\t<div class=\"elementor-element elementor-element-7f9a15e6 elementor-align-center elementor-widget elementor-widget-raven-heading\" data-id=\"7f9a15e6\" data-element_type=\"widget\" data-e-type=\"widget\" data-widget_type=\"raven-heading.default\">\n\t\t\t\t<div class=\"elementor-widget-container\">\n\t\t\t\t\t\t\t<div class=\"raven-widget-wrapper\"><h1 class=\"raven-heading raven-heading-h1\"><span class=\"raven-heading-title \">Media presence<\/span><\/h1><\/div>\n\t\t\t\t\t\t<\/div>\n\t\t\t\t<\/div>\n\t\t\t\t<div class=\"elementor-element elementor-element-422562e4 elementor-align-center elementor-widget elementor-widget-raven-heading\" data-id=\"422562e4\" data-element_type=\"widget\" data-e-type=\"widget\" data-widget_type=\"raven-heading.default\">\n\t\t\t\t<div class=\"elementor-widget-container\">\n\t\t\t\t\t\t\t<div class=\"raven-widget-wrapper\"><h2 class=\"raven-heading raven-heading-h2\"><span class=\"raven-heading-title \">TERRITORIO MUD\u00c9JAR<\/span><\/h2><\/div>\n\t\t\t\t\t\t<\/div>\n\t\t\t\t<\/div>\n\t\t\t\t<div class=\"elementor-element elementor-element-3dc07c53 elementor-widget elementor-widget-spacer\" data-id=\"3dc07c53\" data-element_type=\"widget\" data-e-type=\"widget\" data-widget_type=\"spacer.default\">\n\t\t\t\t<div class=\"elementor-widget-container\">\n\t\t\t\t\t\t\t<div class=\"elementor-spacer\">\n\t\t\t<div class=\"elementor-spacer-inner\"><\/div>\n\t\t<\/div>\n\t\t\t\t\t\t<\/div>\n\t\t\t\t<\/div>\n\t\t\t\t\t<\/div>\n\t\t<\/div>\n\t\t\t\t<div class=\"elementor-column elementor-col-33 elementor-top-column elementor-element elementor-element-60332f7c\" data-id=\"60332f7c\" data-element_type=\"column\" data-e-type=\"column\">\n\t\t\t<div class=\"elementor-widget-wrap\">\n\t\t\t\t\t\t\t<\/div>\n\t\t<\/div>\n\t\t\t\t\t<\/div>\n\t\t<\/section>\n\t\t\t\t<section class=\"elementor-section elementor-top-section elementor-element elementor-element-13086167 elementor-section-boxed elementor-section-height-default elementor-section-height-default\" data-id=\"13086167\" data-element_type=\"section\" data-e-type=\"section\" data-settings=\"{&quot;jet_parallax_layout_list&quot;:[{&quot;jet_parallax_layout_image&quot;:{&quot;url&quot;:&quot;&quot;,&quot;id&quot;:&quot;&quot;,&quot;size&quot;:&quot;&quot;},&quot;_id&quot;:&quot;b36ef1a&quot;,&quot;jet_parallax_layout_image_tablet&quot;:{&quot;url&quot;:&quot;&quot;,&quot;id&quot;:&quot;&quot;,&quot;size&quot;:&quot;&quot;},&quot;jet_parallax_layout_image_mobile&quot;:{&quot;url&quot;:&quot;&quot;,&quot;id&quot;:&quot;&quot;,&quot;size&quot;:&quot;&quot;},&quot;jet_parallax_layout_speed&quot;:{&quot;unit&quot;:&quot;%&quot;,&quot;size&quot;:50,&quot;sizes&quot;:[]},&quot;jet_parallax_layout_type&quot;:&quot;scroll&quot;,&quot;jet_parallax_layout_direction&quot;:&quot;1&quot;,&quot;jet_parallax_layout_fx_direction&quot;:null,&quot;jet_parallax_layout_z_index&quot;:&quot;&quot;,&quot;jet_parallax_layout_bg_x&quot;:50,&quot;jet_parallax_layout_bg_x_tablet&quot;:&quot;&quot;,&quot;jet_parallax_layout_bg_x_mobile&quot;:&quot;&quot;,&quot;jet_parallax_layout_bg_y&quot;:50,&quot;jet_parallax_layout_bg_y_tablet&quot;:&quot;&quot;,&quot;jet_parallax_layout_bg_y_mobile&quot;:&quot;&quot;,&quot;jet_parallax_layout_bg_size&quot;:&quot;auto&quot;,&quot;jet_parallax_layout_bg_size_tablet&quot;:&quot;&quot;,&quot;jet_parallax_layout_bg_size_mobile&quot;:&quot;&quot;,&quot;jet_parallax_layout_animation_prop&quot;:&quot;transform&quot;,&quot;jet_parallax_layout_on&quot;:[&quot;desktop&quot;,&quot;tablet&quot;]}]}\">\n\t\t\t\t\t\t<div class=\"elementor-container elementor-column-gap-wider\">\n\t\t\t\t\t<div class=\"elementor-column elementor-col-50 elementor-top-column elementor-element elementor-element-18acc8de\" data-id=\"18acc8de\" data-element_type=\"column\" data-e-type=\"column\">\n\t\t\t<div class=\"elementor-widget-wrap elementor-element-populated\">\n\t\t\t\t\t\t<div class=\"elementor-element elementor-element-4ed727cc elementor-widget elementor-widget-raven-posts\" data-id=\"4ed727cc\" data-element_type=\"widget\" data-e-type=\"widget\" data-settings=\"{&quot;query_posts_per_page&quot;:10,&quot;classic_columns&quot;:&quot;2&quot;,&quot;_skin&quot;:&quot;classic&quot;,&quot;classic_layout&quot;:&quot;grid&quot;,&quot;classic_columns_tablet&quot;:&quot;2&quot;,&quot;classic_columns_mobile&quot;:&quot;1&quot;,&quot;query_offset&quot;:0}\" data-widget_type=\"raven-posts.classic\">\n\t\t\t\t<div class=\"elementor-widget-container\">\n\t\t\t\t\t\t\t<div class=\"raven-posts raven-grid raven-grid-2 raven-grid-mobile-1 raven-grid-tablet-2\" data-post-id=\"4474\" data-archive-query=\"\" data-lang=\"\">\n\t\t\t\t<div class=\"raven-grid-item raven-post-item post-22811 post type-post status-publish format-standard has-post-thumbnail hentry category-fieldwork-grants-2023 category-media-presence category-news tag-fieldwork tag-fieldwork-grants tag-heritage tag-mudejar-en tag-territorio-mudejar-en\">\n\t\t\t<div class=\"raven-post\">\n\t\t\t\t\t\t<div class=\"raven-post-image-wrap\">\n\t\t\t<a class=\"raven-post-image raven-image-fit\" href=\"https:\/\/www.territoriomudejar.es\/en\/territorio-mudejar-awards-three-stays-and-three-artistic-residencies-for-innovative-projects-that-promote-the-conservation-and-use-of-mudejar-heritage-in-rural-areas\/\"><img fetchpriority=\"high\" decoding=\"async\" width=\"300\" height=\"210\" src=\"https:\/\/www.territoriomudejar.es\/wp-content\/uploads\/2023\/11\/IMG_3001-300x210.jpg\" class=\"attachment-medium size-medium wp-image-17393\" alt=\"\" srcset=\"https:\/\/www.territoriomudejar.es\/wp-content\/uploads\/2023\/11\/IMG_3001-300x210.jpg 300w, https:\/\/www.territoriomudejar.es\/wp-content\/uploads\/2023\/11\/IMG_3001-1024x716.jpg 1024w, https:\/\/www.territoriomudejar.es\/wp-content\/uploads\/2023\/11\/IMG_3001-768x537.jpg 768w, https:\/\/www.territoriomudejar.es\/wp-content\/uploads\/2023\/11\/IMG_3001-1536x1074.jpg 1536w, https:\/\/www.territoriomudejar.es\/wp-content\/uploads\/2023\/11\/IMG_3001-2048x1432.jpg 2048w, https:\/\/www.territoriomudejar.es\/wp-content\/uploads\/2023\/11\/IMG_3001-600x419.jpg 600w\" sizes=\"(max-width: 300px) 100vw, 300px\" \/> <span class=\"raven-post-image-overlay\"><\/span><\/a>\t\t<\/div>\n\t\t\t\t\t\t<div class=\"raven-post-content\">\n\t\t\t\t\t<h3 class=\"raven-post-title\"><a class=\"raven-post-title-link\" href=\"https:\/\/www.territoriomudejar.es\/en\/territorio-mudejar-awards-three-stays-and-three-artistic-residencies-for-innovative-projects-that-promote-the-conservation-and-use-of-mudejar-heritage-in-rural-areas\/\">Territorio Mud\u00e9jar awards three stays and three artistic residencies for innovative projects that promote the conservation and use of Mudejar heritage in rural areas.<\/a><\/h3>\t\t<div class=\"raven-post-meta\"><a class=\"raven-post-meta-item raven-post-date\" href=\"https:\/\/www.territoriomudejar.es\/en\/2023\/11\/\" rel=\"bookmark\">17 November, 2023<\/a>\n<span class=\"raven-post-meta-divider\">\/<\/span>\n<span class=\"raven-post-meta-item raven-post-categories\"><a href=\"https:\/\/www.territoriomudejar.es\/en\/category\/projects\/fieldwork-grants-2023\/\" rel=\"tag\">Fieldwork grants 2023<\/a>, <a href=\"https:\/\/www.territoriomudejar.es\/en\/category\/media-presence\/\" rel=\"tag\">Media Presence<\/a>, <a href=\"https:\/\/www.territoriomudejar.es\/en\/category\/news\/\" rel=\"tag\">News<\/a><\/span>\n<span class=\"raven-post-meta-divider\">\/<\/span>\n<span class=\"raven-post-meta-item raven-post-tags\"><a href=\"https:\/\/www.territoriomudejar.es\/en\/tag\/fieldwork\/\" rel=\"tag\">fieldwork<\/a>, <a href=\"https:\/\/www.territoriomudejar.es\/en\/tag\/fieldwork-grants\/\" rel=\"tag\">fieldwork grants<\/a>, <a href=\"https:\/\/www.territoriomudejar.es\/en\/tag\/heritage\/\" rel=\"tag\">heritage<\/a>, <a href=\"https:\/\/www.territoriomudejar.es\/en\/tag\/mudejar-en\/\" rel=\"tag\">mudejar<\/a>, <a href=\"https:\/\/www.territoriomudejar.es\/en\/tag\/territorio-mudejar-en\/\" rel=\"tag\">Territorio Mud\u00e9jar<\/a><\/span><\/div>\n\t\t<div class=\"raven-post-excerpt\">The Gonzalo M. Borr\u00e1s Gualis stays to develop pilot projects will last six months and almost 15 villages, out of the 48 partners, will receive expert visits from the researchers.<\/div>\t\t<div class=\"raven-post-read-more\">\n\t\t\t<a class=\"raven-post-button\" href=\"https:\/\/www.territoriomudejar.es\/en\/territorio-mudejar-awards-three-stays-and-three-artistic-residencies-for-innovative-projects-that-promote-the-conservation-and-use-of-mudejar-heritage-in-rural-areas\/\"><span class=\"raven-post-button-text\">Leer m\u00e1s<\/span><\/a>\n\t\t<\/div>\n\t\t\t\t\t\t<\/div>\n\t\t\t<\/div>\n\t\t<\/div>\n\t\t\t\t<div class=\"raven-grid-item raven-post-item post-23116 post type-post status-publish format-standard hentry category-calls-for-proposals category-media-presence category-miscellaneous-projects category-news tag-call-for-proposals tag-deadline-en tag-heritage tag-projects tag-region tag-research tag-rural-en tag-university\">\n\t\t\t<div class=\"raven-post\">\n\t\t\t\t\t\t\t\t<div class=\"raven-post-content\">\n\t\t\t\t\t<h3 class=\"raven-post-title\"><a class=\"raven-post-title-link\" href=\"https:\/\/www.territoriomudejar.es\/en\/extraordinary-call-sustainability-plan-daroca\/\">Extraordinary Call: Sustainability Plan Daroca<\/a><\/h3>\t\t<div class=\"raven-post-meta\"><a class=\"raven-post-meta-item raven-post-date\" href=\"https:\/\/www.territoriomudejar.es\/en\/2023\/08\/\" rel=\"bookmark\">12 August, 2023<\/a>\n<span class=\"raven-post-meta-divider\">\/<\/span>\n<span class=\"raven-post-meta-item raven-post-categories\"><a href=\"https:\/\/www.territoriomudejar.es\/en\/category\/calls-for-proposals\/\" rel=\"tag\">Calls for proposals<\/a>, <a href=\"https:\/\/www.territoriomudejar.es\/en\/category\/media-presence\/\" rel=\"tag\">Media Presence<\/a>, <a href=\"https:\/\/www.territoriomudejar.es\/en\/category\/projects\/miscellaneous-projects\/\" rel=\"tag\">Miscellaneous projects<\/a>, <a href=\"https:\/\/www.territoriomudejar.es\/en\/category\/news\/\" rel=\"tag\">News<\/a><\/span>\n<span class=\"raven-post-meta-divider\">\/<\/span>\n<span class=\"raven-post-meta-item raven-post-tags\"><a href=\"https:\/\/www.territoriomudejar.es\/en\/tag\/call-for-proposals\/\" rel=\"tag\">call for proposals<\/a>, <a href=\"https:\/\/www.territoriomudejar.es\/en\/tag\/deadline-en\/\" rel=\"tag\">deadline<\/a>, <a href=\"https:\/\/www.territoriomudejar.es\/en\/tag\/heritage\/\" rel=\"tag\">heritage<\/a>, <a href=\"https:\/\/www.territoriomudejar.es\/en\/tag\/projects\/\" rel=\"tag\">projects<\/a>, <a href=\"https:\/\/www.territoriomudejar.es\/en\/tag\/region\/\" rel=\"tag\">region<\/a>, <a href=\"https:\/\/www.territoriomudejar.es\/en\/tag\/research\/\" rel=\"tag\">research<\/a>, <a href=\"https:\/\/www.territoriomudejar.es\/en\/tag\/rural-en\/\" rel=\"tag\">rural<\/a>, <a href=\"https:\/\/www.territoriomudejar.es\/en\/tag\/university\/\" rel=\"tag\">university<\/a><\/span><\/div>\n\t\t<div class=\"raven-post-excerpt\">SELECTION OF A PROFESSIONAL ASSISTANT TO PROJECT MANAGEMENT. Advice, consultation, monitoring and scientific support in the management of historical-artistic heritage for the development of the Tourism Sustainability Plan for the<\/div>\t\t<div class=\"raven-post-read-more\">\n\t\t\t<a class=\"raven-post-button\" href=\"https:\/\/www.territoriomudejar.es\/en\/extraordinary-call-sustainability-plan-daroca\/\"><span class=\"raven-post-button-text\">Leer m\u00e1s<\/span><\/a>\n\t\t<\/div>\n\t\t\t\t\t\t<\/div>\n\t\t\t<\/div>\n\t\t<\/div>\n\t\t\t\t<div class=\"raven-grid-item raven-post-item post-23118 post type-post status-publish format-standard has-post-thumbnail hentry category-calls-for-proposals category-media-presence category-news tag-call-for-proposals tag-daroca-en tag-fieldwork-grants tag-heritage tag-mudejar-en tag-territorio-mudejar-en tag-tourism-sustainability-plan-daroca\">\n\t\t\t<div class=\"raven-post\">\n\t\t\t\t\t\t<div class=\"raven-post-image-wrap\">\n\t\t\t<a class=\"raven-post-image raven-image-fit\" href=\"https:\/\/www.territoriomudejar.es\/en\/special-agreement-with-the-municipality-of-daroca-to-form-a-technical-and-scientific-advisory-work-team-for-the-tourism-sustainability-plan\/\"><img decoding=\"async\" width=\"225\" height=\"300\" data-src=\"https:\/\/www.territoriomudejar.es\/wp-content\/uploads\/2023\/08\/f8e6ea61-9cbd-4f15-87f5-4aae3ffd4668-225x300.jpg\" class=\"attachment-medium size-medium wp-image-16346 lazyload\" alt=\"\" data-srcset=\"https:\/\/www.territoriomudejar.es\/wp-content\/uploads\/2023\/08\/f8e6ea61-9cbd-4f15-87f5-4aae3ffd4668-225x300.jpg 225w, https:\/\/www.territoriomudejar.es\/wp-content\/uploads\/2023\/08\/f8e6ea61-9cbd-4f15-87f5-4aae3ffd4668-768x1024.jpg 768w, https:\/\/www.territoriomudejar.es\/wp-content\/uploads\/2023\/08\/f8e6ea61-9cbd-4f15-87f5-4aae3ffd4668-1152x1536.jpg 1152w, https:\/\/www.territoriomudejar.es\/wp-content\/uploads\/2023\/08\/f8e6ea61-9cbd-4f15-87f5-4aae3ffd4668-600x800.jpg 600w, https:\/\/www.territoriomudejar.es\/wp-content\/uploads\/2023\/08\/f8e6ea61-9cbd-4f15-87f5-4aae3ffd4668.jpg 1200w\" data-sizes=\"(max-width: 225px) 100vw, 225px\" src=\"data:image\/svg+xml;base64,PHN2ZyB3aWR0aD0iMSIgaGVpZ2h0PSIxIiB4bWxucz0iaHR0cDovL3d3dy53My5vcmcvMjAwMC9zdmciPjwvc3ZnPg==\" style=\"--smush-placeholder-width: 225px; --smush-placeholder-aspect-ratio: 225\/300;\" \/> <span class=\"raven-post-image-overlay\"><\/span><\/a>\t\t<\/div>\n\t\t\t\t\t\t<div class=\"raven-post-content\">\n\t\t\t\t\t<h3 class=\"raven-post-title\"><a class=\"raven-post-title-link\" href=\"https:\/\/www.territoriomudejar.es\/en\/special-agreement-with-the-municipality-of-daroca-to-form-a-technical-and-scientific-advisory-work-team-for-the-tourism-sustainability-plan\/\">Special agreement with the municipality of Daroca to form a technical and scientific advisory work team for the Tourism Sustainability Plan.<\/a><\/h3>\t\t<div class=\"raven-post-meta\"><a class=\"raven-post-meta-item raven-post-date\" href=\"https:\/\/www.territoriomudejar.es\/en\/2023\/08\/\" rel=\"bookmark\">12 August, 2023<\/a>\n<span class=\"raven-post-meta-divider\">\/<\/span>\n<span class=\"raven-post-meta-item raven-post-categories\"><a href=\"https:\/\/www.territoriomudejar.es\/en\/category\/calls-for-proposals\/\" rel=\"tag\">Calls for proposals<\/a>, <a href=\"https:\/\/www.territoriomudejar.es\/en\/category\/media-presence\/\" rel=\"tag\">Media Presence<\/a>, <a href=\"https:\/\/www.territoriomudejar.es\/en\/category\/news\/\" rel=\"tag\">News<\/a><\/span>\n<span class=\"raven-post-meta-divider\">\/<\/span>\n<span class=\"raven-post-meta-item raven-post-tags\"><a href=\"https:\/\/www.territoriomudejar.es\/en\/tag\/call-for-proposals\/\" rel=\"tag\">call for proposals<\/a>, <a href=\"https:\/\/www.territoriomudejar.es\/en\/tag\/daroca-en\/\" rel=\"tag\">Daroca<\/a>, <a href=\"https:\/\/www.territoriomudejar.es\/en\/tag\/fieldwork-grants\/\" rel=\"tag\">fieldwork grants<\/a>, <a href=\"https:\/\/www.territoriomudejar.es\/en\/tag\/heritage\/\" rel=\"tag\">heritage<\/a>, <a href=\"https:\/\/www.territoriomudejar.es\/en\/tag\/mudejar-en\/\" rel=\"tag\">mudejar<\/a>, <a href=\"https:\/\/www.territoriomudejar.es\/en\/tag\/territorio-mudejar-en\/\" rel=\"tag\">Territorio Mud\u00e9jar<\/a>, <a href=\"https:\/\/www.territoriomudejar.es\/en\/tag\/tourism-sustainability-plan-daroca\/\" rel=\"tag\">tourism sustainability plan Daroca<\/a><\/span><\/div>\n\t\t<div class=\"raven-post-excerpt\">Territorio Mud\u00e9jar has signed a special agreement with the town council of Daroca to form a technical and scientific advisory work team for the local tourist destination sustainability plan. The<\/div>\t\t<div class=\"raven-post-read-more\">\n\t\t\t<a class=\"raven-post-button\" href=\"https:\/\/www.territoriomudejar.es\/en\/special-agreement-with-the-municipality-of-daroca-to-form-a-technical-and-scientific-advisory-work-team-for-the-tourism-sustainability-plan\/\"><span class=\"raven-post-button-text\">Leer m\u00e1s<\/span><\/a>\n\t\t<\/div>\n\t\t\t\t\t\t<\/div>\n\t\t\t<\/div>\n\t\t<\/div>\n\t\t\t\t<div class=\"raven-grid-item raven-post-item post-23120 post type-post status-publish format-standard has-post-thumbnail hentry category-fieldwork-grants-2023 category-media-presence category-news tag-fieldwork tag-fieldwork-grants tag-heritage tag-mudejar-en tag-territorio-mudejar-en\">\n\t\t\t<div class=\"raven-post\">\n\t\t\t\t\t\t<div class=\"raven-post-image-wrap\">\n\t\t\t<a class=\"raven-post-image raven-image-fit\" href=\"https:\/\/www.territoriomudejar.es\/en\/territorio-mudejar-announces-a-new-edition-of-its-research-stays-to-promote-projects-related-to-heritage-in-rural-areas\/\"><img decoding=\"async\" width=\"212\" height=\"300\" data-src=\"https:\/\/www.territoriomudejar.es\/wp-content\/uploads\/2023\/06\/cartel-estancias-212x300.jpg\" class=\"attachment-medium size-medium wp-image-15976 lazyload\" alt=\"\" data-srcset=\"https:\/\/www.territoriomudejar.es\/wp-content\/uploads\/2023\/06\/cartel-estancias-212x300.jpg 212w, https:\/\/www.territoriomudejar.es\/wp-content\/uploads\/2023\/06\/cartel-estancias-724x1024.jpg 724w, https:\/\/www.territoriomudejar.es\/wp-content\/uploads\/2023\/06\/cartel-estancias-768x1086.jpg 768w, https:\/\/www.territoriomudejar.es\/wp-content\/uploads\/2023\/06\/cartel-estancias-1086x1536.jpg 1086w, https:\/\/www.territoriomudejar.es\/wp-content\/uploads\/2023\/06\/cartel-estancias-1448x2048.jpg 1448w, https:\/\/www.territoriomudejar.es\/wp-content\/uploads\/2023\/06\/cartel-estancias-600x848.jpg 600w, https:\/\/www.territoriomudejar.es\/wp-content\/uploads\/2023\/06\/cartel-estancias.jpg 1754w\" data-sizes=\"(max-width: 212px) 100vw, 212px\" src=\"data:image\/svg+xml;base64,PHN2ZyB3aWR0aD0iMSIgaGVpZ2h0PSIxIiB4bWxucz0iaHR0cDovL3d3dy53My5vcmcvMjAwMC9zdmciPjwvc3ZnPg==\" style=\"--smush-placeholder-width: 212px; --smush-placeholder-aspect-ratio: 212\/300;\" \/> <span class=\"raven-post-image-overlay\"><\/span><\/a>\t\t<\/div>\n\t\t\t\t\t\t<div class=\"raven-post-content\">\n\t\t\t\t\t<h3 class=\"raven-post-title\"><a class=\"raven-post-title-link\" href=\"https:\/\/www.territoriomudejar.es\/en\/territorio-mudejar-announces-a-new-edition-of-its-research-stays-to-promote-projects-related-to-heritage-in-rural-areas\/\">Territorio Mud\u00e9jar announces a new edition of its research stays to promote projects related to heritage in rural areas.<\/a><\/h3>\t\t<div class=\"raven-post-meta\"><a class=\"raven-post-meta-item raven-post-date\" href=\"https:\/\/www.territoriomudejar.es\/en\/2023\/06\/\" rel=\"bookmark\">25 June, 2023<\/a>\n<span class=\"raven-post-meta-divider\">\/<\/span>\n<span class=\"raven-post-meta-item raven-post-categories\"><a href=\"https:\/\/www.territoriomudejar.es\/en\/category\/projects\/fieldwork-grants-2023\/\" rel=\"tag\">Fieldwork grants 2023<\/a>, <a href=\"https:\/\/www.territoriomudejar.es\/en\/category\/media-presence\/\" rel=\"tag\">Media Presence<\/a>, <a href=\"https:\/\/www.territoriomudejar.es\/en\/category\/news\/\" rel=\"tag\">News<\/a><\/span>\n<span class=\"raven-post-meta-divider\">\/<\/span>\n<span class=\"raven-post-meta-item raven-post-tags\"><a href=\"https:\/\/www.territoriomudejar.es\/en\/tag\/fieldwork\/\" rel=\"tag\">fieldwork<\/a>, <a href=\"https:\/\/www.territoriomudejar.es\/en\/tag\/fieldwork-grants\/\" rel=\"tag\">fieldwork grants<\/a>, <a href=\"https:\/\/www.territoriomudejar.es\/en\/tag\/heritage\/\" rel=\"tag\">heritage<\/a>, <a href=\"https:\/\/www.territoriomudejar.es\/en\/tag\/mudejar-en\/\" rel=\"tag\">mudejar<\/a>, <a href=\"https:\/\/www.territoriomudejar.es\/en\/tag\/territorio-mudejar-en\/\" rel=\"tag\">Territorio Mud\u00e9jar<\/a><\/span><\/div>\n\t\t<div class=\"raven-post-excerpt\">\u00bfTe gustar\u00eda trabajar en el aula con materiales educativos en torno a la identidad mud\u00e9jar de los pueblos? \u00bfEntiendes el espacio patrimonial como un espacio de aprendizaje innovador? En las<\/div>\t\t<div class=\"raven-post-read-more\">\n\t\t\t<a class=\"raven-post-button\" href=\"https:\/\/www.territoriomudejar.es\/en\/territorio-mudejar-announces-a-new-edition-of-its-research-stays-to-promote-projects-related-to-heritage-in-rural-areas\/\"><span class=\"raven-post-button-text\">Leer m\u00e1s<\/span><\/a>\n\t\t<\/div>\n\t\t\t\t\t\t<\/div>\n\t\t\t<\/div>\n\t\t<\/div>\n\t\t\t\t<div class=\"raven-grid-item raven-post-item post-23161 post type-post status-publish format-standard has-post-thumbnail hentry category-media-presence category-news tag-agreement tag-heritage tag-mudejar-en tag-territorio-mudejar-en tag-towns\">\n\t\t\t<div class=\"raven-post\">\n\t\t\t\t\t\t<div class=\"raven-post-image-wrap\">\n\t\t\t<a class=\"raven-post-image raven-image-fit\" href=\"https:\/\/www.territoriomudejar.es\/en\/territorio-mudejar-and-fuentes-de-ebro-launch-a-plan-for-the-integration-of-emerging-professionals-to-develop-a-strategic-plan-of-action-for-tourism-and-heritage\/\"><img decoding=\"async\" width=\"300\" height=\"149\" data-src=\"https:\/\/www.territoriomudejar.es\/wp-content\/uploads\/2023\/03\/fuentes-1-300x149.jpg\" class=\"attachment-medium size-medium wp-image-13816 lazyload\" alt=\"\" data-srcset=\"https:\/\/www.territoriomudejar.es\/wp-content\/uploads\/2023\/03\/fuentes-1-300x149.jpg 300w, https:\/\/www.territoriomudejar.es\/wp-content\/uploads\/2023\/03\/fuentes-1-1024x508.jpg 1024w, https:\/\/www.territoriomudejar.es\/wp-content\/uploads\/2023\/03\/fuentes-1-768x381.jpg 768w, https:\/\/www.territoriomudejar.es\/wp-content\/uploads\/2023\/03\/fuentes-1-1536x762.jpg 1536w, https:\/\/www.territoriomudejar.es\/wp-content\/uploads\/2023\/03\/fuentes-1-2048x1016.jpg 2048w, https:\/\/www.territoriomudejar.es\/wp-content\/uploads\/2023\/03\/fuentes-1-600x298.jpg 600w\" data-sizes=\"(max-width: 300px) 100vw, 300px\" src=\"data:image\/svg+xml;base64,PHN2ZyB3aWR0aD0iMSIgaGVpZ2h0PSIxIiB4bWxucz0iaHR0cDovL3d3dy53My5vcmcvMjAwMC9zdmciPjwvc3ZnPg==\" style=\"--smush-placeholder-width: 300px; --smush-placeholder-aspect-ratio: 300\/149;\" \/> <span class=\"raven-post-image-overlay\"><\/span><\/a>\t\t<\/div>\n\t\t\t\t\t\t<div class=\"raven-post-content\">\n\t\t\t\t\t<h3 class=\"raven-post-title\"><a class=\"raven-post-title-link\" href=\"https:\/\/www.territoriomudejar.es\/en\/territorio-mudejar-and-fuentes-de-ebro-launch-a-plan-for-the-integration-of-emerging-professionals-to-develop-a-strategic-plan-of-action-for-tourism-and-heritage\/\">Territorio Mud\u00e9jar and Fuentes de Ebro launch a plan for the integration of emerging professionals to develop a strategic plan of action for tourism and heritage.<\/a><\/h3>\t\t<div class=\"raven-post-meta\"><a class=\"raven-post-meta-item raven-post-date\" href=\"https:\/\/www.territoriomudejar.es\/en\/2023\/03\/\" rel=\"bookmark\">2 March, 2023<\/a>\n<span class=\"raven-post-meta-divider\">\/<\/span>\n<span class=\"raven-post-meta-item raven-post-categories\"><a href=\"https:\/\/www.territoriomudejar.es\/en\/category\/media-presence\/\" rel=\"tag\">Media Presence<\/a>, <a href=\"https:\/\/www.territoriomudejar.es\/en\/category\/news\/\" rel=\"tag\">News<\/a><\/span>\n<span class=\"raven-post-meta-divider\">\/<\/span>\n<span class=\"raven-post-meta-item raven-post-tags\"><a href=\"https:\/\/www.territoriomudejar.es\/en\/tag\/agreement\/\" rel=\"tag\">agreement<\/a>, <a href=\"https:\/\/www.territoriomudejar.es\/en\/tag\/heritage\/\" rel=\"tag\">heritage<\/a>, <a href=\"https:\/\/www.territoriomudejar.es\/en\/tag\/mudejar-en\/\" rel=\"tag\">mudejar<\/a>, <a href=\"https:\/\/www.territoriomudejar.es\/en\/tag\/territorio-mudejar-en\/\" rel=\"tag\">Territorio Mud\u00e9jar<\/a>, <a href=\"https:\/\/www.territoriomudejar.es\/en\/tag\/towns\/\" rel=\"tag\">towns<\/a><\/span><\/div>\n\t\t<div class=\"raven-post-excerpt\">Territorio Mud\u00e9jar and the Town Council of Fuentes de Ebro have signed the first special agreement between the entity and a partner town council to develop a strategic plan of<\/div>\t\t<div class=\"raven-post-read-more\">\n\t\t\t<a class=\"raven-post-button\" href=\"https:\/\/www.territoriomudejar.es\/en\/territorio-mudejar-and-fuentes-de-ebro-launch-a-plan-for-the-integration-of-emerging-professionals-to-develop-a-strategic-plan-of-action-for-tourism-and-heritage\/\"><span class=\"raven-post-button-text\">Leer m\u00e1s<\/span><\/a>\n\t\t<\/div>\n\t\t\t\t\t\t<\/div>\n\t\t\t<\/div>\n\t\t<\/div>\n\t\t\t\t<div class=\"raven-grid-item raven-post-item post-23169 post type-post status-publish format-standard has-post-thumbnail hentry category-media-presence category-news tag-heritage tag-mudejar-en tag-nsenzia-en tag-territorio-mudejar-en\">\n\t\t\t<div class=\"raven-post\">\n\t\t\t\t\t\t<div class=\"raven-post-image-wrap\">\n\t\t\t<a class=\"raven-post-image raven-image-fit\" href=\"https:\/\/www.territoriomudejar.es\/en\/special-interview-on-the-anniversary-of-the-declaration-of-the-mudejar-as-world-heritage-in-nsencia-magazine\/\"><img decoding=\"async\" width=\"300\" height=\"217\" data-src=\"https:\/\/www.territoriomudejar.es\/wp-content\/uploads\/2023\/03\/entrevista-1-300x217.jpg\" class=\"attachment-medium size-medium wp-image-13845 lazyload\" alt=\"\" data-srcset=\"https:\/\/www.territoriomudejar.es\/wp-content\/uploads\/2023\/03\/entrevista-1-300x217.jpg 300w, https:\/\/www.territoriomudejar.es\/wp-content\/uploads\/2023\/03\/entrevista-1-1024x741.jpg 1024w, https:\/\/www.territoriomudejar.es\/wp-content\/uploads\/2023\/03\/entrevista-1-768x556.jpg 768w, https:\/\/www.territoriomudejar.es\/wp-content\/uploads\/2023\/03\/entrevista-1-600x434.jpg 600w, https:\/\/www.territoriomudejar.es\/wp-content\/uploads\/2023\/03\/entrevista-1.jpg 1440w\" data-sizes=\"(max-width: 300px) 100vw, 300px\" src=\"data:image\/svg+xml;base64,PHN2ZyB3aWR0aD0iMSIgaGVpZ2h0PSIxIiB4bWxucz0iaHR0cDovL3d3dy53My5vcmcvMjAwMC9zdmciPjwvc3ZnPg==\" style=\"--smush-placeholder-width: 300px; --smush-placeholder-aspect-ratio: 300\/217;\" \/> <span class=\"raven-post-image-overlay\"><\/span><\/a>\t\t<\/div>\n\t\t\t\t\t\t<div class=\"raven-post-content\">\n\t\t\t\t\t<h3 class=\"raven-post-title\"><a class=\"raven-post-title-link\" href=\"https:\/\/www.territoriomudejar.es\/en\/special-interview-on-the-anniversary-of-the-declaration-of-the-mudejar-as-world-heritage-in-nsencia-magazine\/\">Special interview on the anniversary of the declaration of the Mudejar as World Heritage in Nsencia magazine.<\/a><\/h3>\t\t<div class=\"raven-post-meta\"><a class=\"raven-post-meta-item raven-post-date\" href=\"https:\/\/www.territoriomudejar.es\/en\/2023\/01\/\" rel=\"bookmark\">11 January, 2023<\/a>\n<span class=\"raven-post-meta-divider\">\/<\/span>\n<span class=\"raven-post-meta-item raven-post-categories\"><a href=\"https:\/\/www.territoriomudejar.es\/en\/category\/media-presence\/\" rel=\"tag\">Media Presence<\/a>, <a href=\"https:\/\/www.territoriomudejar.es\/en\/category\/news\/\" rel=\"tag\">News<\/a><\/span>\n<span class=\"raven-post-meta-divider\">\/<\/span>\n<span class=\"raven-post-meta-item raven-post-tags\"><a href=\"https:\/\/www.territoriomudejar.es\/en\/tag\/heritage\/\" rel=\"tag\">heritage<\/a>, <a href=\"https:\/\/www.territoriomudejar.es\/en\/tag\/mudejar-en\/\" rel=\"tag\">mudejar<\/a>, <a href=\"https:\/\/www.territoriomudejar.es\/en\/tag\/nsenzia-en\/\" rel=\"tag\">Nsenzia<\/a>, <a href=\"https:\/\/www.territoriomudejar.es\/en\/tag\/territorio-mudejar-en\/\" rel=\"tag\">Territorio Mud\u00e9jar<\/a><\/span><\/div>\n\t\t<div class=\"raven-post-excerpt\">January brings us a special interview with the director of Territorio Mud\u00e9jar, Victoria Trasobares, in the latest issue of Nsencia, in which we take a closer look at the work<\/div>\t\t<div class=\"raven-post-read-more\">\n\t\t\t<a class=\"raven-post-button\" href=\"https:\/\/www.territoriomudejar.es\/en\/special-interview-on-the-anniversary-of-the-declaration-of-the-mudejar-as-world-heritage-in-nsencia-magazine\/\"><span class=\"raven-post-button-text\">Leer m\u00e1s<\/span><\/a>\n\t\t<\/div>\n\t\t\t\t\t\t<\/div>\n\t\t\t<\/div>\n\t\t<\/div>\n\t\t\t\t<div class=\"raven-grid-item raven-post-item post-4433 post type-post status-publish format-standard has-post-thumbnail hentry category-media-presence category-news tag-depopulation tag-development tag-fieldwork tag-good-practices tag-heritage tag-ministerioculturaydeporte-en tag-perfilesprofesionales-en tag-professionalization tag-projects tag-region tag-rural-en tag-towns\">\n\t\t\t<div class=\"raven-post\">\n\t\t\t\t\t\t<div class=\"raven-post-image-wrap\">\n\t\t\t<a class=\"raven-post-image raven-image-fit\" href=\"https:\/\/www.territoriomudejar.es\/en\/territorio-mudejar-an-example-of-good-practices-at-the-seminar-on-cultural-heritage-as-a-sustainable-resource-in-empty-spain\/\"><img decoding=\"async\" width=\"300\" height=\"165\" data-src=\"https:\/\/www.territoriomudejar.es\/wp-content\/uploads\/2020\/10\/2E9F1F01-26B9-4B82-9E13-0C62947CBF4E-300x165.jpeg\" class=\"attachment-medium size-medium wp-image-4218 lazyload\" alt=\"\" data-srcset=\"https:\/\/www.territoriomudejar.es\/wp-content\/uploads\/2020\/10\/2E9F1F01-26B9-4B82-9E13-0C62947CBF4E-300x165.jpeg 300w, https:\/\/www.territoriomudejar.es\/wp-content\/uploads\/2020\/10\/2E9F1F01-26B9-4B82-9E13-0C62947CBF4E-768x423.jpeg 768w, https:\/\/www.territoriomudejar.es\/wp-content\/uploads\/2020\/10\/2E9F1F01-26B9-4B82-9E13-0C62947CBF4E.jpeg 943w\" data-sizes=\"(max-width: 300px) 100vw, 300px\" src=\"data:image\/svg+xml;base64,PHN2ZyB3aWR0aD0iMSIgaGVpZ2h0PSIxIiB4bWxucz0iaHR0cDovL3d3dy53My5vcmcvMjAwMC9zdmciPjwvc3ZnPg==\" style=\"--smush-placeholder-width: 300px; --smush-placeholder-aspect-ratio: 300\/165;\" \/> <span class=\"raven-post-image-overlay\"><\/span><\/a>\t\t<\/div>\n\t\t\t\t\t\t<div class=\"raven-post-content\">\n\t\t\t\t\t<h3 class=\"raven-post-title\"><a class=\"raven-post-title-link\" href=\"https:\/\/www.territoriomudejar.es\/en\/territorio-mudejar-an-example-of-good-practices-at-the-seminar-on-cultural-heritage-as-a-sustainable-resource-in-empty-spain\/\">Territorio Mud\u00e9jar, an example of good practices at the seminar on cultural heritage as a sustainable resource in \u2018empty Spain\u2019<\/a><\/h3>\t\t<div class=\"raven-post-meta\"><a class=\"raven-post-meta-item raven-post-date\" href=\"https:\/\/www.territoriomudejar.es\/en\/2021\/03\/\" rel=\"bookmark\">23 March, 2021<\/a>\n<span class=\"raven-post-meta-divider\">\/<\/span>\n<span class=\"raven-post-meta-item raven-post-categories\"><a href=\"https:\/\/www.territoriomudejar.es\/en\/category\/media-presence\/\" rel=\"tag\">Media Presence<\/a>, <a href=\"https:\/\/www.territoriomudejar.es\/en\/category\/news\/\" rel=\"tag\">News<\/a><\/span>\n<span class=\"raven-post-meta-divider\">\/<\/span>\n<span class=\"raven-post-meta-item raven-post-tags\"><a href=\"https:\/\/www.territoriomudejar.es\/en\/tag\/depopulation\/\" rel=\"tag\">depopulation<\/a>, <a href=\"https:\/\/www.territoriomudejar.es\/en\/tag\/development\/\" rel=\"tag\">development<\/a>, <a href=\"https:\/\/www.territoriomudejar.es\/en\/tag\/fieldwork\/\" rel=\"tag\">fieldwork<\/a>, <a href=\"https:\/\/www.territoriomudejar.es\/en\/tag\/good-practices\/\" rel=\"tag\">good practices<\/a>, <a href=\"https:\/\/www.territoriomudejar.es\/en\/tag\/heritage\/\" rel=\"tag\">heritage<\/a>, <a href=\"https:\/\/www.territoriomudejar.es\/en\/tag\/ministerioculturaydeporte-en\/\" rel=\"tag\">ministerioculturaydeporte<\/a>, <a href=\"https:\/\/www.territoriomudejar.es\/en\/tag\/perfilesprofesionales-en\/\" rel=\"tag\">perfilesprofesionales<\/a>, <a href=\"https:\/\/www.territoriomudejar.es\/en\/tag\/professionalization\/\" rel=\"tag\">professionalization<\/a>, <a href=\"https:\/\/www.territoriomudejar.es\/en\/tag\/projects\/\" rel=\"tag\">projects<\/a>, <a href=\"https:\/\/www.territoriomudejar.es\/en\/tag\/region\/\" rel=\"tag\">region<\/a>, <a href=\"https:\/\/www.territoriomudejar.es\/en\/tag\/rural-en\/\" rel=\"tag\">rural<\/a>, <a href=\"https:\/\/www.territoriomudejar.es\/en\/tag\/towns\/\" rel=\"tag\">towns<\/a><\/span><\/div>\n\t\t<div class=\"raven-post-excerpt\">Territorio Mud\u00e9jar participates in the leading forums on heritage and innovation, including the online seminar entitled \u201cEl patrimonio cultural como recurso sostenible en la Espa\u00f1a vaciada\u201d (Cultural heritage as a<\/div>\t\t<div class=\"raven-post-read-more\">\n\t\t\t<a class=\"raven-post-button\" href=\"https:\/\/www.territoriomudejar.es\/en\/territorio-mudejar-an-example-of-good-practices-at-the-seminar-on-cultural-heritage-as-a-sustainable-resource-in-empty-spain\/\"><span class=\"raven-post-button-text\">Leer m\u00e1s<\/span><\/a>\n\t\t<\/div>\n\t\t\t\t\t\t<\/div>\n\t\t\t<\/div>\n\t\t<\/div>\n\t\t\t\t<div class=\"raven-grid-item raven-post-item post-4428 post type-post status-publish format-standard has-post-thumbnail hentry category-media-presence category-news tag-calatayud-en tag-heritage tag-region tag-route67 tag-routes tag-rural-en tag-tourism tag-towns\">\n\t\t\t<div class=\"raven-post\">\n\t\t\t\t\t\t<div class=\"raven-post-image-wrap\">\n\t\t\t<a class=\"raven-post-image raven-image-fit\" href=\"https:\/\/www.territoriomudejar.es\/en\/mudejar-valley-culture-in-the-ruta-67-digital-catalog-of-the-community-of-calatayud\/\"><img decoding=\"async\" width=\"214\" height=\"300\" data-src=\"https:\/\/www.territoriomudejar.es\/wp-content\/uploads\/2020\/11\/ruta-67-bis-214x300.jpg\" class=\"attachment-medium size-medium wp-image-4225 lazyload\" alt=\"\" data-srcset=\"https:\/\/www.territoriomudejar.es\/wp-content\/uploads\/2020\/11\/ruta-67-bis-214x300.jpg 214w, https:\/\/www.territoriomudejar.es\/wp-content\/uploads\/2020\/11\/ruta-67-bis.jpg 427w\" data-sizes=\"(max-width: 214px) 100vw, 214px\" src=\"data:image\/svg+xml;base64,PHN2ZyB3aWR0aD0iMSIgaGVpZ2h0PSIxIiB4bWxucz0iaHR0cDovL3d3dy53My5vcmcvMjAwMC9zdmciPjwvc3ZnPg==\" style=\"--smush-placeholder-width: 214px; --smush-placeholder-aspect-ratio: 214\/300;\" \/> <span class=\"raven-post-image-overlay\"><\/span><\/a>\t\t<\/div>\n\t\t\t\t\t\t<div class=\"raven-post-content\">\n\t\t\t\t\t<h3 class=\"raven-post-title\"><a class=\"raven-post-title-link\" href=\"https:\/\/www.territoriomudejar.es\/en\/mudejar-valley-culture-in-the-ruta-67-digital-catalog-of-the-community-of-calatayud\/\">Mudejar valley culture, in the Ruta 67 digital catalog of the Community of Calatayud<\/a><\/h3>\t\t<div class=\"raven-post-meta\"><a class=\"raven-post-meta-item raven-post-date\" href=\"https:\/\/www.territoriomudejar.es\/en\/2021\/03\/\" rel=\"bookmark\">23 March, 2021<\/a>\n<span class=\"raven-post-meta-divider\">\/<\/span>\n<span class=\"raven-post-meta-item raven-post-categories\"><a href=\"https:\/\/www.territoriomudejar.es\/en\/category\/media-presence\/\" rel=\"tag\">Media Presence<\/a>, <a href=\"https:\/\/www.territoriomudejar.es\/en\/category\/news\/\" rel=\"tag\">News<\/a><\/span>\n<span class=\"raven-post-meta-divider\">\/<\/span>\n<span class=\"raven-post-meta-item raven-post-tags\"><a href=\"https:\/\/www.territoriomudejar.es\/en\/tag\/calatayud-en\/\" rel=\"tag\">calatayud<\/a>, <a href=\"https:\/\/www.territoriomudejar.es\/en\/tag\/heritage\/\" rel=\"tag\">heritage<\/a>, <a href=\"https:\/\/www.territoriomudejar.es\/en\/tag\/region\/\" rel=\"tag\">region<\/a>, <a href=\"https:\/\/www.territoriomudejar.es\/en\/tag\/route67\/\" rel=\"tag\">route67<\/a>, <a href=\"https:\/\/www.territoriomudejar.es\/en\/tag\/routes\/\" rel=\"tag\">routes<\/a>, <a href=\"https:\/\/www.territoriomudejar.es\/en\/tag\/rural-en\/\" rel=\"tag\">rural<\/a>, <a href=\"https:\/\/www.territoriomudejar.es\/en\/tag\/tourism\/\" rel=\"tag\">tourism<\/a>, <a href=\"https:\/\/www.territoriomudejar.es\/en\/tag\/towns\/\" rel=\"tag\">towns<\/a><\/span><\/div>\n\t\t<div class=\"raven-post-excerpt\">The Ruta 67 digital catalog was created as part of the \u201cDescubre tu comarca\u201d (Discover your district) employment workshop, in which Territorio Mud\u00e9jar participated by presenting one of the sessions.<\/div>\t\t<div class=\"raven-post-read-more\">\n\t\t\t<a class=\"raven-post-button\" href=\"https:\/\/www.territoriomudejar.es\/en\/mudejar-valley-culture-in-the-ruta-67-digital-catalog-of-the-community-of-calatayud\/\"><span class=\"raven-post-button-text\">Leer m\u00e1s<\/span><\/a>\n\t\t<\/div>\n\t\t\t\t\t\t<\/div>\n\t\t\t<\/div>\n\t\t<\/div>\n\t\t\t\t<div class=\"raven-grid-item raven-post-item post-4418 post type-post status-publish format-standard has-post-thumbnail hentry category-media-presence category-news tag-activities tag-cortona-en tag-divulgation tag-heritage tag-innovation tag-mudejar-en tag-region tag-rural-en tag-towns\">\n\t\t\t<div class=\"raven-post\">\n\t\t\t\t\t\t<div class=\"raven-post-image-wrap\">\n\t\t\t<a class=\"raven-post-image raven-image-fit\" href=\"https:\/\/www.territoriomudejar.es\/en\/territorio-mudejar-participates-in-the-cortonaopen3d-workshop-as-an-example-of-innovative-heritage-management\/\"><img decoding=\"async\" width=\"300\" height=\"225\" data-src=\"https:\/\/www.territoriomudejar.es\/wp-content\/uploads\/2020\/09\/Cortona-300x225.jpg\" class=\"attachment-medium size-medium wp-image-4203 lazyload\" alt=\"\" data-srcset=\"https:\/\/www.territoriomudejar.es\/wp-content\/uploads\/2020\/09\/Cortona-300x225.jpg 300w, https:\/\/www.territoriomudejar.es\/wp-content\/uploads\/2020\/09\/Cortona-1024x768.jpg 1024w, https:\/\/www.territoriomudejar.es\/wp-content\/uploads\/2020\/09\/Cortona-768x576.jpg 768w, https:\/\/www.territoriomudejar.es\/wp-content\/uploads\/2020\/09\/Cortona-1536x1152.jpg 1536w, https:\/\/www.territoriomudejar.es\/wp-content\/uploads\/2020\/09\/Cortona.jpg 1600w\" data-sizes=\"(max-width: 300px) 100vw, 300px\" src=\"data:image\/svg+xml;base64,PHN2ZyB3aWR0aD0iMSIgaGVpZ2h0PSIxIiB4bWxucz0iaHR0cDovL3d3dy53My5vcmcvMjAwMC9zdmciPjwvc3ZnPg==\" style=\"--smush-placeholder-width: 300px; --smush-placeholder-aspect-ratio: 300\/225;\" \/> <span class=\"raven-post-image-overlay\"><\/span><\/a>\t\t<\/div>\n\t\t\t\t\t\t<div class=\"raven-post-content\">\n\t\t\t\t\t<h3 class=\"raven-post-title\"><a class=\"raven-post-title-link\" href=\"https:\/\/www.territoriomudejar.es\/en\/territorio-mudejar-participates-in-the-cortonaopen3d-workshop-as-an-example-of-innovative-heritage-management\/\">Territorio Mud\u00e9jar participates in the CortonaOpen3D workshop as an example of innovative heritage management<\/a><\/h3>\t\t<div class=\"raven-post-meta\"><a class=\"raven-post-meta-item raven-post-date\" href=\"https:\/\/www.territoriomudejar.es\/en\/2021\/03\/\" rel=\"bookmark\">23 March, 2021<\/a>\n<span class=\"raven-post-meta-divider\">\/<\/span>\n<span class=\"raven-post-meta-item raven-post-categories\"><a href=\"https:\/\/www.territoriomudejar.es\/en\/category\/media-presence\/\" rel=\"tag\">Media Presence<\/a>, <a href=\"https:\/\/www.territoriomudejar.es\/en\/category\/news\/\" rel=\"tag\">News<\/a><\/span>\n<span class=\"raven-post-meta-divider\">\/<\/span>\n<span class=\"raven-post-meta-item raven-post-tags\"><a href=\"https:\/\/www.territoriomudejar.es\/en\/tag\/activities\/\" rel=\"tag\">activities<\/a>, <a href=\"https:\/\/www.territoriomudejar.es\/en\/tag\/cortona-en\/\" rel=\"tag\">cortona<\/a>, <a href=\"https:\/\/www.territoriomudejar.es\/en\/tag\/divulgation\/\" rel=\"tag\">divulgation<\/a>, <a href=\"https:\/\/www.territoriomudejar.es\/en\/tag\/heritage\/\" rel=\"tag\">heritage<\/a>, <a href=\"https:\/\/www.territoriomudejar.es\/en\/tag\/innovation\/\" rel=\"tag\">innovation<\/a>, <a href=\"https:\/\/www.territoriomudejar.es\/en\/tag\/mudejar-en\/\" rel=\"tag\">mudejar<\/a>, <a href=\"https:\/\/www.territoriomudejar.es\/en\/tag\/region\/\" rel=\"tag\">region<\/a>, <a href=\"https:\/\/www.territoriomudejar.es\/en\/tag\/rural-en\/\" rel=\"tag\">rural<\/a>, <a href=\"https:\/\/www.territoriomudejar.es\/en\/tag\/towns\/\" rel=\"tag\">towns<\/a><\/span><\/div>\n\t\t<div class=\"raven-post-excerpt\">Territorio Mud\u00e9jar took part in the\u00a0CortonaOpen3D workshop, a specialized course in computer graphics and smart city design applied to cultural heritage, which was held from August 1 to 10 in<\/div>\t\t<div class=\"raven-post-read-more\">\n\t\t\t<a class=\"raven-post-button\" href=\"https:\/\/www.territoriomudejar.es\/en\/territorio-mudejar-participates-in-the-cortonaopen3d-workshop-as-an-example-of-innovative-heritage-management\/\"><span class=\"raven-post-button-text\">Leer m\u00e1s<\/span><\/a>\n\t\t<\/div>\n\t\t\t\t\t\t<\/div>\n\t\t\t<\/div>\n\t\t<\/div>\n\t\t\t\t<div class=\"raven-grid-item raven-post-item post-4410 post type-post status-publish format-standard has-post-thumbnail hentry category-media-presence category-news tag-activities tag-divulgation tag-extraordinarycourses tag-heritage tag-mudejar-en tag-region tag-rural-en tag-towns tag-universidaddezaragoza-en\">\n\t\t\t<div class=\"raven-post\">\n\t\t\t\t\t\t<div class=\"raven-post-image-wrap\">\n\t\t\t<a class=\"raven-post-image raven-image-fit\" href=\"https:\/\/www.territoriomudejar.es\/en\/the-aragonese-mudejar-a-mouse-click-away-around-the-world-with-the-google-arts-and-culture-platform\/\"><img decoding=\"async\" width=\"300\" height=\"151\" data-src=\"https:\/\/www.territoriomudejar.es\/wp-content\/uploads\/2020\/07\/41DEE8C8-3BC2-4131-B013-BAA3101B0867-300x151.jpeg\" class=\"attachment-medium size-medium wp-image-4186 lazyload\" alt=\"\" data-srcset=\"https:\/\/www.territoriomudejar.es\/wp-content\/uploads\/2020\/07\/41DEE8C8-3BC2-4131-B013-BAA3101B0867-300x151.jpeg 300w, https:\/\/www.territoriomudejar.es\/wp-content\/uploads\/2020\/07\/41DEE8C8-3BC2-4131-B013-BAA3101B0867-1024x517.jpeg 1024w, https:\/\/www.territoriomudejar.es\/wp-content\/uploads\/2020\/07\/41DEE8C8-3BC2-4131-B013-BAA3101B0867-768x387.jpeg 768w, https:\/\/www.territoriomudejar.es\/wp-content\/uploads\/2020\/07\/41DEE8C8-3BC2-4131-B013-BAA3101B0867-1536x775.jpeg 1536w, https:\/\/www.territoriomudejar.es\/wp-content\/uploads\/2020\/07\/41DEE8C8-3BC2-4131-B013-BAA3101B0867.jpeg 1901w\" data-sizes=\"(max-width: 300px) 100vw, 300px\" src=\"data:image\/svg+xml;base64,PHN2ZyB3aWR0aD0iMSIgaGVpZ2h0PSIxIiB4bWxucz0iaHR0cDovL3d3dy53My5vcmcvMjAwMC9zdmciPjwvc3ZnPg==\" style=\"--smush-placeholder-width: 300px; --smush-placeholder-aspect-ratio: 300\/151;\" \/> <span class=\"raven-post-image-overlay\"><\/span><\/a>\t\t<\/div>\n\t\t\t\t\t\t<div class=\"raven-post-content\">\n\t\t\t\t\t<h3 class=\"raven-post-title\"><a class=\"raven-post-title-link\" href=\"https:\/\/www.territoriomudejar.es\/en\/the-aragonese-mudejar-a-mouse-click-away-around-the-world-with-the-google-arts-and-culture-platform\/\">The Aragonese Mudejar, a mouse-click away around the world with the Google Arts and Culture platform<\/a><\/h3>\t\t<div class=\"raven-post-meta\"><a class=\"raven-post-meta-item raven-post-date\" href=\"https:\/\/www.territoriomudejar.es\/en\/2021\/03\/\" rel=\"bookmark\">23 March, 2021<\/a>\n<span class=\"raven-post-meta-divider\">\/<\/span>\n<span class=\"raven-post-meta-item raven-post-categories\"><a href=\"https:\/\/www.territoriomudejar.es\/en\/category\/media-presence\/\" rel=\"tag\">Media Presence<\/a>, <a href=\"https:\/\/www.territoriomudejar.es\/en\/category\/news\/\" rel=\"tag\">News<\/a><\/span>\n<span class=\"raven-post-meta-divider\">\/<\/span>\n<span class=\"raven-post-meta-item raven-post-tags\"><a href=\"https:\/\/www.territoriomudejar.es\/en\/tag\/activities\/\" rel=\"tag\">activities<\/a>, <a href=\"https:\/\/www.territoriomudejar.es\/en\/tag\/divulgation\/\" rel=\"tag\">divulgation<\/a>, <a href=\"https:\/\/www.territoriomudejar.es\/en\/tag\/extraordinarycourses\/\" rel=\"tag\">extraordinarycourses<\/a>, <a href=\"https:\/\/www.territoriomudejar.es\/en\/tag\/heritage\/\" rel=\"tag\">heritage<\/a>, <a href=\"https:\/\/www.territoriomudejar.es\/en\/tag\/mudejar-en\/\" rel=\"tag\">mudejar<\/a>, <a href=\"https:\/\/www.territoriomudejar.es\/en\/tag\/region\/\" rel=\"tag\">region<\/a>, <a href=\"https:\/\/www.territoriomudejar.es\/en\/tag\/rural-en\/\" rel=\"tag\">rural<\/a>, <a href=\"https:\/\/www.territoriomudejar.es\/en\/tag\/towns\/\" rel=\"tag\">towns<\/a>, <a href=\"https:\/\/www.territoriomudejar.es\/en\/tag\/universidaddezaragoza-en\/\" rel=\"tag\">universidaddezaragoza<\/a><\/span><\/div>\n\t\t<div class=\"raven-post-excerpt\">The Mudejar architecture of the province of Zaragoza can be accessed at the click of a mouse by anyone, anywhere around the world, thanks to its inclusion in the \u201cUNESCO<\/div>\t\t<div class=\"raven-post-read-more\">\n\t\t\t<a class=\"raven-post-button\" href=\"https:\/\/www.territoriomudejar.es\/en\/the-aragonese-mudejar-a-mouse-click-away-around-the-world-with-the-google-arts-and-culture-platform\/\"><span class=\"raven-post-button-text\">Leer m\u00e1s<\/span><\/a>\n\t\t<\/div>\n\t\t\t\t\t\t<\/div>\n\t\t\t<\/div>\n\t\t<\/div>\n\t\t\t\t<\/div>\n\t\t\t\t\t\t<\/div>\n\t\t\t\t<\/div>\n\t\t\t\t\t<\/div>\n\t\t<\/div>\n\t\t\t\t<div class=\"elementor-column elementor-col-50 elementor-top-column elementor-element elementor-element-6650144\" data-id=\"6650144\" data-element_type=\"column\" data-e-type=\"column\">\n\t\t\t<div class=\"elementor-widget-wrap elementor-element-populated\">\n\t\t\t\t\t\t<div class=\"elementor-element elementor-element-bca9180 elementor-widget elementor-widget-sidebar\" data-id=\"bca9180\" data-element_type=\"widget\" data-e-type=\"widget\" data-widget_type=\"sidebar.default\">\n\t\t\t\t<div class=\"elementor-widget-container\">\n\t\t\t\t\t<div id=\"search-3\" class=\"jupiterx-widget widget_search search-3 widget_search\" data-markup-id=\"jupiterx_widget_card[_jupiterx_custom_sidebar_1][_search][_search-3]\"><h3 class=\"card-title\" data-markup-id=\"jupiterx_widget_title[_jupiterx_custom_sidebar_1][_search][_search-3]\"><!-- open output: jupiterx_widget_title_text -->Search<!-- close output: jupiterx_widget_title_text --><\/h3><div class=\"jupiterx-widget-content\" data-markup-id=\"jupiterx_widget_content[_jupiterx_custom_sidebar_1][_search][_search-3]\"><!-- open output: jupiterx_widget_content[_jupiterx_custom_sidebar_1][_search][_search-3] --><form class=\"jupiterx-search-form form-inline\" method=\"get\" action=\"https:\/\/www.territoriomudejar.es\/en\/\" role=\"search\" data-markup-id=\"jupiterx_search_form\"><input type=\"hidden\" value=\"en\" name=\"lang\" data-markup-id=\"jupiterx_lang_search_input\"\/><input class=\"form-control\" type=\"search\" placeholder=\"Search\" value=\"\" name=\"s\" data-markup-id=\"jupiterx_search_form_input\"\/><button class=\"btn jupiterx-icon-search-1\" data-markup-id=\"jupiterx_search_form_input_button\"><\/button><\/form><!-- close output: jupiterx_widget_content[_jupiterx_custom_sidebar_1][_search][_search-3] --><\/div><\/div>\t\t\t\t<\/div>\n\t\t\t\t<\/div>\n\t\t\t\t<div class=\"elementor-element elementor-element-92bddf1 elementor-widget elementor-widget-text-editor\" data-id=\"92bddf1\" data-element_type=\"widget\" data-e-type=\"widget\" data-widget_type=\"text-editor.default\">\n\t\t\t\t<div class=\"elementor-widget-container\">\n\t\t\t\t\t\t\t\t\t<p>Categories<\/p>\n\t\t\t\t\t\t\t\t<\/div>\n\t\t\t\t<\/div>\n\t\t\t\t<div class=\"elementor-element elementor-element-4e2f102 elementor-widget elementor-widget-text-editor\" data-id=\"4e2f102\" data-element_type=\"widget\" data-e-type=\"widget\" data-widget_type=\"text-editor.default\">\n\t\t\t\t<div class=\"elementor-widget-container\">\n\t\t\t\t\t\t\t\t\t<p><a href=\"https:\/\/www.territoriomudejar.es\/call-for-proposals\/?lang=en\">Calls for proposals<\/a><\/p>\n<p><a href=\"https:\/\/www.territoriomudejar.es\/news\/?lang=en\">News<\/a><\/p>\n<p><a href=\"https:\/\/www.territoriomudejar.es\/media-presence\/?lang=en\">Media Presence<\/a><\/p>\n\t\t\t\t\t\t\t\t<\/div>\n\t\t\t\t<\/div>\n\t\t\t\t\t<\/div>\n\t\t<\/div>\n\t\t\t\t\t<\/div>\n\t\t<\/section>\n\t\t\t\t<\/div>\n\t\t","protected":false},"excerpt":{"rendered":"<p>Media presence TERRITORIO MUD\u00c9JAR La cultura mud\u00e9jar de valle, en el cat\u00e1logo digital Ruta 67 de la Comunidad de Calatayud 28 octubre, 2020 \/ Noticias, Presencia en medios \/ calatayud, patrimonio, pueblos, rural, ruta67, rutas, territorio, turismo El cat\u00e1logo digital Ruta 67, fruto del taller de empleo \u201cDescubre tu comarca\u201d en el que Territorio Mud\u00e9jar [&hellip;]<\/p>\n","protected":false},"author":1,"featured_media":0,"parent":0,"menu_order":0,"comment_status":"closed","ping_status":"closed","template":"elementor_header_footer","meta":{"_monsterinsights_skip_tracking":false,"_monsterinsights_sitenote_active":false,"_monsterinsights_sitenote_note":"","_monsterinsights_sitenote_category":0,"footnotes":""},"class_list":["post-4474","page","type-page","status-publish","hentry"],"acf":[],"_links":{"self":[{"href":"https:\/\/www.territoriomudejar.es\/en\/wp-json\/wp\/v2\/pages\/4474","targetHints":{"allow":["GET"]}}],"collection":[{"href":"https:\/\/www.territoriomudejar.es\/en\/wp-json\/wp\/v2\/pages"}],"about":[{"href":"https:\/\/www.territoriomudejar.es\/en\/wp-json\/wp\/v2\/types\/page"}],"author":[{"embeddable":true,"href":"https:\/\/www.territoriomudejar.es\/en\/wp-json\/wp\/v2\/users\/1"}],"replies":[{"embeddable":true,"href":"https:\/\/www.territoriomudejar.es\/en\/wp-json\/wp\/v2\/comments?post=4474"}],"version-history":[{"count":0,"href":"https:\/\/www.territoriomudejar.es\/en\/wp-json\/wp\/v2\/pages\/4474\/revisions"}],"wp:attachment":[{"href":"https:\/\/www.territoriomudejar.es\/en\/wp-json\/wp\/v2\/media?parent=4474"}],"curies":[{"name":"wp","href":"https:\/\/api.w.org\/{rel}","templated":true}]}}