{"id":4460,"date":"2021-03-24T12:44:22","date_gmt":"2021-03-24T11:44:22","guid":{"rendered":"https:\/\/www.territoriomudejar.es\/call-for-proposals\/"},"modified":"2021-03-29T11:38:39","modified_gmt":"2021-03-29T09:38:39","slug":"call-for-proposals","status":"publish","type":"page","link":"https:\/\/www.territoriomudejar.es\/en\/call-for-proposals\/","title":{"rendered":"Call for proposals"},"content":{"rendered":"\t\t<div data-elementor-type=\"wp-post\" data-elementor-id=\"4460\" class=\"elementor elementor-4460 elementor-3156\" data-elementor-post-type=\"page\">\n\t\t\t\t\t\t<section class=\"elementor-section elementor-top-section elementor-element elementor-element-5758be7a elementor-section-full_width elementor-section-height-default elementor-section-height-default\" data-id=\"5758be7a\" data-element_type=\"section\" data-e-type=\"section\" data-settings=\"{&quot;jet_parallax_layout_list&quot;:[{&quot;jet_parallax_layout_image&quot;:{&quot;url&quot;:&quot;&quot;,&quot;id&quot;:&quot;&quot;,&quot;size&quot;:&quot;&quot;},&quot;_id&quot;:&quot;5a4a0a9&quot;,&quot;jet_parallax_layout_speed&quot;:{&quot;unit&quot;:&quot;%&quot;,&quot;size&quot;:50,&quot;sizes&quot;:[]},&quot;jet_parallax_layout_image_tablet&quot;:{&quot;url&quot;:&quot;&quot;,&quot;id&quot;:&quot;&quot;,&quot;size&quot;:&quot;&quot;},&quot;jet_parallax_layout_image_mobile&quot;:{&quot;url&quot;:&quot;&quot;,&quot;id&quot;:&quot;&quot;,&quot;size&quot;:&quot;&quot;},&quot;jet_parallax_layout_type&quot;:&quot;scroll&quot;,&quot;jet_parallax_layout_direction&quot;:&quot;1&quot;,&quot;jet_parallax_layout_fx_direction&quot;:null,&quot;jet_parallax_layout_z_index&quot;:&quot;&quot;,&quot;jet_parallax_layout_bg_x&quot;:50,&quot;jet_parallax_layout_bg_x_tablet&quot;:&quot;&quot;,&quot;jet_parallax_layout_bg_x_mobile&quot;:&quot;&quot;,&quot;jet_parallax_layout_bg_y&quot;:50,&quot;jet_parallax_layout_bg_y_tablet&quot;:&quot;&quot;,&quot;jet_parallax_layout_bg_y_mobile&quot;:&quot;&quot;,&quot;jet_parallax_layout_bg_size&quot;:&quot;auto&quot;,&quot;jet_parallax_layout_bg_size_tablet&quot;:&quot;&quot;,&quot;jet_parallax_layout_bg_size_mobile&quot;:&quot;&quot;,&quot;jet_parallax_layout_animation_prop&quot;:&quot;transform&quot;,&quot;jet_parallax_layout_on&quot;:[&quot;desktop&quot;,&quot;tablet&quot;]}],&quot;background_background&quot;:&quot;classic&quot;}\">\n\t\t\t\t\t\t\t<div class=\"elementor-background-overlay\"><\/div>\n\t\t\t\t\t\t\t<div class=\"elementor-container elementor-column-gap-default\">\n\t\t\t\t\t<div class=\"elementor-column elementor-col-33 elementor-top-column elementor-element elementor-element-231579fa\" data-id=\"231579fa\" data-element_type=\"column\" data-e-type=\"column\" data-settings=\"{&quot;background_background&quot;:&quot;classic&quot;}\">\n\t\t\t<div class=\"elementor-widget-wrap\">\n\t\t\t\t\t\t\t<\/div>\n\t\t<\/div>\n\t\t\t\t<div class=\"elementor-column elementor-col-33 elementor-top-column elementor-element elementor-element-367aa4e8\" data-id=\"367aa4e8\" data-element_type=\"column\" data-e-type=\"column\">\n\t\t\t<div class=\"elementor-widget-wrap elementor-element-populated\">\n\t\t\t\t\t\t<div class=\"elementor-element elementor-element-10028924 elementor-widget elementor-widget-spacer\" data-id=\"10028924\" data-element_type=\"widget\" data-e-type=\"widget\" data-widget_type=\"spacer.default\">\n\t\t\t\t<div class=\"elementor-widget-container\">\n\t\t\t\t\t\t\t<div class=\"elementor-spacer\">\n\t\t\t<div class=\"elementor-spacer-inner\"><\/div>\n\t\t<\/div>\n\t\t\t\t\t\t<\/div>\n\t\t\t\t<\/div>\n\t\t\t\t<div class=\"elementor-element elementor-element-7f9a15e6 elementor-align-center elementor-widget elementor-widget-raven-heading\" data-id=\"7f9a15e6\" data-element_type=\"widget\" data-e-type=\"widget\" data-widget_type=\"raven-heading.default\">\n\t\t\t\t<div class=\"elementor-widget-container\">\n\t\t\t\t\t\t\t<div class=\"raven-widget-wrapper\"><h1 class=\"raven-heading raven-heading-h1\"><span class=\"raven-heading-title \">Call for proposals<\/span><\/h1><\/div>\n\t\t\t\t\t\t<\/div>\n\t\t\t\t<\/div>\n\t\t\t\t<div class=\"elementor-element elementor-element-422562e4 elementor-align-center elementor-widget elementor-widget-raven-heading\" data-id=\"422562e4\" data-element_type=\"widget\" data-e-type=\"widget\" data-widget_type=\"raven-heading.default\">\n\t\t\t\t<div class=\"elementor-widget-container\">\n\t\t\t\t\t\t\t<div class=\"raven-widget-wrapper\"><h2 class=\"raven-heading raven-heading-h2\"><span class=\"raven-heading-title \">TERRITORIO MUD\u00c9JAR<\/span><\/h2><\/div>\n\t\t\t\t\t\t<\/div>\n\t\t\t\t<\/div>\n\t\t\t\t<div class=\"elementor-element elementor-element-3dc07c53 elementor-widget elementor-widget-spacer\" data-id=\"3dc07c53\" data-element_type=\"widget\" data-e-type=\"widget\" data-widget_type=\"spacer.default\">\n\t\t\t\t<div class=\"elementor-widget-container\">\n\t\t\t\t\t\t\t<div class=\"elementor-spacer\">\n\t\t\t<div class=\"elementor-spacer-inner\"><\/div>\n\t\t<\/div>\n\t\t\t\t\t\t<\/div>\n\t\t\t\t<\/div>\n\t\t\t\t\t<\/div>\n\t\t<\/div>\n\t\t\t\t<div class=\"elementor-column elementor-col-33 elementor-top-column elementor-element elementor-element-60332f7c\" data-id=\"60332f7c\" data-element_type=\"column\" data-e-type=\"column\">\n\t\t\t<div class=\"elementor-widget-wrap\">\n\t\t\t\t\t\t\t<\/div>\n\t\t<\/div>\n\t\t\t\t\t<\/div>\n\t\t<\/section>\n\t\t\t\t<section class=\"elementor-section elementor-top-section elementor-element elementor-element-13086167 elementor-section-boxed elementor-section-height-default elementor-section-height-default\" data-id=\"13086167\" data-element_type=\"section\" data-e-type=\"section\" data-settings=\"{&quot;jet_parallax_layout_list&quot;:[{&quot;jet_parallax_layout_image&quot;:{&quot;url&quot;:&quot;&quot;,&quot;id&quot;:&quot;&quot;,&quot;size&quot;:&quot;&quot;},&quot;_id&quot;:&quot;b36ef1a&quot;,&quot;jet_parallax_layout_image_tablet&quot;:{&quot;url&quot;:&quot;&quot;,&quot;id&quot;:&quot;&quot;,&quot;size&quot;:&quot;&quot;},&quot;jet_parallax_layout_image_mobile&quot;:{&quot;url&quot;:&quot;&quot;,&quot;id&quot;:&quot;&quot;,&quot;size&quot;:&quot;&quot;},&quot;jet_parallax_layout_speed&quot;:{&quot;unit&quot;:&quot;%&quot;,&quot;size&quot;:50,&quot;sizes&quot;:[]},&quot;jet_parallax_layout_type&quot;:&quot;scroll&quot;,&quot;jet_parallax_layout_direction&quot;:&quot;1&quot;,&quot;jet_parallax_layout_fx_direction&quot;:null,&quot;jet_parallax_layout_z_index&quot;:&quot;&quot;,&quot;jet_parallax_layout_bg_x&quot;:50,&quot;jet_parallax_layout_bg_x_tablet&quot;:&quot;&quot;,&quot;jet_parallax_layout_bg_x_mobile&quot;:&quot;&quot;,&quot;jet_parallax_layout_bg_y&quot;:50,&quot;jet_parallax_layout_bg_y_tablet&quot;:&quot;&quot;,&quot;jet_parallax_layout_bg_y_mobile&quot;:&quot;&quot;,&quot;jet_parallax_layout_bg_size&quot;:&quot;auto&quot;,&quot;jet_parallax_layout_bg_size_tablet&quot;:&quot;&quot;,&quot;jet_parallax_layout_bg_size_mobile&quot;:&quot;&quot;,&quot;jet_parallax_layout_animation_prop&quot;:&quot;transform&quot;,&quot;jet_parallax_layout_on&quot;:[&quot;desktop&quot;,&quot;tablet&quot;]}]}\">\n\t\t\t\t\t\t<div class=\"elementor-container elementor-column-gap-wider\">\n\t\t\t\t\t<div class=\"elementor-column elementor-col-50 elementor-top-column elementor-element elementor-element-18acc8de\" data-id=\"18acc8de\" data-element_type=\"column\" data-e-type=\"column\">\n\t\t\t<div class=\"elementor-widget-wrap elementor-element-populated\">\n\t\t\t\t\t\t<div class=\"elementor-element elementor-element-4ed727cc elementor-widget elementor-widget-raven-posts\" data-id=\"4ed727cc\" data-element_type=\"widget\" data-e-type=\"widget\" data-settings=\"{&quot;query_posts_per_page&quot;:10,&quot;classic_columns&quot;:&quot;2&quot;,&quot;_skin&quot;:&quot;classic&quot;,&quot;classic_layout&quot;:&quot;grid&quot;,&quot;classic_columns_tablet&quot;:&quot;2&quot;,&quot;classic_columns_mobile&quot;:&quot;1&quot;,&quot;query_offset&quot;:0}\" data-widget_type=\"raven-posts.classic\">\n\t\t\t\t<div class=\"elementor-widget-container\">\n\t\t\t\t\t\t\t<div class=\"raven-posts raven-grid raven-grid-2 raven-grid-mobile-1 raven-grid-tablet-2\" data-post-id=\"4460\" data-archive-query=\"\" data-lang=\"\">\n\t\t\t\t<div class=\"raven-grid-item raven-post-item post-24313 post type-post status-publish format-standard has-post-thumbnail hentry category-news category-calls-for-proposals category-fieldwork-grants category-fieldwork-grants-2025 category-miscellaneous-projects tag-call-for-proposals tag-deadline-en tag-heritage tag-projects tag-region tag-research tag-rural-en tag-university\">\n\t\t\t<div class=\"raven-post\">\n\t\t\t\t\t\t<div class=\"raven-post-image-wrap\">\n\t\t\t<a class=\"raven-post-image raven-image-fit\" href=\"https:\/\/www.territoriomudejar.es\/en\/call-for-applications-research-stays-and-projects-2025\/\"><img decoding=\"async\" width=\"120\" height=\"300\" data-src=\"https:\/\/www.territoriomudejar.es\/wp-content\/uploads\/2025\/07\/RIGLORAMICO-web-residencias-120x300.jpg\" class=\"attachment-medium size-medium wp-image-24165 lazyload\" alt=\"\" data-srcset=\"https:\/\/www.territoriomudejar.es\/wp-content\/uploads\/2025\/07\/RIGLORAMICO-web-residencias-120x300.jpg 120w, https:\/\/www.territoriomudejar.es\/wp-content\/uploads\/2025\/07\/RIGLORAMICO-web-residencias-411x1024.jpg 411w, https:\/\/www.territoriomudejar.es\/wp-content\/uploads\/2025\/07\/RIGLORAMICO-web-residencias-768x1913.jpg 768w, https:\/\/www.territoriomudejar.es\/wp-content\/uploads\/2025\/07\/RIGLORAMICO-web-residencias-617x1536.jpg 617w, https:\/\/www.territoriomudejar.es\/wp-content\/uploads\/2025\/07\/RIGLORAMICO-web-residencias-822x2048.jpg 822w, https:\/\/www.territoriomudejar.es\/wp-content\/uploads\/2025\/07\/RIGLORAMICO-web-residencias-scaled.jpg 1028w\" data-sizes=\"(max-width: 120px) 100vw, 120px\" src=\"data:image\/svg+xml;base64,PHN2ZyB3aWR0aD0iMSIgaGVpZ2h0PSIxIiB4bWxucz0iaHR0cDovL3d3dy53My5vcmcvMjAwMC9zdmciPjwvc3ZnPg==\" style=\"--smush-placeholder-width: 120px; --smush-placeholder-aspect-ratio: 120\/300;\" \/> <span class=\"raven-post-image-overlay\"><\/span><\/a>\t\t<\/div>\n\t\t\t\t\t\t<div class=\"raven-post-content\">\n\t\t\t\t\t<h3 class=\"raven-post-title\"><a class=\"raven-post-title-link\" href=\"https:\/\/www.territoriomudejar.es\/en\/call-for-applications-research-stays-and-projects-2025\/\">CALL FOR APPLICATIONS: Grants for Internship and projects 2025<\/a><\/h3>\t\t<div class=\"raven-post-meta\"><a class=\"raven-post-meta-item raven-post-date\" href=\"https:\/\/www.territoriomudejar.es\/en\/2025\/09\/\" rel=\"bookmark\">15 September, 2025<\/a>\n<span class=\"raven-post-meta-divider\">\/<\/span>\n<span class=\"raven-post-meta-item raven-post-categories\"><a href=\"https:\/\/www.territoriomudejar.es\/en\/category\/news\/\" rel=\"tag\">News<\/a>, <a href=\"https:\/\/www.territoriomudejar.es\/en\/category\/calls-for-proposals\/\" rel=\"tag\">Calls for proposals<\/a>, <a href=\"https:\/\/www.territoriomudejar.es\/en\/category\/projects\/fieldwork-grants\/\" rel=\"tag\">Fieldwork grants<\/a>, <a href=\"https:\/\/www.territoriomudejar.es\/en\/category\/projects\/fieldwork-grants-2025\/\" rel=\"tag\">Fieldwork grants 2025<\/a>, <a href=\"https:\/\/www.territoriomudejar.es\/en\/category\/projects\/miscellaneous-projects\/\" rel=\"tag\">Miscellaneous projects<\/a><\/span>\n<span class=\"raven-post-meta-divider\">\/<\/span>\n<span class=\"raven-post-meta-item raven-post-tags\"><a href=\"https:\/\/www.territoriomudejar.es\/en\/tag\/call-for-proposals\/\" rel=\"tag\">call for proposals<\/a>, <a href=\"https:\/\/www.territoriomudejar.es\/en\/tag\/deadline-en\/\" rel=\"tag\">deadline<\/a>, <a href=\"https:\/\/www.territoriomudejar.es\/en\/tag\/heritage\/\" rel=\"tag\">heritage<\/a>, <a href=\"https:\/\/www.territoriomudejar.es\/en\/tag\/projects\/\" rel=\"tag\">projects<\/a>, <a href=\"https:\/\/www.territoriomudejar.es\/en\/tag\/region\/\" rel=\"tag\">region<\/a>, <a href=\"https:\/\/www.territoriomudejar.es\/en\/tag\/research\/\" rel=\"tag\">research<\/a>, <a href=\"https:\/\/www.territoriomudejar.es\/en\/tag\/rural-en\/\" rel=\"tag\">rural<\/a>, <a href=\"https:\/\/www.territoriomudejar.es\/en\/tag\/university\/\" rel=\"tag\">university<\/a><\/span><\/div>\n\t\t<div class=\"raven-post-excerpt\">6th Call for Applications for Grants for Internship for Projects and Artist Residencies \u201cGonzalo M. Borr\u00e1s Gualis\u201d Submission deadline: Until Monday, 3rd November 2025 Table of contents General information Explanation<\/div>\t\t<div class=\"raven-post-read-more\">\n\t\t\t<a class=\"raven-post-button\" href=\"https:\/\/www.territoriomudejar.es\/en\/call-for-applications-research-stays-and-projects-2025\/\"><span class=\"raven-post-button-text\">Leer m\u00e1s<\/span><\/a>\n\t\t<\/div>\n\t\t\t\t\t\t<\/div>\n\t\t\t<\/div>\n\t\t<\/div>\n\t\t\t\t<div class=\"raven-grid-item raven-post-item post-24325 post type-post status-publish format-standard hentry category-miscellaneous-projects category-calls-for-proposals category-fieldwork-grants category-fieldwork-grants-2025\">\n\t\t\t<div class=\"raven-post\">\n\t\t\t\t\t\t\t\t<div class=\"raven-post-content\">\n\t\t\t\t\t<h3 class=\"raven-post-title\"><a class=\"raven-post-title-link\" href=\"https:\/\/www.territoriomudejar.es\/en\/artistic-residencies-terms-and-conditions-for-the-2nd-call-for-applications-2025-2026\/\">Artistic residencies \u2013 Terms and conditions for the 2nd call for applications 2025\u20132026<\/a><\/h3>\t\t<div class=\"raven-post-meta\"><a class=\"raven-post-meta-item raven-post-date\" href=\"https:\/\/www.territoriomudejar.es\/en\/2025\/09\/\" rel=\"bookmark\">15 September, 2025<\/a>\n<span class=\"raven-post-meta-divider\">\/<\/span>\n<span class=\"raven-post-meta-item raven-post-categories\"><a href=\"https:\/\/www.territoriomudejar.es\/en\/category\/projects\/miscellaneous-projects\/\" rel=\"tag\">Miscellaneous projects<\/a>, <a href=\"https:\/\/www.territoriomudejar.es\/en\/category\/calls-for-proposals\/\" rel=\"tag\">Calls for proposals<\/a>, <a href=\"https:\/\/www.territoriomudejar.es\/en\/category\/projects\/fieldwork-grants\/\" rel=\"tag\">Fieldwork grants<\/a>, <a href=\"https:\/\/www.territoriomudejar.es\/en\/category\/projects\/fieldwork-grants-2025\/\" rel=\"tag\">Fieldwork grants 2025<\/a><\/span><\/div>\n\t\t<div class=\"raven-post-excerpt\">1\/ Subject matter and scope The purpose of this call for proposals is to continue the project of Creative Laboratory, a programme supporting creation through the awarding of AN ARTISTIC<\/div>\t\t<div class=\"raven-post-read-more\">\n\t\t\t<a class=\"raven-post-button\" href=\"https:\/\/www.territoriomudejar.es\/en\/artistic-residencies-terms-and-conditions-for-the-2nd-call-for-applications-2025-2026\/\"><span class=\"raven-post-button-text\">Leer m\u00e1s<\/span><\/a>\n\t\t<\/div>\n\t\t\t\t\t\t<\/div>\n\t\t\t<\/div>\n\t\t<\/div>\n\t\t\t\t<div class=\"raven-grid-item raven-post-item post-24331 post type-post status-publish format-standard hentry category-miscellaneous-projects category-calls-for-proposals category-fieldwork-grants category-fieldwork-grants-2025\">\n\t\t\t<div class=\"raven-post\">\n\t\t\t\t\t\t\t\t<div class=\"raven-post-content\">\n\t\t\t\t\t<h3 class=\"raven-post-title\"><a class=\"raven-post-title-link\" href=\"https:\/\/www.territoriomudejar.es\/en\/grants-for-internship-and-projects-terms-and-conditions-for-the-6th-call-for-applications-2025-2026\/\">Grants for internship and projects \u2013 Terms and conditions for the 6th call for applications 2025\u20132026<\/a><\/h3>\t\t<div class=\"raven-post-meta\"><a class=\"raven-post-meta-item raven-post-date\" href=\"https:\/\/www.territoriomudejar.es\/en\/2025\/09\/\" rel=\"bookmark\">15 September, 2025<\/a>\n<span class=\"raven-post-meta-divider\">\/<\/span>\n<span class=\"raven-post-meta-item raven-post-categories\"><a href=\"https:\/\/www.territoriomudejar.es\/en\/category\/projects\/miscellaneous-projects\/\" rel=\"tag\">Miscellaneous projects<\/a>, <a href=\"https:\/\/www.territoriomudejar.es\/en\/category\/calls-for-proposals\/\" rel=\"tag\">Calls for proposals<\/a>, <a href=\"https:\/\/www.territoriomudejar.es\/en\/category\/projects\/fieldwork-grants\/\" rel=\"tag\">Fieldwork grants<\/a>, <a href=\"https:\/\/www.territoriomudejar.es\/en\/category\/projects\/fieldwork-grants-2025\/\" rel=\"tag\">Fieldwork grants 2025<\/a><\/span><\/div>\n\t\t<div class=\"raven-post-excerpt\">1\/ Subject matter and scope The purpose of this call is the award of THREE RESEARCH STAYS to researchers and professionals in the field of cultural and natural heritage management<\/div>\t\t<div class=\"raven-post-read-more\">\n\t\t\t<a class=\"raven-post-button\" href=\"https:\/\/www.territoriomudejar.es\/en\/grants-for-internship-and-projects-terms-and-conditions-for-the-6th-call-for-applications-2025-2026\/\"><span class=\"raven-post-button-text\">Leer m\u00e1s<\/span><\/a>\n\t\t<\/div>\n\t\t\t\t\t\t<\/div>\n\t\t\t<\/div>\n\t\t<\/div>\n\t\t\t\t<div class=\"raven-grid-item raven-post-item post-23116 post type-post status-publish format-standard hentry category-calls-for-proposals category-media-presence category-miscellaneous-projects category-news tag-call-for-proposals tag-deadline-en tag-heritage tag-projects tag-region tag-research tag-rural-en tag-university\">\n\t\t\t<div class=\"raven-post\">\n\t\t\t\t\t\t\t\t<div class=\"raven-post-content\">\n\t\t\t\t\t<h3 class=\"raven-post-title\"><a class=\"raven-post-title-link\" href=\"https:\/\/www.territoriomudejar.es\/en\/extraordinary-call-sustainability-plan-daroca\/\">Extraordinary Call: Sustainability Plan Daroca<\/a><\/h3>\t\t<div class=\"raven-post-meta\"><a class=\"raven-post-meta-item raven-post-date\" href=\"https:\/\/www.territoriomudejar.es\/en\/2023\/08\/\" rel=\"bookmark\">12 August, 2023<\/a>\n<span class=\"raven-post-meta-divider\">\/<\/span>\n<span class=\"raven-post-meta-item raven-post-categories\"><a href=\"https:\/\/www.territoriomudejar.es\/en\/category\/calls-for-proposals\/\" rel=\"tag\">Calls for proposals<\/a>, <a href=\"https:\/\/www.territoriomudejar.es\/en\/category\/media-presence\/\" rel=\"tag\">Media Presence<\/a>, <a href=\"https:\/\/www.territoriomudejar.es\/en\/category\/projects\/miscellaneous-projects\/\" rel=\"tag\">Miscellaneous projects<\/a>, <a href=\"https:\/\/www.territoriomudejar.es\/en\/category\/news\/\" rel=\"tag\">News<\/a><\/span>\n<span class=\"raven-post-meta-divider\">\/<\/span>\n<span class=\"raven-post-meta-item raven-post-tags\"><a href=\"https:\/\/www.territoriomudejar.es\/en\/tag\/call-for-proposals\/\" rel=\"tag\">call for proposals<\/a>, <a href=\"https:\/\/www.territoriomudejar.es\/en\/tag\/deadline-en\/\" rel=\"tag\">deadline<\/a>, <a href=\"https:\/\/www.territoriomudejar.es\/en\/tag\/heritage\/\" rel=\"tag\">heritage<\/a>, <a href=\"https:\/\/www.territoriomudejar.es\/en\/tag\/projects\/\" rel=\"tag\">projects<\/a>, <a href=\"https:\/\/www.territoriomudejar.es\/en\/tag\/region\/\" rel=\"tag\">region<\/a>, <a href=\"https:\/\/www.territoriomudejar.es\/en\/tag\/research\/\" rel=\"tag\">research<\/a>, <a href=\"https:\/\/www.territoriomudejar.es\/en\/tag\/rural-en\/\" rel=\"tag\">rural<\/a>, <a href=\"https:\/\/www.territoriomudejar.es\/en\/tag\/university\/\" rel=\"tag\">university<\/a><\/span><\/div>\n\t\t<div class=\"raven-post-excerpt\">SELECTION OF A PROFESSIONAL ASSISTANT TO PROJECT MANAGEMENT. Advice, consultation, monitoring and scientific support in the management of historical-artistic heritage for the development of the Tourism Sustainability Plan for the<\/div>\t\t<div class=\"raven-post-read-more\">\n\t\t\t<a class=\"raven-post-button\" href=\"https:\/\/www.territoriomudejar.es\/en\/extraordinary-call-sustainability-plan-daroca\/\"><span class=\"raven-post-button-text\">Leer m\u00e1s<\/span><\/a>\n\t\t<\/div>\n\t\t\t\t\t\t<\/div>\n\t\t\t<\/div>\n\t\t<\/div>\n\t\t\t\t<div class=\"raven-grid-item raven-post-item post-23118 post type-post status-publish format-standard has-post-thumbnail hentry category-calls-for-proposals category-media-presence category-news tag-call-for-proposals tag-daroca-en tag-fieldwork-grants tag-heritage tag-mudejar-en tag-territorio-mudejar-en tag-tourism-sustainability-plan-daroca\">\n\t\t\t<div class=\"raven-post\">\n\t\t\t\t\t\t<div class=\"raven-post-image-wrap\">\n\t\t\t<a class=\"raven-post-image raven-image-fit\" href=\"https:\/\/www.territoriomudejar.es\/en\/special-agreement-with-the-municipality-of-daroca-to-form-a-technical-and-scientific-advisory-work-team-for-the-tourism-sustainability-plan\/\"><img fetchpriority=\"high\" decoding=\"async\" width=\"225\" height=\"300\" src=\"https:\/\/www.territoriomudejar.es\/wp-content\/uploads\/2023\/08\/f8e6ea61-9cbd-4f15-87f5-4aae3ffd4668-225x300.jpg\" class=\"attachment-medium size-medium wp-image-16346\" alt=\"\" srcset=\"https:\/\/www.territoriomudejar.es\/wp-content\/uploads\/2023\/08\/f8e6ea61-9cbd-4f15-87f5-4aae3ffd4668-225x300.jpg 225w, https:\/\/www.territoriomudejar.es\/wp-content\/uploads\/2023\/08\/f8e6ea61-9cbd-4f15-87f5-4aae3ffd4668-768x1024.jpg 768w, https:\/\/www.territoriomudejar.es\/wp-content\/uploads\/2023\/08\/f8e6ea61-9cbd-4f15-87f5-4aae3ffd4668-1152x1536.jpg 1152w, https:\/\/www.territoriomudejar.es\/wp-content\/uploads\/2023\/08\/f8e6ea61-9cbd-4f15-87f5-4aae3ffd4668-600x800.jpg 600w, https:\/\/www.territoriomudejar.es\/wp-content\/uploads\/2023\/08\/f8e6ea61-9cbd-4f15-87f5-4aae3ffd4668.jpg 1200w\" sizes=\"(max-width: 225px) 100vw, 225px\" \/> <span class=\"raven-post-image-overlay\"><\/span><\/a>\t\t<\/div>\n\t\t\t\t\t\t<div class=\"raven-post-content\">\n\t\t\t\t\t<h3 class=\"raven-post-title\"><a class=\"raven-post-title-link\" href=\"https:\/\/www.territoriomudejar.es\/en\/special-agreement-with-the-municipality-of-daroca-to-form-a-technical-and-scientific-advisory-work-team-for-the-tourism-sustainability-plan\/\">Special agreement with the municipality of Daroca to form a technical and scientific advisory work team for the Tourism Sustainability Plan.<\/a><\/h3>\t\t<div class=\"raven-post-meta\"><a class=\"raven-post-meta-item raven-post-date\" href=\"https:\/\/www.territoriomudejar.es\/en\/2023\/08\/\" rel=\"bookmark\">12 August, 2023<\/a>\n<span class=\"raven-post-meta-divider\">\/<\/span>\n<span class=\"raven-post-meta-item raven-post-categories\"><a href=\"https:\/\/www.territoriomudejar.es\/en\/category\/calls-for-proposals\/\" rel=\"tag\">Calls for proposals<\/a>, <a href=\"https:\/\/www.territoriomudejar.es\/en\/category\/media-presence\/\" rel=\"tag\">Media Presence<\/a>, <a href=\"https:\/\/www.territoriomudejar.es\/en\/category\/news\/\" rel=\"tag\">News<\/a><\/span>\n<span class=\"raven-post-meta-divider\">\/<\/span>\n<span class=\"raven-post-meta-item raven-post-tags\"><a href=\"https:\/\/www.territoriomudejar.es\/en\/tag\/call-for-proposals\/\" rel=\"tag\">call for proposals<\/a>, <a href=\"https:\/\/www.territoriomudejar.es\/en\/tag\/daroca-en\/\" rel=\"tag\">Daroca<\/a>, <a href=\"https:\/\/www.territoriomudejar.es\/en\/tag\/fieldwork-grants\/\" rel=\"tag\">fieldwork grants<\/a>, <a href=\"https:\/\/www.territoriomudejar.es\/en\/tag\/heritage\/\" rel=\"tag\">heritage<\/a>, <a href=\"https:\/\/www.territoriomudejar.es\/en\/tag\/mudejar-en\/\" rel=\"tag\">mudejar<\/a>, <a href=\"https:\/\/www.territoriomudejar.es\/en\/tag\/territorio-mudejar-en\/\" rel=\"tag\">Territorio Mud\u00e9jar<\/a>, <a href=\"https:\/\/www.territoriomudejar.es\/en\/tag\/tourism-sustainability-plan-daroca\/\" rel=\"tag\">tourism sustainability plan Daroca<\/a><\/span><\/div>\n\t\t<div class=\"raven-post-excerpt\">Territorio Mud\u00e9jar has signed a special agreement with the town council of Daroca to form a technical and scientific advisory work team for the local tourist destination sustainability plan. The<\/div>\t\t<div class=\"raven-post-read-more\">\n\t\t\t<a class=\"raven-post-button\" href=\"https:\/\/www.territoriomudejar.es\/en\/special-agreement-with-the-municipality-of-daroca-to-form-a-technical-and-scientific-advisory-work-team-for-the-tourism-sustainability-plan\/\"><span class=\"raven-post-button-text\">Leer m\u00e1s<\/span><\/a>\n\t\t<\/div>\n\t\t\t\t\t\t<\/div>\n\t\t\t<\/div>\n\t\t<\/div>\n\t\t\t\t<div class=\"raven-grid-item raven-post-item post-21545 post type-post status-publish format-standard has-post-thumbnail hentry category-calls-for-proposals category-fieldwork-grants-2023 category-miscellaneous-projects category-news tag-call-for-proposals tag-deadline-en tag-heritage tag-projects tag-region tag-research tag-rural-en tag-university\">\n\t\t\t<div class=\"raven-post\">\n\t\t\t\t\t\t<div class=\"raven-post-image-wrap\">\n\t\t\t<a class=\"raven-post-image raven-image-fit\" href=\"https:\/\/www.territoriomudejar.es\/en\/rules-call-for-proposals-research-stays-and-projects-2023\/\"><img decoding=\"async\" width=\"300\" height=\"200\" data-src=\"https:\/\/www.territoriomudejar.es\/wp-content\/uploads\/2023\/06\/Pilar-Garcia-Veron_Territorio-Mudejar-1704-scaled-1-300x200.webp\" class=\"attachment-medium size-medium wp-image-19837 lazyload\" alt=\"\" data-srcset=\"https:\/\/www.territoriomudejar.es\/wp-content\/uploads\/2023\/06\/Pilar-Garcia-Veron_Territorio-Mudejar-1704-scaled-1-300x200.webp 300w, https:\/\/www.territoriomudejar.es\/wp-content\/uploads\/2023\/06\/Pilar-Garcia-Veron_Territorio-Mudejar-1704-scaled-1-768x512.webp 768w, https:\/\/www.territoriomudejar.es\/wp-content\/uploads\/2023\/06\/Pilar-Garcia-Veron_Territorio-Mudejar-1704-scaled-1-600x400.webp 600w, https:\/\/www.territoriomudejar.es\/wp-content\/uploads\/2023\/06\/Pilar-Garcia-Veron_Territorio-Mudejar-1704-scaled-1.webp 1000w\" data-sizes=\"(max-width: 300px) 100vw, 300px\" src=\"data:image\/svg+xml;base64,PHN2ZyB3aWR0aD0iMSIgaGVpZ2h0PSIxIiB4bWxucz0iaHR0cDovL3d3dy53My5vcmcvMjAwMC9zdmciPjwvc3ZnPg==\" style=\"--smush-placeholder-width: 300px; --smush-placeholder-aspect-ratio: 300\/200;\" \/> <span class=\"raven-post-image-overlay\"><\/span><\/a>\t\t<\/div>\n\t\t\t\t\t\t<div class=\"raven-post-content\">\n\t\t\t\t\t<h3 class=\"raven-post-title\"><a class=\"raven-post-title-link\" href=\"https:\/\/www.territoriomudejar.es\/en\/rules-call-for-proposals-research-stays-and-projects-2023\/\">RULES CALL FOR PROPOSALS: Research stays and projects 2023<\/a><\/h3>\t\t<div class=\"raven-post-meta\"><a class=\"raven-post-meta-item raven-post-date\" href=\"https:\/\/www.territoriomudejar.es\/en\/2023\/06\/\" rel=\"bookmark\">22 June, 2023<\/a>\n<span class=\"raven-post-meta-divider\">\/<\/span>\n<span class=\"raven-post-meta-item raven-post-categories\"><a href=\"https:\/\/www.territoriomudejar.es\/en\/category\/calls-for-proposals\/\" rel=\"tag\">Calls for proposals<\/a>, <a href=\"https:\/\/www.territoriomudejar.es\/en\/category\/projects\/fieldwork-grants-2023\/\" rel=\"tag\">Fieldwork grants 2023<\/a>, <a href=\"https:\/\/www.territoriomudejar.es\/en\/category\/projects\/miscellaneous-projects\/\" rel=\"tag\">Miscellaneous projects<\/a>, <a href=\"https:\/\/www.territoriomudejar.es\/en\/category\/news\/\" rel=\"tag\">News<\/a><\/span>\n<span class=\"raven-post-meta-divider\">\/<\/span>\n<span class=\"raven-post-meta-item raven-post-tags\"><a href=\"https:\/\/www.territoriomudejar.es\/en\/tag\/call-for-proposals\/\" rel=\"tag\">call for proposals<\/a>, <a href=\"https:\/\/www.territoriomudejar.es\/en\/tag\/deadline-en\/\" rel=\"tag\">deadline<\/a>, <a href=\"https:\/\/www.territoriomudejar.es\/en\/tag\/heritage\/\" rel=\"tag\">heritage<\/a>, <a href=\"https:\/\/www.territoriomudejar.es\/en\/tag\/projects\/\" rel=\"tag\">projects<\/a>, <a href=\"https:\/\/www.territoriomudejar.es\/en\/tag\/region\/\" rel=\"tag\">region<\/a>, <a href=\"https:\/\/www.territoriomudejar.es\/en\/tag\/research\/\" rel=\"tag\">research<\/a>, <a href=\"https:\/\/www.territoriomudejar.es\/en\/tag\/rural-en\/\" rel=\"tag\">rural<\/a>, <a href=\"https:\/\/www.territoriomudejar.es\/en\/tag\/university\/\" rel=\"tag\">university<\/a><\/span><\/div>\n\t\t<div class=\"raven-post-excerpt\">5th Call for researchstays for artistic projects and residencies &#8220;Gonzalo M. Borr\u00e1s Gualis&#8221;. Deadline for submission: Until 31 August. Territorio Mud\u00e9jar announces the FIFTH EDITION of the Gonzalo M. Gonzalo<\/div>\t\t<div class=\"raven-post-read-more\">\n\t\t\t<a class=\"raven-post-button\" href=\"https:\/\/www.territoriomudejar.es\/en\/rules-call-for-proposals-research-stays-and-projects-2023\/\"><span class=\"raven-post-button-text\">Leer m\u00e1s<\/span><\/a>\n\t\t<\/div>\n\t\t\t\t\t\t<\/div>\n\t\t\t<\/div>\n\t\t<\/div>\n\t\t\t\t<div class=\"raven-grid-item raven-post-item post-23006 post type-post status-publish format-standard has-post-thumbnail hentry category-calls-for-proposals category-fieldwork-grants-2022 category-miscellaneous-projects category-news tag-call-for-proposals tag-deadline-en tag-heritage tag-projects tag-region tag-research tag-rural-en tag-university\">\n\t\t\t<div class=\"raven-post\">\n\t\t\t\t\t\t<div class=\"raven-post-image-wrap\">\n\t\t\t<a class=\"raven-post-image raven-image-fit\" href=\"https:\/\/www.territoriomudejar.es\/en\/call-for-applications-research-stays-and-projects-2022\/\"><img decoding=\"async\" width=\"300\" height=\"200\" data-src=\"https:\/\/www.territoriomudejar.es\/wp-content\/uploads\/2022\/05\/slider-estancias-2-300x200.jpg\" class=\"attachment-medium size-medium wp-image-11506 lazyload\" alt=\"\" data-srcset=\"https:\/\/www.territoriomudejar.es\/wp-content\/uploads\/2022\/05\/slider-estancias-2-300x200.jpg 300w, https:\/\/www.territoriomudejar.es\/wp-content\/uploads\/2022\/05\/slider-estancias-2-1024x683.jpg 1024w, https:\/\/www.territoriomudejar.es\/wp-content\/uploads\/2022\/05\/slider-estancias-2-768x512.jpg 768w, https:\/\/www.territoriomudejar.es\/wp-content\/uploads\/2022\/05\/slider-estancias-2-1536x1025.jpg 1536w, https:\/\/www.territoriomudejar.es\/wp-content\/uploads\/2022\/05\/slider-estancias-2.jpg 1920w\" data-sizes=\"(max-width: 300px) 100vw, 300px\" src=\"data:image\/svg+xml;base64,PHN2ZyB3aWR0aD0iMSIgaGVpZ2h0PSIxIiB4bWxucz0iaHR0cDovL3d3dy53My5vcmcvMjAwMC9zdmciPjwvc3ZnPg==\" style=\"--smush-placeholder-width: 300px; --smush-placeholder-aspect-ratio: 300\/200;\" \/> <span class=\"raven-post-image-overlay\"><\/span><\/a>\t\t<\/div>\n\t\t\t\t\t\t<div class=\"raven-post-content\">\n\t\t\t\t\t<h3 class=\"raven-post-title\"><a class=\"raven-post-title-link\" href=\"https:\/\/www.territoriomudejar.es\/en\/call-for-applications-research-stays-and-projects-2022\/\">CALL FOR APPLICATIONS: Research stays and projects 2022<\/a><\/h3>\t\t<div class=\"raven-post-meta\"><a class=\"raven-post-meta-item raven-post-date\" href=\"https:\/\/www.territoriomudejar.es\/en\/2022\/05\/\" rel=\"bookmark\">30 May, 2022<\/a>\n<span class=\"raven-post-meta-divider\">\/<\/span>\n<span class=\"raven-post-meta-item raven-post-categories\"><a href=\"https:\/\/www.territoriomudejar.es\/en\/category\/calls-for-proposals\/\" rel=\"tag\">Calls for proposals<\/a>, <a href=\"https:\/\/www.territoriomudejar.es\/en\/category\/projects\/fieldwork-grants-2022\/\" rel=\"tag\">Fieldwork grants 2022<\/a>, <a href=\"https:\/\/www.territoriomudejar.es\/en\/category\/projects\/miscellaneous-projects\/\" rel=\"tag\">Miscellaneous projects<\/a>, <a href=\"https:\/\/www.territoriomudejar.es\/en\/category\/news\/\" rel=\"tag\">News<\/a><\/span>\n<span class=\"raven-post-meta-divider\">\/<\/span>\n<span class=\"raven-post-meta-item raven-post-tags\"><a href=\"https:\/\/www.territoriomudejar.es\/en\/tag\/call-for-proposals\/\" rel=\"tag\">call for proposals<\/a>, <a href=\"https:\/\/www.territoriomudejar.es\/en\/tag\/deadline-en\/\" rel=\"tag\">deadline<\/a>, <a href=\"https:\/\/www.territoriomudejar.es\/en\/tag\/heritage\/\" rel=\"tag\">heritage<\/a>, <a href=\"https:\/\/www.territoriomudejar.es\/en\/tag\/projects\/\" rel=\"tag\">projects<\/a>, <a href=\"https:\/\/www.territoriomudejar.es\/en\/tag\/region\/\" rel=\"tag\">region<\/a>, <a href=\"https:\/\/www.territoriomudejar.es\/en\/tag\/research\/\" rel=\"tag\">research<\/a>, <a href=\"https:\/\/www.territoriomudejar.es\/en\/tag\/rural-en\/\" rel=\"tag\">rural<\/a>, <a href=\"https:\/\/www.territoriomudejar.es\/en\/tag\/university\/\" rel=\"tag\">university<\/a><\/span><\/div>\n\t\t<div class=\"raven-post-excerpt\">4th Call for Research Stays and Projects Gonzalo M. Borr\u00e1s Gualis. 4th Call for Research StaysSubmission deadline: July 20. Territorio Mud\u00e9jar is hosting the fourth edition of the Gonzalo M.<\/div>\t\t<div class=\"raven-post-read-more\">\n\t\t\t<a class=\"raven-post-button\" href=\"https:\/\/www.territoriomudejar.es\/en\/call-for-applications-research-stays-and-projects-2022\/\"><span class=\"raven-post-button-text\">Leer m\u00e1s<\/span><\/a>\n\t\t<\/div>\n\t\t\t\t\t\t<\/div>\n\t\t\t<\/div>\n\t\t<\/div>\n\t\t\t\t<div class=\"raven-grid-item raven-post-item post-12268 post type-post status-publish format-standard hentry category-calls-for-proposals category-fieldwork-grants-2021 category-miscellaneous-projects category-news tag-call-for-proposals tag-deadline-en tag-heritage tag-projects tag-region tag-research tag-rural-en tag-university\">\n\t\t\t<div class=\"raven-post\">\n\t\t\t\t\t\t\t\t<div class=\"raven-post-content\">\n\t\t\t\t\t<h3 class=\"raven-post-title\"><a class=\"raven-post-title-link\" href=\"https:\/\/www.territoriomudejar.es\/en\/rules-of-the-call-for-applications-fieldwork-grants-and-projects-2021\/\">RULES CALL FOR PROPOSALS: Research stays and projects 2021<\/a><\/h3>\t\t<div class=\"raven-post-meta\"><a class=\"raven-post-meta-item raven-post-date\" href=\"https:\/\/www.territoriomudejar.es\/en\/2021\/05\/\" rel=\"bookmark\">31 May, 2021<\/a>\n<span class=\"raven-post-meta-divider\">\/<\/span>\n<span class=\"raven-post-meta-item raven-post-categories\"><a href=\"https:\/\/www.territoriomudejar.es\/en\/category\/calls-for-proposals\/\" rel=\"tag\">Calls for proposals<\/a>, <a href=\"https:\/\/www.territoriomudejar.es\/en\/category\/projects\/fieldwork-grants-2021\/\" rel=\"tag\">Fieldwork grants 2021<\/a>, <a href=\"https:\/\/www.territoriomudejar.es\/en\/category\/projects\/miscellaneous-projects\/\" rel=\"tag\">Miscellaneous projects<\/a>, <a href=\"https:\/\/www.territoriomudejar.es\/en\/category\/news\/\" rel=\"tag\">News<\/a><\/span>\n<span class=\"raven-post-meta-divider\">\/<\/span>\n<span class=\"raven-post-meta-item raven-post-tags\"><a href=\"https:\/\/www.territoriomudejar.es\/en\/tag\/call-for-proposals\/\" rel=\"tag\">call for proposals<\/a>, <a href=\"https:\/\/www.territoriomudejar.es\/en\/tag\/deadline-en\/\" rel=\"tag\">deadline<\/a>, <a href=\"https:\/\/www.territoriomudejar.es\/en\/tag\/heritage\/\" rel=\"tag\">heritage<\/a>, <a href=\"https:\/\/www.territoriomudejar.es\/en\/tag\/projects\/\" rel=\"tag\">projects<\/a>, <a href=\"https:\/\/www.territoriomudejar.es\/en\/tag\/region\/\" rel=\"tag\">region<\/a>, <a href=\"https:\/\/www.territoriomudejar.es\/en\/tag\/research\/\" rel=\"tag\">research<\/a>, <a href=\"https:\/\/www.territoriomudejar.es\/en\/tag\/rural-en\/\" rel=\"tag\">rural<\/a>, <a href=\"https:\/\/www.territoriomudejar.es\/en\/tag\/university\/\" rel=\"tag\">university<\/a><\/span><\/div>\n\t\t<div class=\"raven-post-excerpt\">3rd Call for research stays and projects Gonzalo M. Borr\u00e1s Gualis Territorio Mud\u00e9jar announces the third edition of the Gonzalo M. Borr\u00e1s Gualis research stays and projects aimed at directly<\/div>\t\t<div class=\"raven-post-read-more\">\n\t\t\t<a class=\"raven-post-button\" href=\"https:\/\/www.territoriomudejar.es\/en\/rules-of-the-call-for-applications-fieldwork-grants-and-projects-2021\/\"><span class=\"raven-post-button-text\">Leer m\u00e1s<\/span><\/a>\n\t\t<\/div>\n\t\t\t\t\t\t<\/div>\n\t\t\t<\/div>\n\t\t<\/div>\n\t\t\t\t<div class=\"raven-grid-item raven-post-item post-4405 post type-post status-publish format-standard has-post-thumbnail hentry category-calls-for-proposals category-fieldwork-grants-2020 tag-call-for-proposals tag-deadline-en-2 tag-deadline-en tag-development tag-fieldwork tag-heritage tag-projects tag-region tag-research tag-rural-en tag-towns\">\n\t\t\t<div class=\"raven-post\">\n\t\t\t\t\t\t<div class=\"raven-post-image-wrap\">\n\t\t\t<a class=\"raven-post-image raven-image-fit\" href=\"https:\/\/www.territoriomudejar.es\/en\/the-deadline-for-submitting-proposals-for-research-stays-extended-until-june-29\/\"><img decoding=\"async\" width=\"300\" height=\"170\" data-src=\"https:\/\/www.territoriomudejar.es\/wp-content\/uploads\/2020\/06\/IMG-4126-300x170.jpg\" class=\"attachment-medium size-medium wp-image-4169 lazyload\" alt=\"\" data-srcset=\"https:\/\/www.territoriomudejar.es\/wp-content\/uploads\/2020\/06\/IMG-4126-300x170.jpg 300w, https:\/\/www.territoriomudejar.es\/wp-content\/uploads\/2020\/06\/IMG-4126-1024x579.jpg 1024w, https:\/\/www.territoriomudejar.es\/wp-content\/uploads\/2020\/06\/IMG-4126-768x434.jpg 768w, https:\/\/www.territoriomudejar.es\/wp-content\/uploads\/2020\/06\/IMG-4126.jpg 1125w\" data-sizes=\"(max-width: 300px) 100vw, 300px\" src=\"data:image\/svg+xml;base64,PHN2ZyB3aWR0aD0iMSIgaGVpZ2h0PSIxIiB4bWxucz0iaHR0cDovL3d3dy53My5vcmcvMjAwMC9zdmciPjwvc3ZnPg==\" style=\"--smush-placeholder-width: 300px; --smush-placeholder-aspect-ratio: 300\/170;\" \/> <span class=\"raven-post-image-overlay\"><\/span><\/a>\t\t<\/div>\n\t\t\t\t\t\t<div class=\"raven-post-content\">\n\t\t\t\t\t<h3 class=\"raven-post-title\"><a class=\"raven-post-title-link\" href=\"https:\/\/www.territoriomudejar.es\/en\/the-deadline-for-submitting-proposals-for-research-stays-extended-until-june-29\/\">Deadline for submission of proposals for research stays extended until 29 June<\/a><\/h3>\t\t<div class=\"raven-post-meta\"><a class=\"raven-post-meta-item raven-post-date\" href=\"https:\/\/www.territoriomudejar.es\/en\/2021\/03\/\" rel=\"bookmark\">23 March, 2021<\/a>\n<span class=\"raven-post-meta-divider\">\/<\/span>\n<span class=\"raven-post-meta-item raven-post-categories\"><a href=\"https:\/\/www.territoriomudejar.es\/en\/category\/calls-for-proposals\/\" rel=\"tag\">Calls for proposals<\/a>, <a href=\"https:\/\/www.territoriomudejar.es\/en\/category\/projects\/fieldwork-grants-2020\/\" rel=\"tag\">Fieldwork grants 2020<\/a><\/span>\n<span class=\"raven-post-meta-divider\">\/<\/span>\n<span class=\"raven-post-meta-item raven-post-tags\"><a href=\"https:\/\/www.territoriomudejar.es\/en\/tag\/call-for-proposals\/\" rel=\"tag\">call for proposals<\/a>, <a href=\"https:\/\/www.territoriomudejar.es\/en\/tag\/deadline-en-2\/\" rel=\"tag\">deadline<\/a>, <a href=\"https:\/\/www.territoriomudejar.es\/en\/tag\/deadline-en\/\" rel=\"tag\">deadline<\/a>, <a href=\"https:\/\/www.territoriomudejar.es\/en\/tag\/development\/\" rel=\"tag\">development<\/a>, <a href=\"https:\/\/www.territoriomudejar.es\/en\/tag\/fieldwork\/\" rel=\"tag\">fieldwork<\/a>, <a href=\"https:\/\/www.territoriomudejar.es\/en\/tag\/heritage\/\" rel=\"tag\">heritage<\/a>, <a href=\"https:\/\/www.territoriomudejar.es\/en\/tag\/projects\/\" rel=\"tag\">projects<\/a>, <a href=\"https:\/\/www.territoriomudejar.es\/en\/tag\/region\/\" rel=\"tag\">region<\/a>, <a href=\"https:\/\/www.territoriomudejar.es\/en\/tag\/research\/\" rel=\"tag\">research<\/a>, <a href=\"https:\/\/www.territoriomudejar.es\/en\/tag\/rural-en\/\" rel=\"tag\">rural<\/a>, <a href=\"https:\/\/www.territoriomudejar.es\/en\/tag\/towns\/\" rel=\"tag\">towns<\/a><\/span><\/div>\n\t\t<div class=\"raven-post-excerpt\">Territorio Mud\u00e9jar is extending the deadline for submitting proposals for the call for five research stays for the study and management of the heritage and natural resources of its villages<\/div>\t\t<div class=\"raven-post-read-more\">\n\t\t\t<a class=\"raven-post-button\" href=\"https:\/\/www.territoriomudejar.es\/en\/the-deadline-for-submitting-proposals-for-research-stays-extended-until-june-29\/\"><span class=\"raven-post-button-text\">Leer m\u00e1s<\/span><\/a>\n\t\t<\/div>\n\t\t\t\t\t\t<\/div>\n\t\t\t<\/div>\n\t\t<\/div>\n\t\t\t\t<div class=\"raven-grid-item raven-post-item post-4398 post type-post status-publish format-standard has-post-thumbnail hentry category-calls-for-proposals category-fieldwork-grants-2020 tag-call-for-proposals tag-development tag-heritage tag-projects tag-region tag-research tag-rural-en tag-towns\">\n\t\t\t<div class=\"raven-post\">\n\t\t\t\t\t\t<div class=\"raven-post-image-wrap\">\n\t\t\t<a class=\"raven-post-image raven-image-fit\" href=\"https:\/\/www.territoriomudejar.es\/en\/the-countdown-has-begun-on-the-second-call-for-proposals-to-the-territorio-mudejar-fieldwork-grants\/\"><img decoding=\"async\" width=\"300\" height=\"225\" data-src=\"https:\/\/www.territoriomudejar.es\/wp-content\/uploads\/2020\/05\/estancias-2020-3-300x225.jpg\" class=\"attachment-medium size-medium wp-image-4161 lazyload\" alt=\"\" data-srcset=\"https:\/\/www.territoriomudejar.es\/wp-content\/uploads\/2020\/05\/estancias-2020-3-300x225.jpg 300w, https:\/\/www.territoriomudejar.es\/wp-content\/uploads\/2020\/05\/estancias-2020-3-768x577.jpg 768w, https:\/\/www.territoriomudejar.es\/wp-content\/uploads\/2020\/05\/estancias-2020-3.jpg 1000w\" data-sizes=\"(max-width: 300px) 100vw, 300px\" src=\"data:image\/svg+xml;base64,PHN2ZyB3aWR0aD0iMSIgaGVpZ2h0PSIxIiB4bWxucz0iaHR0cDovL3d3dy53My5vcmcvMjAwMC9zdmciPjwvc3ZnPg==\" style=\"--smush-placeholder-width: 300px; --smush-placeholder-aspect-ratio: 300\/225;\" \/> <span class=\"raven-post-image-overlay\"><\/span><\/a>\t\t<\/div>\n\t\t\t\t\t\t<div class=\"raven-post-content\">\n\t\t\t\t\t<h3 class=\"raven-post-title\"><a class=\"raven-post-title-link\" href=\"https:\/\/www.territoriomudejar.es\/en\/the-countdown-has-begun-on-the-second-call-for-proposals-to-the-territorio-mudejar-fieldwork-grants\/\">Countdown to the second call for research stays in Territorio Mud\u00e9jar<\/a><\/h3>\t\t<div class=\"raven-post-meta\"><a class=\"raven-post-meta-item raven-post-date\" href=\"https:\/\/www.territoriomudejar.es\/en\/2021\/03\/\" rel=\"bookmark\">23 March, 2021<\/a>\n<span class=\"raven-post-meta-divider\">\/<\/span>\n<span class=\"raven-post-meta-item raven-post-categories\"><a href=\"https:\/\/www.territoriomudejar.es\/en\/category\/calls-for-proposals\/\" rel=\"tag\">Calls for proposals<\/a>, <a href=\"https:\/\/www.territoriomudejar.es\/en\/category\/projects\/fieldwork-grants-2020\/\" rel=\"tag\">Fieldwork grants 2020<\/a><\/span>\n<span class=\"raven-post-meta-divider\">\/<\/span>\n<span class=\"raven-post-meta-item raven-post-tags\"><a href=\"https:\/\/www.territoriomudejar.es\/en\/tag\/call-for-proposals\/\" rel=\"tag\">call for proposals<\/a>, <a href=\"https:\/\/www.territoriomudejar.es\/en\/tag\/development\/\" rel=\"tag\">development<\/a>, <a href=\"https:\/\/www.territoriomudejar.es\/en\/tag\/heritage\/\" rel=\"tag\">heritage<\/a>, <a href=\"https:\/\/www.territoriomudejar.es\/en\/tag\/projects\/\" rel=\"tag\">projects<\/a>, <a href=\"https:\/\/www.territoriomudejar.es\/en\/tag\/region\/\" rel=\"tag\">region<\/a>, <a href=\"https:\/\/www.territoriomudejar.es\/en\/tag\/research\/\" rel=\"tag\">research<\/a>, <a href=\"https:\/\/www.territoriomudejar.es\/en\/tag\/rural-en\/\" rel=\"tag\">rural<\/a>, <a href=\"https:\/\/www.territoriomudejar.es\/en\/tag\/towns\/\" rel=\"tag\">towns<\/a><\/span><\/div>\n\t\t<div class=\"raven-post-excerpt\">If you have an idea and a Mud\u00e9jar Territory place where to develop it, we are already offering you a preview of the 2nd call for the Gonzalo M. Borr\u00e1s<\/div>\t\t<div class=\"raven-post-read-more\">\n\t\t\t<a class=\"raven-post-button\" href=\"https:\/\/www.territoriomudejar.es\/en\/the-countdown-has-begun-on-the-second-call-for-proposals-to-the-territorio-mudejar-fieldwork-grants\/\"><span class=\"raven-post-button-text\">Leer m\u00e1s<\/span><\/a>\n\t\t<\/div>\n\t\t\t\t\t\t<\/div>\n\t\t\t<\/div>\n\t\t<\/div>\n\t\t\t\t<\/div>\n\t\t\t\t\t\t<\/div>\n\t\t\t\t<\/div>\n\t\t\t\t\t<\/div>\n\t\t<\/div>\n\t\t\t\t<div class=\"elementor-column elementor-col-50 elementor-top-column elementor-element elementor-element-6650144\" data-id=\"6650144\" data-element_type=\"column\" data-e-type=\"column\">\n\t\t\t<div class=\"elementor-widget-wrap elementor-element-populated\">\n\t\t\t\t\t\t<div class=\"elementor-element elementor-element-bca9180 elementor-widget elementor-widget-sidebar\" data-id=\"bca9180\" data-element_type=\"widget\" data-e-type=\"widget\" data-widget_type=\"sidebar.default\">\n\t\t\t\t<div class=\"elementor-widget-container\">\n\t\t\t\t\t<div id=\"search-3\" class=\"jupiterx-widget widget_search search-3 widget_search\" data-markup-id=\"jupiterx_widget_card[_jupiterx_custom_sidebar_1][_search][_search-3]\"><h3 class=\"card-title\" data-markup-id=\"jupiterx_widget_title[_jupiterx_custom_sidebar_1][_search][_search-3]\"><!-- open output: jupiterx_widget_title_text -->Search<!-- close output: jupiterx_widget_title_text --><\/h3><div class=\"jupiterx-widget-content\" data-markup-id=\"jupiterx_widget_content[_jupiterx_custom_sidebar_1][_search][_search-3]\"><!-- open output: jupiterx_widget_content[_jupiterx_custom_sidebar_1][_search][_search-3] --><form class=\"jupiterx-search-form form-inline\" method=\"get\" action=\"https:\/\/www.territoriomudejar.es\/en\/\" role=\"search\" data-markup-id=\"jupiterx_search_form\"><input type=\"hidden\" value=\"en\" name=\"lang\" data-markup-id=\"jupiterx_lang_search_input\"\/><input class=\"form-control\" type=\"search\" placeholder=\"Search\" value=\"\" name=\"s\" data-markup-id=\"jupiterx_search_form_input\"\/><button class=\"btn jupiterx-icon-search-1\" data-markup-id=\"jupiterx_search_form_input_button\"><\/button><\/form><!-- close output: jupiterx_widget_content[_jupiterx_custom_sidebar_1][_search][_search-3] --><\/div><\/div>\t\t\t\t<\/div>\n\t\t\t\t<\/div>\n\t\t\t\t<div class=\"elementor-element elementor-element-cbfb084 elementor-widget elementor-widget-text-editor\" data-id=\"cbfb084\" data-element_type=\"widget\" data-e-type=\"widget\" data-widget_type=\"text-editor.default\">\n\t\t\t\t<div class=\"elementor-widget-container\">\n\t\t\t\t\t\t\t\t\t<p>Categories<\/p>\n\t\t\t\t\t\t\t\t<\/div>\n\t\t\t\t<\/div>\n\t\t\t\t<div class=\"elementor-element elementor-element-56177cd elementor-widget elementor-widget-text-editor\" data-id=\"56177cd\" data-element_type=\"widget\" data-e-type=\"widget\" data-widget_type=\"text-editor.default\">\n\t\t\t\t<div class=\"elementor-widget-container\">\n\t\t\t\t\t\t\t\t\t<p><a href=\"https:\/\/www.territoriomudejar.es\/category\/calls-for-proposals\/?lang=en\">Call for proposals<\/a><\/p>\n<p><a href=\"https:\/\/www.territoriomudejar.es\/news\/?lang=en\">News<\/a><\/p>\n<p><a href=\"https:\/\/www.territoriomudejar.es\/media-presence\/?lang=en\">Media Presence<\/a><\/p>\n\t\t\t\t\t\t\t\t<\/div>\n\t\t\t\t<\/div>\n\t\t\t\t\t<\/div>\n\t\t<\/div>\n\t\t\t\t\t<\/div>\n\t\t<\/section>\n\t\t\t\t<\/div>\n\t\t","protected":false},"excerpt":{"rendered":"<p>Call for proposals TERRITORIO MUD\u00c9JAR El plazo de presentaci\u00f3n de propuestas para las estancias de investigaci\u00f3n, ampliado hasta el 29 de junio 17 junio, 2020 \/ Convocatorias, Estancias de investigaci\u00f3n \/ convocatoria, deadline, desarrollo, estancias, investigaci\u00f3n, patrimonio, plazo, proyectos, pueblos, rural, territorio Territorio Mud\u00e9jar ampl\u00eda el plazo de presentaci\u00f3n de propuestas a la convocatoria de [&hellip;]<\/p>\n","protected":false},"author":1,"featured_media":0,"parent":0,"menu_order":0,"comment_status":"closed","ping_status":"closed","template":"full-width.php","meta":{"_monsterinsights_skip_tracking":false,"_monsterinsights_sitenote_active":false,"_monsterinsights_sitenote_note":"","_monsterinsights_sitenote_category":0,"footnotes":""},"class_list":["post-4460","page","type-page","status-publish","hentry"],"acf":[],"_links":{"self":[{"href":"https:\/\/www.territoriomudejar.es\/en\/wp-json\/wp\/v2\/pages\/4460","targetHints":{"allow":["GET"]}}],"collection":[{"href":"https:\/\/www.territoriomudejar.es\/en\/wp-json\/wp\/v2\/pages"}],"about":[{"href":"https:\/\/www.territoriomudejar.es\/en\/wp-json\/wp\/v2\/types\/page"}],"author":[{"embeddable":true,"href":"https:\/\/www.territoriomudejar.es\/en\/wp-json\/wp\/v2\/users\/1"}],"replies":[{"embeddable":true,"href":"https:\/\/www.territoriomudejar.es\/en\/wp-json\/wp\/v2\/comments?post=4460"}],"version-history":[{"count":0,"href":"https:\/\/www.territoriomudejar.es\/en\/wp-json\/wp\/v2\/pages\/4460\/revisions"}],"wp:attachment":[{"href":"https:\/\/www.territoriomudejar.es\/en\/wp-json\/wp\/v2\/media?parent=4460"}],"curies":[{"name":"wp","href":"https:\/\/api.w.org\/{rel}","templated":true}]}}